{"id":9,"date":"2022-08-17T08:55:35","date_gmt":"2022-08-17T11:55:35","guid":{"rendered":"https:\/\/filhosdaterra.org\/?page_id=9"},"modified":"2025-11-27T17:53:45","modified_gmt":"2025-11-27T20:53:45","slug":"inicio","status":"publish","type":"page","link":"https:\/\/filhosdaterra.org\/en\/","title":{"rendered":"Home"},"content":{"rendered":"<div data-elementor-type=\"wp-page\" data-elementor-id=\"9\" class=\"elementor elementor-9\" data-elementor-post-type=\"page\">\n\t\t\t\t\t\t\t\t\t<section class=\"elementor-section elementor-top-section elementor-element elementor-element-305fba2f elementor-section-boxed elementor-section-height-default elementor-section-height-default\" data-id=\"305fba2f\" data-element_type=\"section\" data-settings=\"{&quot;background_background&quot;:&quot;classic&quot;,&quot;background_motion_fx_motion_fx_scrolling&quot;:&quot;yes&quot;,&quot;background_motion_fx_devices&quot;:[&quot;widescreen&quot;,&quot;desktop&quot;,&quot;laptop&quot;,&quot;tablet_extra&quot;,&quot;tablet&quot;,&quot;mobile_extra&quot;,&quot;mobile&quot;]}\">\n\t\t\t\t\t\t\t<div class=\"elementor-background-overlay\"><\/div>\n\t\t\t\t\t\t\t<div class=\"elementor-container elementor-column-gap-no\">\n\t\t\t\t\t<div class=\"elementor-column elementor-col-100 elementor-top-column elementor-element elementor-element-bea763c\" data-id=\"bea763c\" data-element_type=\"column\">\n\t\t\t<div class=\"elementor-widget-wrap elementor-element-populated\">\n\t\t\t\t\t\t\t\t<section class=\"elementor-section elementor-inner-section elementor-element elementor-element-689afb0 elementor-section-full_width elementor-section-content-top elementor-section-height-default elementor-section-height-default\" data-id=\"689afb0\" data-element_type=\"section\">\n\t\t\t\t\t\t<div class=\"elementor-container elementor-column-gap-no\">\n\t\t\t\t\t<div class=\"elementor-column elementor-col-33 elementor-inner-column elementor-element elementor-element-2bad831\" data-id=\"2bad831\" data-element_type=\"column\" data-settings=\"{&quot;background_background&quot;:&quot;classic&quot;}\">\n\t\t\t<div class=\"elementor-widget-wrap elementor-element-populated\">\n\t\t\t\t\t\t\t\t<div class=\"elementor-element elementor-element-625089b elementor-list-item-link-inline elementor-widget-mobile__width-inherit elementor-widget__width-inherit elementor-align-left elementor-laptop-align-left elementor-mobile-align-center elementor-widget-tablet__width-inherit elementor-tablet-align-center elementor-icon-list--layout-traditional elementor-widget elementor-widget-icon-list\" data-id=\"625089b\" data-element_type=\"widget\" data-widget_type=\"icon-list.default\">\n\t\t\t\t<div class=\"elementor-widget-container\">\n\t\t\t<link rel=\"stylesheet\" href=\"https:\/\/filhosdaterra.org\/wp-content\/uploads\/elementor\/css\/custom-widget-icon-list.min.css?ver=1776691859\">\t\t<ul class=\"elementor-icon-list-items\">\n\t\t\t\t\t\t\t<li class=\"elementor-icon-list-item\">\n\t\t\t\t\t\t\t\t\t\t<span class=\"elementor-icon-list-text\">Cadastre-se:<\/span>\n\t\t\t\t\t\t\t\t\t<\/li>\n\t\t\t\t\t\t<\/ul>\n\t\t\t\t<\/div>\n\t\t\t\t<\/div>\n\t\t\t\t<div class=\"elementor-element elementor-element-a186e53 elementor-widget__width-initial elementor-view-stacked elementor-laptop-position-top elementor-widget-tablet__width-auto elementor-widget-mobile__width-initial elementor-shape-circle elementor-position-top elementor-mobile-position-top elementor-invisible elementor-widget elementor-widget-icon-box\" data-id=\"a186e53\" data-element_type=\"widget\" data-settings=\"{&quot;_animation&quot;:&quot;fadeInUp&quot;}\" data-widget_type=\"icon-box.default\">\n\t\t\t\t<div class=\"elementor-widget-container\">\n\t\t\t<link rel=\"stylesheet\" href=\"https:\/\/filhosdaterra.org\/wp-content\/uploads\/elementor\/css\/custom-widget-icon-box.min.css?ver=1776691859\">\t\t<div class=\"elementor-icon-box-wrapper\">\n\t\t\t\t\t\t<div class=\"elementor-icon-box-icon\">\n\t\t\t\t<a href=\"https:\/\/filhosdaterra.org\/en\/cadastro-professores-e-instituicoes\/\" class=\"elementor-icon elementor-animation-grow\" tabindex=\"-1\">\n\t\t\t\t<i aria-hidden=\"true\" class=\"fas fa-list-ul\"><\/i>\t\t\t\t<\/a>\n\t\t\t<\/div>\n\t\t\t\t\t\t<div class=\"elementor-icon-box-content\">\n\t\t\t\t<h6 class=\"elementor-icon-box-title\">\n\t\t\t\t\t<a href=\"https:\/\/filhosdaterra.org\/en\/cadastro-professores-e-instituicoes\/\" >\n\t\t\t\t\t\tProfessores e institui\u00e7\u00f5es\t\t\t\t\t<\/a>\n\t\t\t\t<\/h6>\n\t\t\t\t\t\t\t<\/div>\n\t\t<\/div>\n\t\t\t\t<\/div>\n\t\t\t\t<\/div>\n\t\t\t\t<div class=\"elementor-element elementor-element-139054a elementor-widget__width-initial elementor-view-stacked elementor-laptop-position-top elementor-widget-tablet__width-auto elementor-widget-mobile__width-initial elementor-shape-circle elementor-position-top elementor-mobile-position-top elementor-invisible elementor-widget elementor-widget-icon-box\" data-id=\"139054a\" data-element_type=\"widget\" data-settings=\"{&quot;_animation&quot;:&quot;fadeInUp&quot;}\" data-widget_type=\"icon-box.default\">\n\t\t\t\t<div class=\"elementor-widget-container\">\n\t\t\t\t\t<div class=\"elementor-icon-box-wrapper\">\n\t\t\t\t\t\t<div class=\"elementor-icon-box-icon\">\n\t\t\t\t<a href=\"https:\/\/filhosdaterra.org\/en\/cadastro-estudantes-e-pesquisadores\/\" class=\"elementor-icon elementor-animation-grow\" tabindex=\"-1\">\n\t\t\t\t<i aria-hidden=\"true\" class=\"fas fa-list-ul\"><\/i>\t\t\t\t<\/a>\n\t\t\t<\/div>\n\t\t\t\t\t\t<div class=\"elementor-icon-box-content\">\n\t\t\t\t<h6 class=\"elementor-icon-box-title\">\n\t\t\t\t\t<a href=\"https:\/\/filhosdaterra.org\/en\/cadastro-estudantes-e-pesquisadores\/\" >\n\t\t\t\t\t\tEstudantes e pesquisadores\t\t\t\t\t<\/a>\n\t\t\t\t<\/h6>\n\t\t\t\t\t\t\t<\/div>\n\t\t<\/div>\n\t\t\t\t<\/div>\n\t\t\t\t<\/div>\n\t\t\t\t<div class=\"elementor-element elementor-element-2bf08ac elementor-widget__width-initial elementor-view-stacked elementor-laptop-position-top elementor-widget-tablet__width-initial elementor-widget-mobile__width-initial elementor-widget-mobile_extra__width-initial elementor-shape-circle elementor-position-top elementor-mobile-position-top elementor-invisible elementor-widget elementor-widget-icon-box\" data-id=\"2bf08ac\" data-element_type=\"widget\" data-settings=\"{&quot;_animation&quot;:&quot;fadeInUp&quot;}\" data-widget_type=\"icon-box.default\">\n\t\t\t\t<div class=\"elementor-widget-container\">\n\t\t\t\t\t<div class=\"elementor-icon-box-wrapper\">\n\t\t\t\t\t\t<div class=\"elementor-icon-box-icon\">\n\t\t\t\t<a href=\"https:\/\/filhosdaterra.org\/en\/cadastro-grupos-culturais\/\" class=\"elementor-icon elementor-animation-grow\" tabindex=\"-1\">\n\t\t\t\t<i aria-hidden=\"true\" class=\"fas fa-list-ul\"><\/i>\t\t\t\t<\/a>\n\t\t\t<\/div>\n\t\t\t\t\t\t<div class=\"elementor-icon-box-content\">\n\t\t\t\t<h6 class=\"elementor-icon-box-title\">\n\t\t\t\t\t<a href=\"https:\/\/filhosdaterra.org\/en\/cadastro-grupos-culturais\/\" >\n\t\t\t\t\t\tGrupos Culturais\t\t\t\t\t<\/a>\n\t\t\t\t<\/h6>\n\t\t\t\t\t\t\t<\/div>\n\t\t<\/div>\n\t\t\t\t<\/div>\n\t\t\t\t<\/div>\n\t\t\t\t<div class=\"elementor-element elementor-element-5e512d8 elementor-widget__width-initial elementor-view-stacked elementor-laptop-position-top elementor-widget-tablet__width-initial elementor-widget-mobile__width-initial elementor-widget-mobile_extra__width-initial elementor-shape-circle elementor-position-top elementor-mobile-position-top elementor-invisible elementor-widget elementor-widget-icon-box\" data-id=\"5e512d8\" data-element_type=\"widget\" data-settings=\"{&quot;_animation&quot;:&quot;fadeInUp&quot;}\" data-widget_type=\"icon-box.default\">\n\t\t\t\t<div class=\"elementor-widget-container\">\n\t\t\t\t\t<div class=\"elementor-icon-box-wrapper\">\n\t\t\t\t\t\t<div class=\"elementor-icon-box-icon\">\n\t\t\t\t<a href=\"https:\/\/filhosdaterra.org\/en\/jogador-beta\/\" class=\"elementor-icon elementor-animation-grow\" tabindex=\"-1\">\n\t\t\t\t<i aria-hidden=\"true\" class=\"fas fa-list-ul\"><\/i>\t\t\t\t<\/a>\n\t\t\t<\/div>\n\t\t\t\t\t\t<div class=\"elementor-icon-box-content\">\n\t\t\t\t<h6 class=\"elementor-icon-box-title\">\n\t\t\t\t\t<a href=\"https:\/\/filhosdaterra.org\/en\/jogador-beta\/\" >\n\t\t\t\t\t\tJogador Beta\t\t\t\t\t<\/a>\n\t\t\t\t<\/h6>\n\t\t\t\t\t\t\t<\/div>\n\t\t<\/div>\n\t\t\t\t<\/div>\n\t\t\t\t<\/div>\n\t\t\t\t\t<\/div>\n\t\t<\/div>\n\t\t\t\t<div class=\"elementor-column elementor-col-33 elementor-inner-column elementor-element elementor-element-bd53b70\" data-id=\"bd53b70\" data-element_type=\"column\" data-settings=\"{&quot;background_background&quot;:&quot;slideshow&quot;,&quot;background_slideshow_gallery&quot;:[],&quot;background_slideshow_loop&quot;:&quot;yes&quot;,&quot;background_slideshow_slide_duration&quot;:5000,&quot;background_slideshow_slide_transition&quot;:&quot;fade&quot;,&quot;background_slideshow_transition_duration&quot;:500}\">\n\t\t\t<div class=\"elementor-widget-wrap elementor-element-populated\">\n\t\t\t\t\t\t\t\t<div class=\"elementor-element elementor-element-ceb20ac elementor-widget__width-inherit elementor-widget-tablet__width-inherit elementor-widget elementor-widget-image-carousel\" data-id=\"ceb20ac\" data-element_type=\"widget\" data-settings=\"{&quot;slides_to_show&quot;:&quot;1&quot;,&quot;navigation&quot;:&quot;none&quot;,&quot;effect&quot;:&quot;fade&quot;,&quot;autoplay&quot;:&quot;yes&quot;,&quot;pause_on_hover&quot;:&quot;yes&quot;,&quot;pause_on_interaction&quot;:&quot;yes&quot;,&quot;autoplay_speed&quot;:5000,&quot;infinite&quot;:&quot;yes&quot;,&quot;speed&quot;:500}\" data-widget_type=\"image-carousel.default\">\n\t\t\t\t<div class=\"elementor-widget-container\">\n\t\t\t<style>\/*! elementor - v3.16.0 - 17-10-2023 *\/\n.elementor-widget-image-carousel .swiper,.elementor-widget-image-carousel .swiper-container{position:static}.elementor-widget-image-carousel .swiper-container .swiper-slide figure,.elementor-widget-image-carousel .swiper .swiper-slide figure{line-height:inherit}.elementor-widget-image-carousel .swiper-slide{text-align:center}.elementor-image-carousel-wrapper:not(.swiper-container-initialized):not(.swiper-initialized) .swiper-slide{max-width:calc(100% \/ var(--e-image-carousel-slides-to-show, 3))}<\/style>\t\t<div class=\"elementor-image-carousel-wrapper swiper-container\" dir=\"ltr\">\n\t\t\t<div class=\"elementor-image-carousel swiper-wrapper swiper-image-stretch\" aria-live=\"off\">\n\t\t\t\t\t\t\t\t<div class=\"swiper-slide\" role=\"group\" aria-roledescription=\"slide\" aria-label=\"1 of 14\"><figure class=\"swiper-slide-inner\"><img decoding=\"async\" class=\"swiper-slide-image\" src=\"https:\/\/filhosdaterra.org\/wp-content\/uploads\/2023\/11\/0a792b_2b1ea3a8f3af4969a4bbf8bf4e2a6e55-mv2.jpg\" alt=\"Uma m\u00e3e de santo com seu vestido tradicional vermelho sentada na praia durante a Festa de Yemanj\u00e1, Ilha Itaparica - BA\" \/><\/figure><\/div><div class=\"swiper-slide\" role=\"group\" aria-roledescription=\"slide\" aria-label=\"2 of 14\"><figure class=\"swiper-slide-inner\"><img decoding=\"async\" class=\"swiper-slide-image\" src=\"https:\/\/filhosdaterra.org\/wp-content\/uploads\/2023\/11\/0a792b_2c61dc5cc28c42acad511663ad791e9f-mv2.jpg\" alt=\"Rainha da Festa de Nossa Senhora do Ros\u00e1rio durante Congada, Catal\u00e3o - GO\" \/><\/figure><\/div><div class=\"swiper-slide\" role=\"group\" aria-roledescription=\"slide\" aria-label=\"3 of 14\"><figure class=\"swiper-slide-inner\"><img decoding=\"async\" class=\"swiper-slide-image\" src=\"https:\/\/filhosdaterra.org\/wp-content\/uploads\/2023\/11\/0a792b_3c7d45507e0a4cdd84144ad351056cd5-mv2.jpg\" alt=\"Pai e filha vestidos com as roupas tradicionais seguem de barco para participarem dos festejos da Marujada, Bragan\u00e7a - PA\" \/><\/figure><\/div><div class=\"swiper-slide\" role=\"group\" aria-roledescription=\"slide\" aria-label=\"4 of 14\"><figure class=\"swiper-slide-inner\"><img decoding=\"async\" class=\"swiper-slide-image\" src=\"https:\/\/filhosdaterra.org\/wp-content\/uploads\/2023\/11\/0a792b_03e735af1081499f84caf762ac37b773-mv2.jpg\" alt=\"Menina com seu chap\u00e9u de \u00edndia a caminho dos festejos do Maracatu Rural, Nazar\u00e9 da Mata - PE\" \/><\/figure><\/div><div class=\"swiper-slide\" role=\"group\" aria-roledescription=\"slide\" aria-label=\"5 of 14\"><figure class=\"swiper-slide-inner\"><img decoding=\"async\" class=\"swiper-slide-image\" src=\"https:\/\/filhosdaterra.org\/wp-content\/uploads\/2023\/11\/0a792b_4f1a6bb88be04853a6905497e891fbbb-mv2.jpg\" alt=\"Home com seu chapeu tradicional durante os festejos da Semana Farroupila, Alegrete - RS\" \/><\/figure><\/div><div class=\"swiper-slide\" role=\"group\" aria-roledescription=\"slide\" aria-label=\"6 of 14\"><figure class=\"swiper-slide-inner\"><img decoding=\"async\" class=\"swiper-slide-image\" src=\"https:\/\/filhosdaterra.org\/wp-content\/uploads\/2023\/11\/0a792b_5cbe3acb3c44460bb6fc9df0f4436a8f-mv2.jpg\" alt=\"Crian\u00e7as com roupas tradicionais brincam durante a Marujada, Bragan\u00e7a - PA\" \/><\/figure><\/div><div class=\"swiper-slide\" role=\"group\" aria-roledescription=\"slide\" aria-label=\"7 of 14\"><figure class=\"swiper-slide-inner\"><img decoding=\"async\" class=\"swiper-slide-image\" src=\"https:\/\/filhosdaterra.org\/wp-content\/uploads\/2023\/11\/0a792b_7bc92c2f12e744b591782a848abcb6e4-mv2.jpg\" alt=\"Mulher com suas roupas tradicionais durante os festejos do Maracatu Rural, Nazar\u00e9 da Mata - PE\" \/><\/figure><\/div><div class=\"swiper-slide\" role=\"group\" aria-roledescription=\"slide\" aria-label=\"8 of 14\"><figure class=\"swiper-slide-inner\"><img decoding=\"async\" class=\"swiper-slide-image\" src=\"https:\/\/filhosdaterra.org\/wp-content\/uploads\/2023\/11\/0a792b_8d8156c223a942429d768f47c4375249-mv2.jpg\" alt=\"Mulheres com seus chap\u00e9us tradicionais dan\u00e7am durante a Marujada, Bragan\u00e7a - PA\" \/><\/figure><\/div><div class=\"swiper-slide\" role=\"group\" aria-roledescription=\"slide\" aria-label=\"9 of 14\"><figure class=\"swiper-slide-inner\"><img decoding=\"async\" class=\"swiper-slide-image\" src=\"https:\/\/filhosdaterra.org\/wp-content\/uploads\/2023\/11\/0a792b_9d1d601a53754e048d4e4b628af5a7f6-mv2.jpg\" alt=\"Menina descan\u00e7a sobre sua saia de baiana durante os festejos do Maracatu Rural, Nazar\u00e9 da Mata - PE\" \/><\/figure><\/div><div class=\"swiper-slide\" role=\"group\" aria-roledescription=\"slide\" aria-label=\"10 of 14\"><figure class=\"swiper-slide-inner\"><img decoding=\"async\" class=\"swiper-slide-image\" src=\"https:\/\/filhosdaterra.org\/wp-content\/uploads\/2023\/11\/0a792b_46f2eec52c024de1b225b4e805cd4af4-mv2.jpg\" alt=\"Menina carrega em sua cabe\u00e7a uma oferenda para Yemanj\u00e1, durante as celebra\u00e7\u00f5es da Festa de Yemanj\u00e1, Ilha Itaparica - BA\" \/><\/figure><\/div><div class=\"swiper-slide\" role=\"group\" aria-roledescription=\"slide\" aria-label=\"11 of 14\"><figure class=\"swiper-slide-inner\"><img decoding=\"async\" class=\"swiper-slide-image\" src=\"https:\/\/filhosdaterra.org\/wp-content\/uploads\/2023\/11\/0a792b_597bac17db064358a25bc5512d6f4c12-mv2.jpg\" alt=\"Homem com seu chap\u00e9u tradicional fuma durante as celebra\u00e7\u00f5es da Semana Farroupilha, Alegrete - RS\" \/><\/figure><\/div><div class=\"swiper-slide\" role=\"group\" aria-roledescription=\"slide\" aria-label=\"12 of 14\"><figure class=\"swiper-slide-inner\"><img decoding=\"async\" class=\"swiper-slide-image\" src=\"https:\/\/filhosdaterra.org\/wp-content\/uploads\/2023\/11\/0a792b_a99405d9a6b34e0dbe15dfd5ccda4885-mv2.jpg\" alt=\"Congada, Catal\u00e3o - GO\" \/><\/figure><\/div><div class=\"swiper-slide\" role=\"group\" aria-roledescription=\"slide\" aria-label=\"13 of 14\"><figure class=\"swiper-slide-inner\"><img decoding=\"async\" class=\"swiper-slide-image\" src=\"https:\/\/filhosdaterra.org\/wp-content\/uploads\/2023\/11\/0a792b_ae9b548c28704fcdbb42138d7e45aa00-mv2.jpg\" alt=\"Vaqueiros cavalgam ao por do sol durante a Vaquejada, Serrita - PE\" \/><\/figure><\/div><div class=\"swiper-slide\" role=\"group\" aria-roledescription=\"slide\" aria-label=\"14 of 14\"><figure class=\"swiper-slide-inner\"><img decoding=\"async\" class=\"swiper-slide-image\" src=\"https:\/\/filhosdaterra.org\/wp-content\/uploads\/2023\/11\/0a792b_b9133a11afaf41449f07f8f63ae3e7cc-mv2.jpg\" alt=\"Mulher com seu chap\u00e9u tradicional durante os festejos do Maracatu, Nazar\u00e9 da Mata - PE\" \/><\/figure><\/div>\t\t\t<\/div>\n\t\t\t\t\t\t\t\n\t\t\t\t\t\t\t\t\t<\/div>\n\t\t\t\t<\/div>\n\t\t\t\t<\/div>\n\t\t\t\t\t<\/div>\n\t\t<\/div>\n\t\t\t\t<div class=\"elementor-column elementor-col-33 elementor-inner-column elementor-element elementor-element-b1e0c58\" data-id=\"b1e0c58\" data-element_type=\"column\">\n\t\t\t<div class=\"elementor-widget-wrap elementor-element-populated\">\n\t\t\t\t\t\t\t\t<div class=\"elementor-element elementor-element-83a8ec0 elementor-invisible elementor-widget elementor-widget-heading\" data-id=\"83a8ec0\" data-element_type=\"widget\" data-settings=\"{&quot;_animation&quot;:&quot;fadeInUp&quot;}\" data-widget_type=\"heading.default\">\n\t\t\t\t<div class=\"elementor-widget-container\">\n\t\t\t<style>\/*! elementor - v3.16.0 - 17-10-2023 *\/\n.elementor-heading-title{padding:0;margin:0;line-height:1}.elementor-widget-heading .elementor-heading-title[class*=elementor-size-]>a{color:inherit;font-size:inherit;line-height:inherit}.elementor-widget-heading .elementor-heading-title.elementor-size-small{font-size:15px}.elementor-widget-heading .elementor-heading-title.elementor-size-medium{font-size:19px}.elementor-widget-heading .elementor-heading-title.elementor-size-large{font-size:29px}.elementor-widget-heading .elementor-heading-title.elementor-size-xl{font-size:39px}.elementor-widget-heading .elementor-heading-title.elementor-size-xxl{font-size:59px}<\/style><h1 class=\"elementor-heading-title elementor-size-default\"><span>Um olhar sobre a diversidade cultural brasileira<\/span><\/h1>\t\t<\/div>\n\t\t\t\t<\/div>\n\t\t\t\t<div class=\"elementor-element elementor-element-b3bd7ba elementor-invisible elementor-widget elementor-widget-text-editor\" data-id=\"b3bd7ba\" data-element_type=\"widget\" data-settings=\"{&quot;_animation&quot;:&quot;fadeInUp&quot;}\" data-widget_type=\"text-editor.default\">\n\t\t\t\t<div class=\"elementor-widget-container\">\n\t\t\t<style>\/*! elementor - v3.16.0 - 17-10-2023 *\/\n.elementor-widget-text-editor.elementor-drop-cap-view-stacked .elementor-drop-cap{background-color:#69727d;color:#fff}.elementor-widget-text-editor.elementor-drop-cap-view-framed .elementor-drop-cap{color:#69727d;border:3px solid;background-color:transparent}.elementor-widget-text-editor:not(.elementor-drop-cap-view-default) .elementor-drop-cap{margin-top:8px}.elementor-widget-text-editor:not(.elementor-drop-cap-view-default) .elementor-drop-cap-letter{width:1em;height:1em}.elementor-widget-text-editor .elementor-drop-cap{float:left;text-align:center;line-height:1;font-size:50px}.elementor-widget-text-editor .elementor-drop-cap-letter{display:inline-block}<\/style>\t\t\t\t<p>Fotografia Documental<\/p>\t\t\t\t\t\t<\/div>\n\t\t\t\t<\/div>\n\t\t\t\t\t<\/div>\n\t\t<\/div>\n\t\t\t\t\t\t\t<\/div>\n\t\t<\/section>\n\t\t\t\t<section class=\"elementor-section elementor-inner-section elementor-element elementor-element-f9934f8 elementor-section-full_width elementor-section-content-top elementor-hidden-widescreen elementor-hidden-desktop elementor-hidden-laptop elementor-hidden-tablet_extra elementor-hidden-tablet elementor-hidden-mobile_extra elementor-hidden-mobile elementor-section-height-default elementor-section-height-default\" data-id=\"f9934f8\" data-element_type=\"section\">\n\t\t\t\t\t\t<div class=\"elementor-container elementor-column-gap-no\">\n\t\t\t\t\t<div class=\"elementor-column elementor-col-33 elementor-inner-column elementor-element elementor-element-37bc280\" data-id=\"37bc280\" data-element_type=\"column\">\n\t\t\t<div class=\"elementor-widget-wrap elementor-element-populated\">\n\t\t\t\t\t\t\t\t<div class=\"elementor-element elementor-element-25ea29d elementor-widget__width-initial elementor-absolute elementor-view-stacked elementor-shape-square elementor-tablet-position-top elementor-hidden-mobile elementor-position-top elementor-mobile-position-top elementor-invisible elementor-widget elementor-widget-icon-box\" data-id=\"25ea29d\" data-element_type=\"widget\" data-settings=\"{&quot;_position&quot;:&quot;absolute&quot;,&quot;_animation&quot;:&quot;fadeInUp&quot;}\" data-widget_type=\"icon-box.default\">\n\t\t\t\t<div class=\"elementor-widget-container\">\n\t\t\t\t\t<div class=\"elementor-icon-box-wrapper\">\n\t\t\t\t\t\t<div class=\"elementor-icon-box-icon\">\n\t\t\t\t<a href=\"https:\/\/filhosdaterra.org\/en\/rotas-culturais\/\" class=\"elementor-icon elementor-animation-grow\" tabindex=\"-1\">\n\t\t\t\t<i aria-hidden=\"true\" class=\"far fa-map\"><\/i>\t\t\t\t<\/a>\n\t\t\t<\/div>\n\t\t\t\t\t\t<div class=\"elementor-icon-box-content\">\n\t\t\t\t<h6 class=\"elementor-icon-box-title\">\n\t\t\t\t\t<a href=\"https:\/\/filhosdaterra.org\/en\/rotas-culturais\/\" >\n\t\t\t\t\t\tCultural Routes\t\t\t\t\t<\/a>\n\t\t\t\t<\/h6>\n\t\t\t\t\t\t\t<\/div>\n\t\t<\/div>\n\t\t\t\t<\/div>\n\t\t\t\t<\/div>\n\t\t\t\t\t<\/div>\n\t\t<\/div>\n\t\t\t\t<div class=\"elementor-column elementor-col-33 elementor-inner-column elementor-element elementor-element-7861fed\" data-id=\"7861fed\" data-element_type=\"column\" data-settings=\"{&quot;background_background&quot;:&quot;slideshow&quot;,&quot;background_slideshow_gallery&quot;:[],&quot;background_slideshow_loop&quot;:&quot;yes&quot;,&quot;background_slideshow_slide_duration&quot;:5000,&quot;background_slideshow_slide_transition&quot;:&quot;fade&quot;,&quot;background_slideshow_transition_duration&quot;:500}\">\n\t\t\t<div class=\"elementor-widget-wrap elementor-element-populated\">\n\t\t\t\t\t\t\t\t<div class=\"elementor-element elementor-element-e81a6f6 elementor-widget__width-inherit elementor-widget elementor-widget-image-carousel\" data-id=\"e81a6f6\" data-element_type=\"widget\" data-settings=\"{&quot;slides_to_show&quot;:&quot;1&quot;,&quot;navigation&quot;:&quot;none&quot;,&quot;effect&quot;:&quot;fade&quot;,&quot;autoplay&quot;:&quot;yes&quot;,&quot;pause_on_hover&quot;:&quot;yes&quot;,&quot;pause_on_interaction&quot;:&quot;yes&quot;,&quot;autoplay_speed&quot;:5000,&quot;infinite&quot;:&quot;yes&quot;,&quot;speed&quot;:500}\" data-widget_type=\"image-carousel.default\">\n\t\t\t\t<div class=\"elementor-widget-container\">\n\t\t\t\t\t<div class=\"elementor-image-carousel-wrapper swiper-container\" dir=\"ltr\">\n\t\t\t<div class=\"elementor-image-carousel swiper-wrapper swiper-image-stretch\" aria-live=\"off\">\n\t\t\t\t\t\t\t\t<div class=\"swiper-slide\" role=\"group\" aria-roledescription=\"slide\" aria-label=\"1 of 5\"><figure class=\"swiper-slide-inner\"><img decoding=\"async\" class=\"swiper-slide-image\" src=\"https:\/\/filhosdaterra.org\/wp-content\/uploads\/2022\/12\/6.jpg\" alt=\"6\" \/><\/figure><\/div><div class=\"swiper-slide\" role=\"group\" aria-roledescription=\"slide\" aria-label=\"2 of 5\"><figure class=\"swiper-slide-inner\"><img decoding=\"async\" class=\"swiper-slide-image\" src=\"https:\/\/filhosdaterra.org\/wp-content\/uploads\/2022\/12\/8.jpg\" alt=\"8\" \/><\/figure><\/div><div class=\"swiper-slide\" role=\"group\" aria-roledescription=\"slide\" aria-label=\"3 of 5\"><figure class=\"swiper-slide-inner\"><img decoding=\"async\" class=\"swiper-slide-image\" src=\"https:\/\/filhosdaterra.org\/wp-content\/uploads\/2022\/12\/10.jpg\" alt=\"10\" \/><\/figure><\/div><div class=\"swiper-slide\" role=\"group\" aria-roledescription=\"slide\" aria-label=\"4 of 5\"><figure class=\"swiper-slide-inner\"><img decoding=\"async\" class=\"swiper-slide-image\" src=\"https:\/\/filhosdaterra.org\/wp-content\/uploads\/2022\/12\/5.jpg\" alt=\"5\" \/><\/figure><\/div><div class=\"swiper-slide\" role=\"group\" aria-roledescription=\"slide\" aria-label=\"5 of 5\"><figure class=\"swiper-slide-inner\"><img decoding=\"async\" class=\"swiper-slide-image\" src=\"https:\/\/filhosdaterra.org\/wp-content\/uploads\/2022\/12\/9.jpg\" alt=\"9\" \/><\/figure><\/div>\t\t\t<\/div>\n\t\t\t\t\t\t\t\n\t\t\t\t\t\t\t\t\t<\/div>\n\t\t\t\t<\/div>\n\t\t\t\t<\/div>\n\t\t\t\t\t<\/div>\n\t\t<\/div>\n\t\t\t\t<div class=\"elementor-column elementor-col-33 elementor-inner-column elementor-element elementor-element-e7cf1ae\" data-id=\"e7cf1ae\" data-element_type=\"column\">\n\t\t\t<div class=\"elementor-widget-wrap elementor-element-populated\">\n\t\t\t\t\t\t\t\t<div class=\"elementor-element elementor-element-98dd912 elementor-invisible elementor-widget elementor-widget-heading\" data-id=\"98dd912\" data-element_type=\"widget\" data-settings=\"{&quot;_animation&quot;:&quot;fadeInUp&quot;}\" data-widget_type=\"heading.default\">\n\t\t\t\t<div class=\"elementor-widget-container\">\n\t\t\t<h1 class=\"elementor-heading-title elementor-size-default\"><span>Um olhar sobre <br \/>a diversidade cultural brasileira<\/span><\/h1>\t\t<\/div>\n\t\t\t\t<\/div>\n\t\t\t\t<div class=\"elementor-element elementor-element-8f343de elementor-invisible elementor-widget elementor-widget-text-editor\" data-id=\"8f343de\" data-element_type=\"widget\" data-settings=\"{&quot;_animation&quot;:&quot;fadeInUp&quot;}\" data-widget_type=\"text-editor.default\">\n\t\t\t\t<div class=\"elementor-widget-container\">\n\t\t\t\t\t\t\t<p>Fotografia Documental<\/p>\t\t\t\t\t\t<\/div>\n\t\t\t\t<\/div>\n\t\t\t\t\t<\/div>\n\t\t<\/div>\n\t\t\t\t\t\t\t<\/div>\n\t\t<\/section>\n\t\t\t\t\t<\/div>\n\t\t<\/div>\n\t\t\t\t\t\t\t<\/div>\n\t\t<\/section>\n\t\t\t\t<section class=\"elementor-section elementor-top-section elementor-element elementor-element-781b2cb elementor-section-boxed elementor-section-height-default elementor-section-height-default\" data-id=\"781b2cb\" data-element_type=\"section\" data-settings=\"{&quot;background_background&quot;:&quot;classic&quot;}\">\n\t\t\t\t\t\t<div class=\"elementor-container elementor-column-gap-no\">\n\t\t\t\t\t<div class=\"elementor-column elementor-col-33 elementor-top-column elementor-element elementor-element-a8ff47d\" data-id=\"a8ff47d\" data-element_type=\"column\">\n\t\t\t<div class=\"elementor-widget-wrap elementor-element-populated\">\n\t\t\t\t\t\t\t\t<section class=\"elementor-section elementor-inner-section elementor-element elementor-element-ed41f15 elementor-section-boxed elementor-section-height-default elementor-section-height-default\" data-id=\"ed41f15\" data-element_type=\"section\">\n\t\t\t\t\t\t<div class=\"elementor-container elementor-column-gap-default\">\n\t\t\t\t\t<div class=\"elementor-column elementor-col-100 elementor-inner-column elementor-element elementor-element-9fff689\" data-id=\"9fff689\" data-element_type=\"column\">\n\t\t\t<div class=\"elementor-widget-wrap elementor-element-populated\">\n\t\t\t\t\t\t\t\t<div class=\"elementor-element elementor-element-742b98f elementor-widget__width-auto elementor-widget-mobile__width-inherit elementor-widget elementor-widget-image\" data-id=\"742b98f\" data-element_type=\"widget\" data-widget_type=\"image.default\">\n\t\t\t\t<div class=\"elementor-widget-container\">\n\t\t\t<style>\/*! elementor - v3.16.0 - 17-10-2023 *\/\n.elementor-widget-image{text-align:center}.elementor-widget-image a{display:inline-block}.elementor-widget-image a img[src$=\".svg\"]{width:48px}.elementor-widget-image img{vertical-align:middle;display:inline-block}<\/style>\t\t\t\t\t\t\t\t\t\t\t\t\t<a href=\"http:\/\/portal.iphan.gov.br\/noticias\/detalhes\/5161\/premio-rodrigo-projetos-selecionados-na-etapa-estadual-seguem-para-disputa-nacional\" target=\"_blank\">\n\t\t\t\t\t\t\t<img decoding=\"async\" loading=\"lazy\" width=\"89\" height=\"76\" src=\"https:\/\/filhosdaterra.org\/wp-content\/uploads\/2022\/08\/selo.webp\" class=\"attachment-large size-large wp-image-174\" alt=\"Selo do Pr\u00eamio Rodrigo Melo Franco de 2022. Imagem com v\u00e1rios tra\u00e7os que formam rostos de povos do Brasil.\" \/>\t\t\t\t\t\t\t\t<\/a>\n\t\t\t\t\t\t\t\t\t\t\t\t\t\t\t<\/div>\n\t\t\t\t<\/div>\n\t\t\t\t<div class=\"elementor-element elementor-element-5642472 elementor-list-item-link-inline elementor-widget-mobile__width-inherit elementor-widget__width-inherit elementor-mobile-align-center elementor-icon-list--layout-traditional elementor-widget elementor-widget-icon-list\" data-id=\"5642472\" data-element_type=\"widget\" data-widget_type=\"icon-list.default\">\n\t\t\t\t<div class=\"elementor-widget-container\">\n\t\t\t\t\t<ul class=\"elementor-icon-list-items\">\n\t\t\t\t\t\t\t<li class=\"elementor-icon-list-item\">\n\t\t\t\t\t\t\t\t\t\t\t<a href=\"http:\/\/portal.iphan.gov.br\/noticias\/detalhes\/5161\/premio-rodrigo-projetos-selecionados-na-etapa-estadual-seguem-para-disputa-nacional\" target=\"_blank\">\n\n\t\t\t\t\t\t\t\t\t\t\t<span class=\"elementor-icon-list-text\">Projeto Finalista <\/span>\n\t\t\t\t\t\t\t\t\t\t\t<\/a>\n\t\t\t\t\t\t\t\t\t<\/li>\n\t\t\t\t\t\t<\/ul>\n\t\t\t\t<\/div>\n\t\t\t\t<\/div>\n\t\t\t\t<div class=\"elementor-element elementor-element-c66a11c elementor-list-item-link-inline elementor-widget-mobile__width-initial elementor-widget__width-inherit elementor-mobile-align-center elementor-icon-list--layout-traditional elementor-widget elementor-widget-icon-list\" data-id=\"c66a11c\" data-element_type=\"widget\" data-widget_type=\"icon-list.default\">\n\t\t\t\t<div class=\"elementor-widget-container\">\n\t\t\t\t\t<ul class=\"elementor-icon-list-items\">\n\t\t\t\t\t\t\t<li class=\"elementor-icon-list-item\">\n\t\t\t\t\t\t\t\t\t\t\t<a href=\"http:\/\/portal.iphan.gov.br\/noticias\/detalhes\/5161\/premio-rodrigo-projetos-selecionados-na-etapa-estadual-seguem-para-disputa-nacional\" target=\"_blank\">\n\n\t\t\t\t\t\t\t\t\t\t\t<span class=\"elementor-icon-list-text\"><span>PR\u00caMIO<\/span> RODRIGO MELO FRANCO<\/span>\n\t\t\t\t\t\t\t\t\t\t\t<\/a>\n\t\t\t\t\t\t\t\t\t<\/li>\n\t\t\t\t\t\t<\/ul>\n\t\t\t\t<\/div>\n\t\t\t\t<\/div>\n\t\t\t\t<div class=\"elementor-element elementor-element-04f4072 elementor-widget-mobile__width-inherit elementor-widget__width-inherit elementor-mobile-align-center elementor-icon-list--layout-traditional elementor-list-item-link-full_width elementor-widget elementor-widget-icon-list\" data-id=\"04f4072\" data-element_type=\"widget\" data-widget_type=\"icon-list.default\">\n\t\t\t\t<div class=\"elementor-widget-container\">\n\t\t\t\t\t<ul class=\"elementor-icon-list-items\">\n\t\t\t\t\t\t\t<li class=\"elementor-icon-list-item\">\n\t\t\t\t\t\t\t\t\t\t\t<a href=\"http:\/\/portal.iphan.gov.br\/noticias\/detalhes\/5161\/premio-rodrigo-projetos-selecionados-na-etapa-estadual-seguem-para-disputa-nacional\" target=\"_blank\">\n\n\t\t\t\t\t\t\t\t\t\t\t<span class=\"elementor-icon-list-text\">IPHAN - 2019<\/span>\n\t\t\t\t\t\t\t\t\t\t\t<\/a>\n\t\t\t\t\t\t\t\t\t<\/li>\n\t\t\t\t\t\t<\/ul>\n\t\t\t\t<\/div>\n\t\t\t\t<\/div>\n\t\t\t\t\t<\/div>\n\t\t<\/div>\n\t\t\t\t\t\t\t<\/div>\n\t\t<\/section>\n\t\t\t\t\t<\/div>\n\t\t<\/div>\n\t\t\t\t<div class=\"elementor-column elementor-col-33 elementor-top-column elementor-element elementor-element-24f556a\" data-id=\"24f556a\" data-element_type=\"column\">\n\t\t\t<div class=\"elementor-widget-wrap elementor-element-populated\">\n\t\t\t\t\t\t\t\t<div class=\"elementor-element elementor-element-47cfb80 elementor-list-item-link-inline elementor-widget-mobile__width-inherit elementor-widget__width-inherit elementor-align-left elementor-laptop-align-left elementor-mobile-align-center elementor-icon-list--layout-traditional elementor-widget elementor-widget-icon-list\" data-id=\"47cfb80\" data-element_type=\"widget\" data-widget_type=\"icon-list.default\">\n\t\t\t\t<div class=\"elementor-widget-container\">\n\t\t\t\t\t<ul class=\"elementor-icon-list-items\">\n\t\t\t\t\t\t\t<li class=\"elementor-icon-list-item\">\n\t\t\t\t\t\t\t\t\t\t<span class=\"elementor-icon-list-text\">Construindo Pontes<\/span>\n\t\t\t\t\t\t\t\t\t<\/li>\n\t\t\t\t\t\t<\/ul>\n\t\t\t\t<\/div>\n\t\t\t\t<\/div>\n\t\t\t\t<div class=\"elementor-element elementor-element-5da822d elementor-widget elementor-widget-heading\" data-id=\"5da822d\" data-element_type=\"widget\" data-widget_type=\"heading.default\">\n\t\t\t\t<div class=\"elementor-widget-container\">\n\t\t\t<h2 class=\"elementor-heading-title elementor-size-default\">The Project<\/h2>\t\t<\/div>\n\t\t\t\t<\/div>\n\t\t\t\t<div class=\"elementor-element elementor-element-c934a14 elementor-widget elementor-widget-text-editor\" data-id=\"c934a14\" data-element_type=\"widget\" data-widget_type=\"text-editor.default\">\n\t\t\t\t<div class=\"elementor-widget-container\">\n\t\t\t\t\t\t\t<p><span class=\"OYPEnA text-decoration-none text-strikethrough-none\">Filhos da Terra <\/span><span class=\"OYPEnA text-decoration-none text-strikethrough-none\">\u00e9 um projeto de <\/span><span class=\"OYPEnA text-decoration-none text-strikethrough-none\">pesquisa e documenta\u00e7\u00e3o<\/span><span class=\"OYPEnA text-decoration-none text-strikethrough-none\"> continuada, que utiliza recursos multim\u00eddias e gamifica\u00e7\u00e3o como linguagem de <\/span><span class=\"OYPEnA text-decoration-none text-strikethrough-none\">comunica\u00e7\u00e3o<\/span><span class=\"OYPEnA text-decoration-none text-strikethrough-none\">, para imprimir <\/span><span class=\"OYPEnA text-decoration-none text-strikethrough-none\">mem\u00f3rias de povos<\/span><span class=\"OYPEnA text-decoration-none text-strikethrough-none\"> e contribuir para a educa\u00e7\u00e3o, difus\u00e3o e <\/span><span class=\"OYPEnA text-decoration-none text-strikethrough-none\">valoriza\u00e7\u00e3o do patrim\u00f4nio imaterial brasileiro<\/span><span class=\"OYPEnA text-decoration-none text-strikethrough-none\">.<\/span><\/p>\t\t\t\t\t\t<\/div>\n\t\t\t\t<\/div>\n\t\t\t\t<div class=\"elementor-element elementor-element-5950830 elementor-mobile-align-center elementor-widget elementor-widget-button\" data-id=\"5950830\" data-element_type=\"widget\" data-widget_type=\"button.default\">\n\t\t\t\t<div class=\"elementor-widget-container\">\n\t\t\t\t\t<div class=\"elementor-button-wrapper\">\n\t\t\t<a class=\"elementor-button elementor-button-link elementor-size-sm\" href=\"https:\/\/filhosdaterra.org\/en\/o-projeto\/\">\n\t\t\t\t\t\t<span class=\"elementor-button-content-wrapper\">\n\t\t\t\t\t\t<span class=\"elementor-button-text\">Mais detalhes<\/span>\n\t\t<\/span>\n\t\t\t\t\t<\/a>\n\t\t<\/div>\n\t\t\t\t<\/div>\n\t\t\t\t<\/div>\n\t\t\t\t\t<\/div>\n\t\t<\/div>\n\t\t\t\t<div class=\"elementor-column elementor-col-33 elementor-top-column elementor-element elementor-element-db7b26d\" data-id=\"db7b26d\" data-element_type=\"column\" data-settings=\"{&quot;background_background&quot;:&quot;classic&quot;}\">\n\t\t\t<div class=\"elementor-widget-wrap elementor-element-populated\">\n\t\t\t\t\t\t\t\t<div class=\"elementor-element elementor-element-017855b elementor-widget elementor-widget-image\" data-id=\"017855b\" data-element_type=\"widget\" data-widget_type=\"image.default\">\n\t\t\t\t<div class=\"elementor-widget-container\">\n\t\t\t\t\t\t\t\t\t\t\t\t\t\t\t<img decoding=\"async\" loading=\"lazy\" width=\"800\" height=\"533\" src=\"https:\/\/filhosdaterra.org\/wp-content\/uploads\/2023\/11\/0a792b_ced5f8c2aecb42a1b96bfd5589d92f5f-mv2.jpg\" class=\"attachment-large size-large wp-image-3325\" alt=\"Familia reunida em frente a casa com vestes tradicionais de celebra\u00e7\u00f5es da Marujada, Bragan\u00e7a - PA\" srcset=\"https:\/\/filhosdaterra.org\/wp-content\/uploads\/2023\/11\/0a792b_ced5f8c2aecb42a1b96bfd5589d92f5f-mv2.jpg 1000w, https:\/\/filhosdaterra.org\/wp-content\/uploads\/2023\/11\/0a792b_ced5f8c2aecb42a1b96bfd5589d92f5f-mv2-300x200.jpg 300w, https:\/\/filhosdaterra.org\/wp-content\/uploads\/2023\/11\/0a792b_ced5f8c2aecb42a1b96bfd5589d92f5f-mv2-768x511.jpg 768w, https:\/\/filhosdaterra.org\/wp-content\/uploads\/2023\/11\/0a792b_ced5f8c2aecb42a1b96bfd5589d92f5f-mv2-18x12.jpg 18w\" sizes=\"(max-width: 800px) 100vw, 800px\" \/>\t\t\t\t\t\t\t\t\t\t\t\t\t\t\t<\/div>\n\t\t\t\t<\/div>\n\t\t\t\t\t<\/div>\n\t\t<\/div>\n\t\t\t\t\t\t\t<\/div>\n\t\t<\/section>\n\t\t\t\t<section class=\"elementor-section elementor-top-section elementor-element elementor-element-025ddff elementor-section-boxed elementor-section-height-default elementor-section-height-default\" data-id=\"025ddff\" data-element_type=\"section\">\n\t\t\t\t\t\t<div class=\"elementor-container elementor-column-gap-default\">\n\t\t\t\t\t<div class=\"elementor-column elementor-col-100 elementor-top-column elementor-element elementor-element-84bb8b9\" data-id=\"84bb8b9\" data-element_type=\"column\">\n\t\t\t<div class=\"elementor-widget-wrap elementor-element-populated\">\n\t\t\t\t\t\t\t\t<section class=\"elementor-section elementor-inner-section elementor-element elementor-element-0b993d1 elementor-section-full_width elementor-section-height-default elementor-section-height-default\" data-id=\"0b993d1\" data-element_type=\"section\" data-settings=\"{&quot;background_background&quot;:&quot;classic&quot;}\">\n\t\t\t\t\t\t<div class=\"elementor-container elementor-column-gap-default\">\n\t\t\t\t\t<div class=\"elementor-column elementor-col-33 elementor-inner-column elementor-element elementor-element-f5a20cf\" data-id=\"f5a20cf\" data-element_type=\"column\" data-settings=\"{&quot;background_background&quot;:&quot;classic&quot;}\">\n\t\t\t<div class=\"elementor-widget-wrap elementor-element-populated\">\n\t\t\t\t\t\t\t\t<div class=\"elementor-element elementor-element-56896b5 elementor-widget__width-auto elementor-widget-tablet__width-inherit elementor-widget elementor-widget-counter\" data-id=\"56896b5\" data-element_type=\"widget\" data-widget_type=\"counter.default\">\n\t\t\t\t<div class=\"elementor-widget-container\">\n\t\t\t<style>\/*! elementor - v3.16.0 - 17-10-2023 *\/\n.elementor-counter .elementor-counter-number-wrapper{display:flex;font-size:69px;font-weight:600;line-height:1}.elementor-counter .elementor-counter-number-prefix,.elementor-counter .elementor-counter-number-suffix{flex-grow:1;white-space:pre-wrap}.elementor-counter .elementor-counter-number-prefix{text-align:right}.elementor-counter .elementor-counter-number-suffix{text-align:left}.elementor-counter .elementor-counter-title{text-align:center;font-size:19px;font-weight:400;line-height:2.5}<\/style>\t\t<div class=\"elementor-counter\">\n\t\t\t<div class=\"elementor-counter-number-wrapper\">\n\t\t\t\t<span class=\"elementor-counter-number-prefix\">+<\/span>\n\t\t\t\t<span class=\"elementor-counter-number\" data-duration=\"2000\" data-to-value=\"19500\" data-from-value=\"8000\" data-delimiter=\".\">8000<\/span>\n\t\t\t\t<span class=\"elementor-counter-number-suffix\"><\/span>\n\t\t\t<\/div>\n\t\t\t\t\t<\/div>\n\t\t\t\t<\/div>\n\t\t\t\t<\/div>\n\t\t\t\t<div class=\"elementor-element elementor-element-b36a0a2 elementor-list-item-link-inline elementor-widget__width-auto elementor-tablet-align-center elementor-icon-list--layout-traditional elementor-widget elementor-widget-icon-list\" data-id=\"b36a0a2\" data-element_type=\"widget\" data-widget_type=\"icon-list.default\">\n\t\t\t\t<div class=\"elementor-widget-container\">\n\t\t\t\t\t<ul class=\"elementor-icon-list-items\">\n\t\t\t\t\t\t\t<li class=\"elementor-icon-list-item\">\n\t\t\t\t\t\t\t\t\t\t<span class=\"elementor-icon-list-text\">Kilometers<\/span>\n\t\t\t\t\t\t\t\t\t<\/li>\n\t\t\t\t\t\t\t\t<li class=\"elementor-icon-list-item\">\n\t\t\t\t\t\t\t\t\t\t<span class=\"elementor-icon-list-text\">Traveled<\/span>\n\t\t\t\t\t\t\t\t\t<\/li>\n\t\t\t\t\t\t<\/ul>\n\t\t\t\t<\/div>\n\t\t\t\t<\/div>\n\t\t\t\t\t<\/div>\n\t\t<\/div>\n\t\t\t\t<div class=\"elementor-column elementor-col-33 elementor-inner-column elementor-element elementor-element-ca58205\" data-id=\"ca58205\" data-element_type=\"column\" data-settings=\"{&quot;background_background&quot;:&quot;classic&quot;}\">\n\t\t\t<div class=\"elementor-widget-wrap elementor-element-populated\">\n\t\t\t\t\t\t\t\t<div class=\"elementor-element elementor-element-6050a83 elementor-widget__width-auto elementor-widget-tablet__width-inherit elementor-widget elementor-widget-counter\" data-id=\"6050a83\" data-element_type=\"widget\" data-widget_type=\"counter.default\">\n\t\t\t\t<div class=\"elementor-widget-container\">\n\t\t\t\t\t<div class=\"elementor-counter\">\n\t\t\t<div class=\"elementor-counter-number-wrapper\">\n\t\t\t\t<span class=\"elementor-counter-number-prefix\"><\/span>\n\t\t\t\t<span class=\"elementor-counter-number\" data-duration=\"2000\" data-to-value=\"100\" data-from-value=\"0\" data-delimiter=\",\">0<\/span>\n\t\t\t\t<span class=\"elementor-counter-number-suffix\"><\/span>\n\t\t\t<\/div>\n\t\t\t\t\t<\/div>\n\t\t\t\t<\/div>\n\t\t\t\t<\/div>\n\t\t\t\t<div class=\"elementor-element elementor-element-2246d91 elementor-list-item-link-inline elementor-widget__width-auto elementor-tablet-align-center elementor-icon-list--layout-traditional elementor-widget elementor-widget-icon-list\" data-id=\"2246d91\" data-element_type=\"widget\" data-widget_type=\"icon-list.default\">\n\t\t\t\t<div class=\"elementor-widget-container\">\n\t\t\t\t\t<ul class=\"elementor-icon-list-items\">\n\t\t\t\t\t\t\t<li class=\"elementor-icon-list-item\">\n\t\t\t\t\t\t\t\t\t\t<span class=\"elementor-icon-list-text\">Festas<\/span>\n\t\t\t\t\t\t\t\t\t<\/li>\n\t\t\t\t\t\t\t\t<li class=\"elementor-icon-list-item\">\n\t\t\t\t\t\t\t\t\t\t<span class=\"elementor-icon-list-text\">Mapeadas<\/span>\n\t\t\t\t\t\t\t\t\t<\/li>\n\t\t\t\t\t\t<\/ul>\n\t\t\t\t<\/div>\n\t\t\t\t<\/div>\n\t\t\t\t\t<\/div>\n\t\t<\/div>\n\t\t\t\t<div class=\"elementor-column elementor-col-33 elementor-inner-column elementor-element elementor-element-bc0979f\" data-id=\"bc0979f\" data-element_type=\"column\" data-settings=\"{&quot;background_background&quot;:&quot;classic&quot;}\">\n\t\t\t<div class=\"elementor-widget-wrap elementor-element-populated\">\n\t\t\t\t\t\t\t\t<div class=\"elementor-element elementor-element-a71c947 elementor-widget__width-auto elementor-widget-tablet__width-inherit elementor-widget elementor-widget-counter\" data-id=\"a71c947\" data-element_type=\"widget\" data-widget_type=\"counter.default\">\n\t\t\t\t<div class=\"elementor-widget-container\">\n\t\t\t\t\t<div class=\"elementor-counter\">\n\t\t\t<div class=\"elementor-counter-number-wrapper\">\n\t\t\t\t<span class=\"elementor-counter-number-prefix\"><\/span>\n\t\t\t\t<span class=\"elementor-counter-number\" data-duration=\"2000\" data-to-value=\"20000\" data-from-value=\"100\" data-delimiter=\".\">100<\/span>\n\t\t\t\t<span class=\"elementor-counter-number-suffix\"><\/span>\n\t\t\t<\/div>\n\t\t\t\t\t<\/div>\n\t\t\t\t<\/div>\n\t\t\t\t<\/div>\n\t\t\t\t<div class=\"elementor-element elementor-element-da8d6b8 elementor-list-item-link-inline elementor-widget__width-auto elementor-tablet-align-center elementor-icon-list--layout-traditional elementor-widget elementor-widget-icon-list\" data-id=\"da8d6b8\" data-element_type=\"widget\" data-widget_type=\"icon-list.default\">\n\t\t\t\t<div class=\"elementor-widget-container\">\n\t\t\t\t\t<ul class=\"elementor-icon-list-items\">\n\t\t\t\t\t\t\t<li class=\"elementor-icon-list-item\">\n\t\t\t\t\t\t\t\t\t\t<span class=\"elementor-icon-list-text\">Registros<\/span>\n\t\t\t\t\t\t\t\t\t<\/li>\n\t\t\t\t\t\t\t\t<li class=\"elementor-icon-list-item\">\n\t\t\t\t\t\t\t\t\t\t<span class=\"elementor-icon-list-text\">Visuais<\/span>\n\t\t\t\t\t\t\t\t\t<\/li>\n\t\t\t\t\t\t<\/ul>\n\t\t\t\t<\/div>\n\t\t\t\t<\/div>\n\t\t\t\t\t<\/div>\n\t\t<\/div>\n\t\t\t\t\t\t\t<\/div>\n\t\t<\/section>\n\t\t\t\t\t<\/div>\n\t\t<\/div>\n\t\t\t\t\t\t\t<\/div>\n\t\t<\/section>\n\t\t\t\t<section class=\"elementor-section elementor-top-section elementor-element elementor-element-bc86c49 elementor-section-boxed elementor-section-height-default elementor-section-height-default\" data-id=\"bc86c49\" data-element_type=\"section\" data-settings=\"{&quot;background_background&quot;:&quot;classic&quot;}\">\n\t\t\t\t\t\t<div class=\"elementor-container elementor-column-gap-no\">\n\t\t\t\t\t<div class=\"elementor-column elementor-col-50 elementor-top-column elementor-element elementor-element-11d13a0\" data-id=\"11d13a0\" data-element_type=\"column\" data-settings=\"{&quot;background_background&quot;:&quot;classic&quot;}\">\n\t\t\t<div class=\"elementor-widget-wrap elementor-element-populated\">\n\t\t\t\t\t\t\t\t<div class=\"elementor-element elementor-element-88d4518 elementor-widget elementor-widget-image\" data-id=\"88d4518\" data-element_type=\"widget\" data-widget_type=\"image.default\">\n\t\t\t\t<div class=\"elementor-widget-container\">\n\t\t\t\t\t\t\t\t\t\t\t\t\t\t\t\t<a href=\"https:\/\/filhosdaterra.org\/en\/rede-cultura-games\/\">\n\t\t\t\t\t\t\t<img decoding=\"async\" loading=\"lazy\" width=\"766\" height=\"415\" src=\"https:\/\/filhosdaterra.org\/wp-content\/uploads\/2024\/02\/img-rede-cultura-game.jpg\" class=\"attachment-large size-large wp-image-4297\" alt=\"Imagem criada em IA de brincante do Maracatu Rural de Nazar\u00e9 da Mata\/PE\" srcset=\"https:\/\/filhosdaterra.org\/wp-content\/uploads\/2024\/02\/img-rede-cultura-game.jpg 766w, https:\/\/filhosdaterra.org\/wp-content\/uploads\/2024\/02\/img-rede-cultura-game-300x163.jpg 300w, https:\/\/filhosdaterra.org\/wp-content\/uploads\/2024\/02\/img-rede-cultura-game-18x10.jpg 18w\" sizes=\"(max-width: 766px) 100vw, 766px\" \/>\t\t\t\t\t\t\t\t<\/a>\n\t\t\t\t\t\t\t\t\t\t\t\t\t\t\t<\/div>\n\t\t\t\t<\/div>\n\t\t\t\t\t<\/div>\n\t\t<\/div>\n\t\t\t\t<div class=\"elementor-column elementor-col-50 elementor-top-column elementor-element elementor-element-49108a4\" data-id=\"49108a4\" data-element_type=\"column\">\n\t\t\t<div class=\"elementor-widget-wrap elementor-element-populated\">\n\t\t\t\t\t\t\t\t<div class=\"elementor-element elementor-element-36f2560 elementor-view-stacked elementor-shape-circle elementor-widget elementor-widget-icon\" data-id=\"36f2560\" data-element_type=\"widget\" data-widget_type=\"icon.default\">\n\t\t\t\t<div class=\"elementor-widget-container\">\n\t\t\t\t\t<div class=\"elementor-icon-wrapper\">\n\t\t\t<div class=\"elementor-icon\">\n\t\t\t<i aria-hidden=\"true\" class=\"fas fa-gamepad\"><\/i>\t\t\t<\/div>\n\t\t<\/div>\n\t\t\t\t<\/div>\n\t\t\t\t<\/div>\n\t\t\t\t<div class=\"elementor-element elementor-element-e3e3a0c elementor-list-item-link-inline elementor-widget-mobile__width-inherit elementor-widget__width-inherit elementor-align-left elementor-laptop-align-left elementor-mobile-align-center elementor-icon-list--layout-traditional elementor-widget elementor-widget-icon-list\" data-id=\"e3e3a0c\" data-element_type=\"widget\" data-widget_type=\"icon-list.default\">\n\t\t\t\t<div class=\"elementor-widget-container\">\n\t\t\t\t\t<ul class=\"elementor-icon-list-items\">\n\t\t\t\t\t\t\t<li class=\"elementor-icon-list-item\">\n\t\t\t\t\t\t\t\t\t\t<span class=\"elementor-icon-list-text\">Construindo Redes<\/span>\n\t\t\t\t\t\t\t\t\t<\/li>\n\t\t\t\t\t\t<\/ul>\n\t\t\t\t<\/div>\n\t\t\t\t<\/div>\n\t\t\t\t<div class=\"elementor-element elementor-element-6119891 elementor-widget elementor-widget-heading\" data-id=\"6119891\" data-element_type=\"widget\" data-widget_type=\"heading.default\">\n\t\t\t\t<div class=\"elementor-widget-container\">\n\t\t\t<h2 class=\"elementor-heading-title elementor-size-default\">Rede Cultura Game<\/h2>\t\t<\/div>\n\t\t\t\t<\/div>\n\t\t\t\t<div class=\"elementor-element elementor-element-491010c elementor-widget elementor-widget-text-editor\" data-id=\"491010c\" data-element_type=\"widget\" data-widget_type=\"text-editor.default\">\n\t\t\t\t<div class=\"elementor-widget-container\">\n\t\t\t\t\t\t\t<p class=\"cvGsUA direction-ltr align-start para-style-body\"><span class=\"OYPEnA text-decoration-none text-strikethrough-none\">A plataforma Rede Cultura Game \u00e9 um componente pedag\u00f3gico do projeto Filhos da Terra que visa oferecer para estudantes, professores e pesquisadores seus <\/span><span class=\"OYPEnA text-decoration-none text-strikethrough-none\">conte\u00fados multim\u00eddias, como ferramentas <\/span><span class=\"OYPEnA text-decoration-none text-strikethrough-none\">de sensibiliza\u00e7\u00e3o e apoio \u00e0 constru\u00e7\u00e3o de saberes sobre o patrim\u00f4nio imaterial brasileiro.<\/span><\/p>\t\t\t\t\t\t<\/div>\n\t\t\t\t<\/div>\n\t\t\t\t<div class=\"elementor-element elementor-element-5c704ae elementor-mobile-align-center elementor-widget elementor-widget-button\" data-id=\"5c704ae\" data-element_type=\"widget\" data-widget_type=\"button.default\">\n\t\t\t\t<div class=\"elementor-widget-container\">\n\t\t\t\t\t<div class=\"elementor-button-wrapper\">\n\t\t\t<a class=\"elementor-button elementor-button-link elementor-size-sm\" href=\"https:\/\/filhosdaterra.org\/en\/rede-cultura-games\/\">\n\t\t\t\t\t\t<span class=\"elementor-button-content-wrapper\">\n\t\t\t\t\t\t<span class=\"elementor-button-text\">Mais detalhes<\/span>\n\t\t<\/span>\n\t\t\t\t\t<\/a>\n\t\t<\/div>\n\t\t\t\t<\/div>\n\t\t\t\t<\/div>\n\t\t\t\t\t<\/div>\n\t\t<\/div>\n\t\t\t\t\t\t\t<\/div>\n\t\t<\/section>\n\t\t\t\t<section class=\"elementor-section elementor-top-section elementor-element elementor-element-e7d0985 elementor-section-boxed elementor-section-height-default elementor-section-height-default\" data-id=\"e7d0985\" data-element_type=\"section\">\n\t\t\t\t\t\t\t<div class=\"elementor-background-overlay\"><\/div>\n\t\t\t\t\t\t\t<div class=\"elementor-container elementor-column-gap-no\">\n\t\t\t\t\t<div class=\"elementor-column elementor-col-100 elementor-top-column elementor-element elementor-element-e81f963\" data-id=\"e81f963\" data-element_type=\"column\">\n\t\t\t<div class=\"elementor-widget-wrap elementor-element-populated\">\n\t\t\t\t\t\t\t\t<section class=\"elementor-section elementor-inner-section elementor-element elementor-element-1bb679a elementor-section-full_width elementor-section-height-default elementor-section-height-default\" data-id=\"1bb679a\" data-element_type=\"section\">\n\t\t\t\t\t\t<div class=\"elementor-container elementor-column-gap-no\">\n\t\t\t\t\t<div class=\"elementor-column elementor-col-50 elementor-inner-column elementor-element elementor-element-f38e416\" data-id=\"f38e416\" data-element_type=\"column\">\n\t\t\t<div class=\"elementor-widget-wrap elementor-element-populated\">\n\t\t\t\t\t\t\t\t<div class=\"elementor-element elementor-element-bb5e287 elementor-list-item-link-inline elementor-widget-mobile__width-inherit elementor-widget__width-inherit elementor-align-left elementor-laptop-align-left elementor-icon-list--layout-traditional elementor-widget elementor-widget-icon-list\" data-id=\"bb5e287\" data-element_type=\"widget\" data-widget_type=\"icon-list.default\">\n\t\t\t\t<div class=\"elementor-widget-container\">\n\t\t\t\t\t<ul class=\"elementor-icon-list-items\">\n\t\t\t\t\t\t\t<li class=\"elementor-icon-list-item\">\n\t\t\t\t\t\t\t\t\t\t<span class=\"elementor-icon-list-text\">Construindo Cartografias<\/span>\n\t\t\t\t\t\t\t\t\t<\/li>\n\t\t\t\t\t\t<\/ul>\n\t\t\t\t<\/div>\n\t\t\t\t<\/div>\n\t\t\t\t<div class=\"elementor-element elementor-element-c6bec85 elementor-widget elementor-widget-heading\" data-id=\"c6bec85\" data-element_type=\"widget\" data-widget_type=\"heading.default\">\n\t\t\t\t<div class=\"elementor-widget-container\">\n\t\t\t<h2 class=\"elementor-heading-title elementor-size-default\">Cultural Routes<\/h2>\t\t<\/div>\n\t\t\t\t<\/div>\n\t\t\t\t\t<\/div>\n\t\t<\/div>\n\t\t\t\t<div class=\"elementor-column elementor-col-50 elementor-inner-column elementor-element elementor-element-8031c16\" data-id=\"8031c16\" data-element_type=\"column\">\n\t\t\t<div class=\"elementor-widget-wrap elementor-element-populated\">\n\t\t\t\t\t\t\t\t<div class=\"elementor-element elementor-element-4aff901 elementor-widget elementor-widget-text-editor\" data-id=\"4aff901\" data-element_type=\"widget\" data-widget_type=\"text-editor.default\">\n\t\t\t\t<div class=\"elementor-widget-container\">\n\t\t\t\t\t\t\t<p>Os Roteiros propostos \u2013 do sert\u00e3o, da floresta, da costa atl\u00e2ntica e das minas &#8211; registram manifesta\u00e7\u00f5es culturais, muitas delas em risco de desaparecimento, reveladoras tanto da persist\u00eancia quanto da singularidade de cada uma dessas festas remanescentes do mundo rural tradicional.<\/p><p>Eles tamb\u00e9m p\u00f5em em evid\u00eancia os itiner\u00e1rios que marcaram o territ\u00f3rio ao longo da hist\u00f3ria, itiner\u00e1rios percorridos por ind\u00edgenas, africanos e europeus, povos portadores de costumes e tradi\u00e7\u00f5es que aqui se mesclaram desde o per\u00edodo colonial.<\/p>\t\t\t\t\t\t<\/div>\n\t\t\t\t<\/div>\n\t\t\t\t\t<\/div>\n\t\t<\/div>\n\t\t\t\t\t\t\t<\/div>\n\t\t<\/section>\n\t\t\t\t<section class=\"elementor-section elementor-inner-section elementor-element elementor-element-78296f6 elementor-section-boxed elementor-section-height-default elementor-section-height-default\" data-id=\"78296f6\" data-element_type=\"section\">\n\t\t\t\t\t\t<div class=\"elementor-container elementor-column-gap-default\">\n\t\t\t\t\t<div class=\"elementor-column elementor-col-33 elementor-inner-column elementor-element elementor-element-cd571b0\" data-id=\"cd571b0\" data-element_type=\"column\">\n\t\t\t<div class=\"elementor-widget-wrap elementor-element-populated\">\n\t\t\t\t\t\t\t\t<div class=\"elementor-element elementor-element-5bd37a4 elementor-widget elementor-widget-image\" data-id=\"5bd37a4\" data-element_type=\"widget\" data-widget_type=\"image.default\">\n\t\t\t\t<div class=\"elementor-widget-container\">\n\t\t\t\t\t\t\t\t\t\t\t\t\t\t\t<img decoding=\"async\" loading=\"lazy\" width=\"800\" height=\"534\" src=\"https:\/\/filhosdaterra.org\/wp-content\/uploads\/2024\/02\/030MARACATU-061Maracatu-1.jpg\" class=\"elementor-animation-float attachment-large size-large wp-image-4001\" alt=\"M\u00fasicos do Terno durtante cortejo de Maracatu, na cidade de Nazar\u00e9 da Mata\/PE\" srcset=\"https:\/\/filhosdaterra.org\/wp-content\/uploads\/2024\/02\/030MARACATU-061Maracatu-1.jpg 1000w, https:\/\/filhosdaterra.org\/wp-content\/uploads\/2024\/02\/030MARACATU-061Maracatu-1-300x200.jpg 300w, https:\/\/filhosdaterra.org\/wp-content\/uploads\/2024\/02\/030MARACATU-061Maracatu-1-768x512.jpg 768w, https:\/\/filhosdaterra.org\/wp-content\/uploads\/2024\/02\/030MARACATU-061Maracatu-1-18x12.jpg 18w\" sizes=\"(max-width: 800px) 100vw, 800px\" \/>\t\t\t\t\t\t\t\t\t\t\t\t\t\t\t<\/div>\n\t\t\t\t<\/div>\n\t\t\t\t<div class=\"elementor-element elementor-element-9007c00 elementor-widget elementor-widget-heading\" data-id=\"9007c00\" data-element_type=\"widget\" data-widget_type=\"heading.default\">\n\t\t\t\t<div class=\"elementor-widget-container\">\n\t\t\t<h3 class=\"elementor-heading-title elementor-size-default\">Rota da <span>Costa Atl\u00e2ntica<\/span><\/h3>\t\t<\/div>\n\t\t\t\t<\/div>\n\t\t\t\t<div class=\"elementor-element elementor-element-77cdcf7 elementor-widget__width-auto elementor-widget elementor-widget-button\" data-id=\"77cdcf7\" data-element_type=\"widget\" data-widget_type=\"button.default\">\n\t\t\t\t<div class=\"elementor-widget-container\">\n\t\t\t\t\t<div class=\"elementor-button-wrapper\">\n\t\t\t<a class=\"elementor-button elementor-button-link elementor-size-sm\" href=\"https:\/\/filhosdaterra.org\/en\/rota-da-costa-atlantica\/\">\n\t\t\t\t\t\t<span class=\"elementor-button-content-wrapper\">\n\t\t\t\t\t\t<span class=\"elementor-button-text\">Mais detalhes \u00bb<\/span>\n\t\t<\/span>\n\t\t\t\t\t<\/a>\n\t\t<\/div>\n\t\t\t\t<\/div>\n\t\t\t\t<\/div>\n\t\t\t\t\t<\/div>\n\t\t<\/div>\n\t\t\t\t<div class=\"elementor-column elementor-col-33 elementor-inner-column elementor-element elementor-element-5f0d68d\" data-id=\"5f0d68d\" data-element_type=\"column\">\n\t\t\t<div class=\"elementor-widget-wrap elementor-element-populated\">\n\t\t\t\t\t\t\t\t<div class=\"elementor-element elementor-element-19ee227 elementor-widget elementor-widget-image\" data-id=\"19ee227\" data-element_type=\"widget\" data-widget_type=\"image.default\">\n\t\t\t\t<div class=\"elementor-widget-container\">\n\t\t\t\t\t\t\t\t\t\t\t\t\t\t\t<img decoding=\"async\" loading=\"lazy\" width=\"800\" height=\"533\" src=\"https:\/\/filhosdaterra.org\/wp-content\/uploads\/2023\/11\/0a792b_dd41b23c864b47dcb6f2a36aa1f472d8-mv2.jpg\" class=\"elementor-animation-float attachment-large size-large wp-image-3328\" alt=\"Jovem vaqueiro com suas vestes tradicionais durante a Vaquejada, Serrita - PE\" srcset=\"https:\/\/filhosdaterra.org\/wp-content\/uploads\/2023\/11\/0a792b_dd41b23c864b47dcb6f2a36aa1f472d8-mv2.jpg 1000w, https:\/\/filhosdaterra.org\/wp-content\/uploads\/2023\/11\/0a792b_dd41b23c864b47dcb6f2a36aa1f472d8-mv2-300x200.jpg 300w, https:\/\/filhosdaterra.org\/wp-content\/uploads\/2023\/11\/0a792b_dd41b23c864b47dcb6f2a36aa1f472d8-mv2-768x511.jpg 768w, https:\/\/filhosdaterra.org\/wp-content\/uploads\/2023\/11\/0a792b_dd41b23c864b47dcb6f2a36aa1f472d8-mv2-18x12.jpg 18w\" sizes=\"(max-width: 800px) 100vw, 800px\" \/>\t\t\t\t\t\t\t\t\t\t\t\t\t\t\t<\/div>\n\t\t\t\t<\/div>\n\t\t\t\t<div class=\"elementor-element elementor-element-feaca17 elementor-widget elementor-widget-heading\" data-id=\"feaca17\" data-element_type=\"widget\" data-widget_type=\"heading.default\">\n\t\t\t\t<div class=\"elementor-widget-container\">\n\t\t\t<h3 class=\"elementor-heading-title elementor-size-default\">Rota dos <span>Sert\u00f5es<span style=\"color: var( --e-global-color-text ); font-size: 22px; font-weight: 300; letter-spacing: var( --e-global-typography-7c3df11-letter-spacing ); text-transform: var( --e-global-typography-7c3df11-text-transform ); word-spacing: var( --e-global-typography-7c3df11-word-spacing ); display: inline !important;\"><\/span><\/span><\/h3>\t\t<\/div>\n\t\t\t\t<\/div>\n\t\t\t\t<div class=\"elementor-element elementor-element-b11f7ea elementor-widget__width-auto elementor-mobile-align-center elementor-widget elementor-widget-button\" data-id=\"b11f7ea\" data-element_type=\"widget\" data-widget_type=\"button.default\">\n\t\t\t\t<div class=\"elementor-widget-container\">\n\t\t\t\t\t<div class=\"elementor-button-wrapper\">\n\t\t\t<a class=\"elementor-button elementor-button-link elementor-size-sm\" href=\"https:\/\/filhosdaterra.org\/en\/rota-dos-sertoes\/\">\n\t\t\t\t\t\t<span class=\"elementor-button-content-wrapper\">\n\t\t\t\t\t\t<span class=\"elementor-button-text\">Mais detalhes \u00bb<\/span>\n\t\t<\/span>\n\t\t\t\t\t<\/a>\n\t\t<\/div>\n\t\t\t\t<\/div>\n\t\t\t\t<\/div>\n\t\t\t\t\t<\/div>\n\t\t<\/div>\n\t\t\t\t<div class=\"elementor-column elementor-col-33 elementor-inner-column elementor-element elementor-element-9a171cf\" data-id=\"9a171cf\" data-element_type=\"column\">\n\t\t\t<div class=\"elementor-widget-wrap elementor-element-populated\">\n\t\t\t\t\t\t\t\t<div class=\"elementor-element elementor-element-cca9644 elementor-widget elementor-widget-image\" data-id=\"cca9644\" data-element_type=\"widget\" data-widget_type=\"image.default\">\n\t\t\t\t<div class=\"elementor-widget-container\">\n\t\t\t\t\t\t\t\t\t\t\t\t\t\t\t<img decoding=\"async\" loading=\"lazy\" width=\"800\" height=\"533\" src=\"https:\/\/filhosdaterra.org\/wp-content\/uploads\/2023\/11\/0a792b_d37bb0e0222743a8a8724b1a56a3530d-mv2.jpg\" class=\"elementor-animation-float attachment-large size-large wp-image-3326\" alt=\"Homem negro com suas roupas tradicionais e bast\u00e3o durante a Congada, Catal\u00e3o - GO\" srcset=\"https:\/\/filhosdaterra.org\/wp-content\/uploads\/2023\/11\/0a792b_d37bb0e0222743a8a8724b1a56a3530d-mv2.jpg 1000w, https:\/\/filhosdaterra.org\/wp-content\/uploads\/2023\/11\/0a792b_d37bb0e0222743a8a8724b1a56a3530d-mv2-300x200.jpg 300w, https:\/\/filhosdaterra.org\/wp-content\/uploads\/2023\/11\/0a792b_d37bb0e0222743a8a8724b1a56a3530d-mv2-768x511.jpg 768w, https:\/\/filhosdaterra.org\/wp-content\/uploads\/2023\/11\/0a792b_d37bb0e0222743a8a8724b1a56a3530d-mv2-18x12.jpg 18w\" sizes=\"(max-width: 800px) 100vw, 800px\" \/>\t\t\t\t\t\t\t\t\t\t\t\t\t\t\t<\/div>\n\t\t\t\t<\/div>\n\t\t\t\t<div class=\"elementor-element elementor-element-ed9c6b7 elementor-widget elementor-widget-heading\" data-id=\"ed9c6b7\" data-element_type=\"widget\" data-widget_type=\"heading.default\">\n\t\t\t\t<div class=\"elementor-widget-container\">\n\t\t\t<h3 class=\"elementor-heading-title elementor-size-default\">Rota da <span>Minera\u00e7\u00e3o<\/span><\/h3>\t\t<\/div>\n\t\t\t\t<\/div>\n\t\t\t\t<div class=\"elementor-element elementor-element-2141ce0 elementor-widget__width-auto elementor-widget elementor-widget-button\" data-id=\"2141ce0\" data-element_type=\"widget\" data-widget_type=\"button.default\">\n\t\t\t\t<div class=\"elementor-widget-container\">\n\t\t\t\t\t<div class=\"elementor-button-wrapper\">\n\t\t\t<a class=\"elementor-button elementor-button-link elementor-size-sm\" href=\"https:\/\/filhosdaterra.org\/en\/rota-da-mineracao\/\">\n\t\t\t\t\t\t<span class=\"elementor-button-content-wrapper\">\n\t\t\t\t\t\t<span class=\"elementor-button-text\">Mais detalhes \u00bb<\/span>\n\t\t<\/span>\n\t\t\t\t\t<\/a>\n\t\t<\/div>\n\t\t\t\t<\/div>\n\t\t\t\t<\/div>\n\t\t\t\t\t<\/div>\n\t\t<\/div>\n\t\t\t\t\t\t\t<\/div>\n\t\t<\/section>\n\t\t\t\t<section class=\"elementor-section elementor-inner-section elementor-element elementor-element-3c0457e elementor-section-boxed elementor-section-height-default elementor-section-height-default\" data-id=\"3c0457e\" data-element_type=\"section\">\n\t\t\t\t\t\t<div class=\"elementor-container elementor-column-gap-default\">\n\t\t\t\t\t<div class=\"elementor-column elementor-col-50 elementor-inner-column elementor-element elementor-element-e5174bf\" data-id=\"e5174bf\" data-element_type=\"column\">\n\t\t\t<div class=\"elementor-widget-wrap elementor-element-populated\">\n\t\t\t\t\t\t\t\t<div class=\"elementor-element elementor-element-2d43b9e elementor-widget elementor-widget-image\" data-id=\"2d43b9e\" data-element_type=\"widget\" data-widget_type=\"image.default\">\n\t\t\t\t<div class=\"elementor-widget-container\">\n\t\t\t\t\t\t\t\t\t\t\t\t\t\t\t<img decoding=\"async\" loading=\"lazy\" width=\"800\" height=\"533\" src=\"https:\/\/filhosdaterra.org\/wp-content\/uploads\/2023\/11\/0a792b_09e59141126c46598e9315445af0904e-mv2.jpg\" class=\"elementor-animation-float attachment-large size-large wp-image-3308\" alt=\"Mulher com suas roupas tradicionais segura imagem de S\u00e3o Benedito durante a Marujada, Bragan\u00e7a - PA\" srcset=\"https:\/\/filhosdaterra.org\/wp-content\/uploads\/2023\/11\/0a792b_09e59141126c46598e9315445af0904e-mv2.jpg 1000w, https:\/\/filhosdaterra.org\/wp-content\/uploads\/2023\/11\/0a792b_09e59141126c46598e9315445af0904e-mv2-300x200.jpg 300w, https:\/\/filhosdaterra.org\/wp-content\/uploads\/2023\/11\/0a792b_09e59141126c46598e9315445af0904e-mv2-768x511.jpg 768w, https:\/\/filhosdaterra.org\/wp-content\/uploads\/2023\/11\/0a792b_09e59141126c46598e9315445af0904e-mv2-18x12.jpg 18w\" sizes=\"(max-width: 800px) 100vw, 800px\" \/>\t\t\t\t\t\t\t\t\t\t\t\t\t\t\t<\/div>\n\t\t\t\t<\/div>\n\t\t\t\t<div class=\"elementor-element elementor-element-9315fab elementor-widget elementor-widget-heading\" data-id=\"9315fab\" data-element_type=\"widget\" data-widget_type=\"heading.default\">\n\t\t\t\t<div class=\"elementor-widget-container\">\n\t\t\t<h3 class=\"elementor-heading-title elementor-size-default\">Rota dos <span>Povos da Mata<\/span><\/h3>\t\t<\/div>\n\t\t\t\t<\/div>\n\t\t\t\t<div class=\"elementor-element elementor-element-e3a252b elementor-widget__width-auto elementor-widget elementor-widget-button\" data-id=\"e3a252b\" data-element_type=\"widget\" data-widget_type=\"button.default\">\n\t\t\t\t<div class=\"elementor-widget-container\">\n\t\t\t\t\t<div class=\"elementor-button-wrapper\">\n\t\t\t<a class=\"elementor-button elementor-button-link elementor-size-sm\" href=\"https:\/\/filhosdaterra.org\/en\/rota-dos-povos-da-mata\/\">\n\t\t\t\t\t\t<span class=\"elementor-button-content-wrapper\">\n\t\t\t\t\t\t<span class=\"elementor-button-text\">Mais detalhes \u00bb<\/span>\n\t\t<\/span>\n\t\t\t\t\t<\/a>\n\t\t<\/div>\n\t\t\t\t<\/div>\n\t\t\t\t<\/div>\n\t\t\t\t\t<\/div>\n\t\t<\/div>\n\t\t\t\t<div class=\"elementor-column elementor-col-50 elementor-inner-column elementor-element elementor-element-97be63c\" data-id=\"97be63c\" data-element_type=\"column\">\n\t\t\t<div class=\"elementor-widget-wrap elementor-element-populated\">\n\t\t\t\t\t\t\t\t<div class=\"elementor-element elementor-element-80f0ede elementor-widget elementor-widget-image\" data-id=\"80f0ede\" data-element_type=\"widget\" data-widget_type=\"image.default\">\n\t\t\t\t<div class=\"elementor-widget-container\">\n\t\t\t\t\t\t\t\t\t\t\t\t\t\t\t<img decoding=\"async\" loading=\"lazy\" width=\"800\" height=\"533\" src=\"https:\/\/filhosdaterra.org\/wp-content\/uploads\/2022\/12\/7.jpg\" class=\"elementor-animation-float attachment-large size-large wp-image-1696\" alt=\"Homem ind\u00edgena com seu cocar branco fuma caximbo tradicional durante os jogos ind\u00edgenas de Palmas\/TO\" srcset=\"https:\/\/filhosdaterra.org\/wp-content\/uploads\/2022\/12\/7.jpg 800w, https:\/\/filhosdaterra.org\/wp-content\/uploads\/2022\/12\/7-300x200.jpg 300w, https:\/\/filhosdaterra.org\/wp-content\/uploads\/2022\/12\/7-768x512.jpg 768w\" sizes=\"(max-width: 800px) 100vw, 800px\" \/>\t\t\t\t\t\t\t\t\t\t\t\t\t\t\t<\/div>\n\t\t\t\t<\/div>\n\t\t\t\t<div class=\"elementor-element elementor-element-84d9a52 elementor-widget elementor-widget-heading\" data-id=\"84d9a52\" data-element_type=\"widget\" data-widget_type=\"heading.default\">\n\t\t\t\t<div class=\"elementor-widget-container\">\n\t\t\t<h3 class=\"elementor-heading-title elementor-size-default\">Rota <span>Ra\u00edzes<\/span><\/h3>\t\t<\/div>\n\t\t\t\t<\/div>\n\t\t\t\t<div class=\"elementor-element elementor-element-5f53c6b elementor-widget__width-auto elementor-widget elementor-widget-button\" data-id=\"5f53c6b\" data-element_type=\"widget\" data-widget_type=\"button.default\">\n\t\t\t\t<div class=\"elementor-widget-container\">\n\t\t\t\t\t<div class=\"elementor-button-wrapper\">\n\t\t\t<a class=\"elementor-button elementor-button-link elementor-size-sm\" href=\"https:\/\/filhosdaterra.org\/en\/rota-raizes\/\">\n\t\t\t\t\t\t<span class=\"elementor-button-content-wrapper\">\n\t\t\t\t\t\t<span class=\"elementor-button-text\">Mais detalhes \u00bb<\/span>\n\t\t<\/span>\n\t\t\t\t\t<\/a>\n\t\t<\/div>\n\t\t\t\t<\/div>\n\t\t\t\t<\/div>\n\t\t\t\t\t<\/div>\n\t\t<\/div>\n\t\t\t\t\t\t\t<\/div>\n\t\t<\/section>\n\t\t\t\t\t<\/div>\n\t\t<\/div>\n\t\t\t\t\t\t\t<\/div>\n\t\t<\/section>\n\t\t\t\t<section class=\"elementor-section elementor-top-section elementor-element elementor-element-36ee975 elementor-section-boxed elementor-section-height-default elementor-section-height-default\" data-id=\"36ee975\" data-element_type=\"section\" data-settings=\"{&quot;background_background&quot;:&quot;classic&quot;}\">\n\t\t\t\t\t\t\t<div class=\"elementor-background-overlay\"><\/div>\n\t\t\t\t\t\t\t<div class=\"elementor-container elementor-column-gap-no\">\n\t\t\t\t\t<div class=\"elementor-column elementor-col-100 elementor-top-column elementor-element elementor-element-e374bb0\" data-id=\"e374bb0\" data-element_type=\"column\">\n\t\t\t<div class=\"elementor-widget-wrap elementor-element-populated\">\n\t\t\t\t\t\t\t\t<section class=\"elementor-section elementor-inner-section elementor-element elementor-element-bf28b4d elementor-section-full_width elementor-section-height-default elementor-section-height-default\" data-id=\"bf28b4d\" data-element_type=\"section\">\n\t\t\t\t\t\t<div class=\"elementor-container elementor-column-gap-no\">\n\t\t\t\t\t<div class=\"elementor-column elementor-col-50 elementor-inner-column elementor-element elementor-element-8ca601a\" data-id=\"8ca601a\" data-element_type=\"column\">\n\t\t\t<div class=\"elementor-widget-wrap elementor-element-populated\">\n\t\t\t\t\t\t\t\t<div class=\"elementor-element elementor-element-8515611 elementor-list-item-link-inline elementor-widget-mobile__width-inherit elementor-widget__width-inherit elementor-align-left elementor-laptop-align-left elementor-mobile-align-center elementor-icon-list--layout-traditional elementor-widget elementor-widget-icon-list\" data-id=\"8515611\" data-element_type=\"widget\" data-widget_type=\"icon-list.default\">\n\t\t\t\t<div class=\"elementor-widget-container\">\n\t\t\t\t\t<ul class=\"elementor-icon-list-items\">\n\t\t\t\t\t\t\t<li class=\"elementor-icon-list-item\">\n\t\t\t\t\t\t\t\t\t\t<span class=\"elementor-icon-list-text\">Construindo Saberes<\/span>\n\t\t\t\t\t\t\t\t\t<\/li>\n\t\t\t\t\t\t<\/ul>\n\t\t\t\t<\/div>\n\t\t\t\t<\/div>\n\t\t\t\t<div class=\"elementor-element elementor-element-7fa35a9 elementor-widget-laptop__width-initial elementor-widget-mobile_extra__width-inherit elementor-widget-tablet__width-inherit elementor-widget elementor-widget-heading\" data-id=\"7fa35a9\" data-element_type=\"widget\" data-widget_type=\"heading.default\">\n\t\t\t\t<div class=\"elementor-widget-container\">\n\t\t\t<h2 class=\"elementor-heading-title elementor-size-default\">Cadernos de Cultura<\/h2>\t\t<\/div>\n\t\t\t\t<\/div>\n\t\t\t\t\t<\/div>\n\t\t<\/div>\n\t\t\t\t<div class=\"elementor-column elementor-col-50 elementor-inner-column elementor-element elementor-element-a9aa76b\" data-id=\"a9aa76b\" data-element_type=\"column\">\n\t\t\t<div class=\"elementor-widget-wrap elementor-element-populated\">\n\t\t\t\t\t\t\t\t<div class=\"elementor-element elementor-element-49af2b3 elementor-widget elementor-widget-text-editor\" data-id=\"49af2b3\" data-element_type=\"widget\" data-widget_type=\"text-editor.default\">\n\t\t\t\t<div class=\"elementor-widget-container\">\n\t\t\t\t\t\t\t<p>Os Cadernos oferecem refer\u00eancias textuais e imag\u00e9ticas, <span class=\"wixui-rich-text__text\">com conte\u00fados sobre as manifesta\u00e7\u00f5es culturais documentadas, suas hist\u00f3rias, realiza\u00e7\u00f5es e ensaios fotogr\u00e1ficos,<\/span> contribuindo de forma significativa para o fortalecimento do sentimento de identidade e brasilidade e para a crescente visibilidade e valoriza\u00e7\u00e3o do patrim\u00f4nio cultural imaterial.<\/p>\t\t\t\t\t\t<\/div>\n\t\t\t\t<\/div>\n\t\t\t\t<div class=\"elementor-element elementor-element-eb1b806 elementor-widget elementor-widget-text-editor\" data-id=\"eb1b806\" data-element_type=\"widget\" data-widget_type=\"text-editor.default\">\n\t\t\t\t<div class=\"elementor-widget-container\">\n\t\t\t\t\t\t\t<p><b>EM BREVE DISPON\u00cdVEL EM PDF.<\/b><\/p>\t\t\t\t\t\t<\/div>\n\t\t\t\t<\/div>\n\t\t\t\t\t<\/div>\n\t\t<\/div>\n\t\t\t\t\t\t\t<\/div>\n\t\t<\/section>\n\t\t\t\t<section class=\"elementor-section elementor-inner-section elementor-element elementor-element-21ab3eb elementor-section-full_width elementor-section-height-default elementor-section-height-default\" data-id=\"21ab3eb\" data-element_type=\"section\">\n\t\t\t\t\t\t<div class=\"elementor-container elementor-column-gap-default\">\n\t\t\t\t\t<div class=\"elementor-column elementor-col-100 elementor-inner-column elementor-element elementor-element-ba63940\" data-id=\"ba63940\" data-element_type=\"column\">\n\t\t\t<div class=\"elementor-widget-wrap elementor-element-populated\">\n\t\t\t\t\t\t\t\t<div class=\"elementor-element elementor-element-5297359 elementor-widget__width-initial elementor-widget elementor-widget-image\" data-id=\"5297359\" data-element_type=\"widget\" data-widget_type=\"image.default\">\n\t\t\t\t<div class=\"elementor-widget-container\">\n\t\t\t\t\t\t\t\t\t\t\t\t<figure class=\"wp-caption\">\n\t\t\t\t\t\t\t\t\t\t\t<a href=\"https:\/\/issuu.com\/filhosdaterra\/docs\/festa_de_yemanj_-_rainha_do_mar\" target=\"_blank\">\n\t\t\t\t\t\t\t<img decoding=\"async\" loading=\"lazy\" width=\"2413\" height=\"1712\" src=\"https:\/\/filhosdaterra.org\/wp-content\/uploads\/2025\/10\/1.png\" class=\"elementor-animation-shrink attachment-full size-full wp-image-6031\" alt=\"\" srcset=\"https:\/\/filhosdaterra.org\/wp-content\/uploads\/2025\/10\/1.png 2413w, https:\/\/filhosdaterra.org\/wp-content\/uploads\/2025\/10\/1-300x213.png 300w, https:\/\/filhosdaterra.org\/wp-content\/uploads\/2025\/10\/1-1024x727.png 1024w, https:\/\/filhosdaterra.org\/wp-content\/uploads\/2025\/10\/1-768x545.png 768w, https:\/\/filhosdaterra.org\/wp-content\/uploads\/2025\/10\/1-1536x1090.png 1536w, https:\/\/filhosdaterra.org\/wp-content\/uploads\/2025\/10\/1-2048x1453.png 2048w, https:\/\/filhosdaterra.org\/wp-content\/uploads\/2025\/10\/1-18x12.png 18w\" sizes=\"(max-width: 2413px) 100vw, 2413px\" \/>\t\t\t\t\t\t\t\t<\/a>\n\t\t\t\t\t\t\t\t\t\t\t<figcaption class=\"widget-image-caption wp-caption-text\">Festa de Yemanj\u00e1 - Rainha do Mar<\/figcaption>\n\t\t\t\t\t\t\t\t\t\t<\/figure>\n\t\t\t\t\t\t\t\t\t<\/div>\n\t\t\t\t<\/div>\n\t\t\t\t<div class=\"elementor-element elementor-element-68b8411 elementor-widget__width-initial elementor-widget-laptop__width-initial elementor-widget elementor-widget-image\" data-id=\"68b8411\" data-element_type=\"widget\" data-widget_type=\"image.default\">\n\t\t\t\t<div class=\"elementor-widget-container\">\n\t\t\t\t\t\t\t\t\t\t\t\t<figure class=\"wp-caption\">\n\t\t\t\t\t\t\t\t\t\t\t<a href=\"https:\/\/issuu.com\/filhosdaterra\/docs\/maracatu_rural_-_dan_a_dos_canaviais\" target=\"_blank\">\n\t\t\t\t\t\t\t<img decoding=\"async\" loading=\"lazy\" width=\"800\" height=\"568\" src=\"https:\/\/filhosdaterra.org\/wp-content\/uploads\/2025\/10\/2-1024x727.png\" class=\"elementor-animation-shrink attachment-large size-large wp-image-6030\" alt=\"\" srcset=\"https:\/\/filhosdaterra.org\/wp-content\/uploads\/2025\/10\/2-1024x727.png 1024w, https:\/\/filhosdaterra.org\/wp-content\/uploads\/2025\/10\/2-300x213.png 300w, https:\/\/filhosdaterra.org\/wp-content\/uploads\/2025\/10\/2-768x545.png 768w, https:\/\/filhosdaterra.org\/wp-content\/uploads\/2025\/10\/2-1536x1090.png 1536w, https:\/\/filhosdaterra.org\/wp-content\/uploads\/2025\/10\/2-2048x1453.png 2048w, https:\/\/filhosdaterra.org\/wp-content\/uploads\/2025\/10\/2-18x12.png 18w\" sizes=\"(max-width: 800px) 100vw, 800px\" \/>\t\t\t\t\t\t\t\t<\/a>\n\t\t\t\t\t\t\t\t\t\t\t<figcaption class=\"widget-image-caption wp-caption-text\">Maracatu Rural - Dan\u00e7a dos Canaviais<\/figcaption>\n\t\t\t\t\t\t\t\t\t\t<\/figure>\n\t\t\t\t\t\t\t\t\t<\/div>\n\t\t\t\t<\/div>\n\t\t\t\t<div class=\"elementor-element elementor-element-d9b590f elementor-widget__width-initial elementor-widget elementor-widget-image\" data-id=\"d9b590f\" data-element_type=\"widget\" data-widget_type=\"image.default\">\n\t\t\t\t<div class=\"elementor-widget-container\">\n\t\t\t\t\t\t\t\t\t\t\t\t<figure class=\"wp-caption\">\n\t\t\t\t\t\t\t\t\t\t\t<a href=\"https:\/\/issuu.com\/filhosdaterra\/docs\/cultura_a_oriana_-_tradi_o_na_enseada_de_brito\" target=\"_blank\">\n\t\t\t\t\t\t\t<img decoding=\"async\" loading=\"lazy\" width=\"800\" height=\"568\" src=\"https:\/\/filhosdaterra.org\/wp-content\/uploads\/2025\/10\/3-1024x727.png\" class=\"elementor-animation-shrink attachment-large size-large wp-image-6029\" alt=\"\" srcset=\"https:\/\/filhosdaterra.org\/wp-content\/uploads\/2025\/10\/3-1024x727.png 1024w, https:\/\/filhosdaterra.org\/wp-content\/uploads\/2025\/10\/3-300x213.png 300w, https:\/\/filhosdaterra.org\/wp-content\/uploads\/2025\/10\/3-768x545.png 768w, https:\/\/filhosdaterra.org\/wp-content\/uploads\/2025\/10\/3-1536x1090.png 1536w, https:\/\/filhosdaterra.org\/wp-content\/uploads\/2025\/10\/3-2048x1453.png 2048w, https:\/\/filhosdaterra.org\/wp-content\/uploads\/2025\/10\/3-18x12.png 18w\" sizes=\"(max-width: 800px) 100vw, 800px\" \/>\t\t\t\t\t\t\t\t<\/a>\n\t\t\t\t\t\t\t\t\t\t\t<figcaption class=\"widget-image-caption wp-caption-text\">Cultura A\u00e7oriana - Tradi\u00e7\u00e3o na Enseada de Brito<\/figcaption>\n\t\t\t\t\t\t\t\t\t\t<\/figure>\n\t\t\t\t\t\t\t\t\t<\/div>\n\t\t\t\t<\/div>\n\t\t\t\t\t<\/div>\n\t\t<\/div>\n\t\t\t\t\t\t\t<\/div>\n\t\t<\/section>\n\t\t\t\t<section class=\"elementor-section elementor-inner-section elementor-element elementor-element-826116a elementor-section-full_width elementor-section-height-default elementor-section-height-default\" data-id=\"826116a\" data-element_type=\"section\">\n\t\t\t\t\t\t<div class=\"elementor-container elementor-column-gap-default\">\n\t\t\t\t\t<div class=\"elementor-column elementor-col-100 elementor-inner-column elementor-element elementor-element-653cf01\" data-id=\"653cf01\" data-element_type=\"column\">\n\t\t\t<div class=\"elementor-widget-wrap elementor-element-populated\">\n\t\t\t\t\t\t\t\t<div class=\"elementor-element elementor-element-03096fd elementor-widget__width-initial elementor-widget elementor-widget-image\" data-id=\"03096fd\" data-element_type=\"widget\" data-widget_type=\"image.default\">\n\t\t\t\t<div class=\"elementor-widget-container\">\n\t\t\t\t\t\t\t\t\t\t\t\t<figure class=\"wp-caption\">\n\t\t\t\t\t\t\t\t\t\t\t<a href=\"https:\/\/issuu.com\/filhosdaterra\/docs\/pega_de_boi_no_mato_-_vaqueiros_nordestinos\" target=\"_blank\">\n\t\t\t\t\t\t\t<img decoding=\"async\" loading=\"lazy\" width=\"800\" height=\"568\" src=\"https:\/\/filhosdaterra.org\/wp-content\/uploads\/2025\/10\/4-1024x727.png\" class=\"elementor-animation-shrink attachment-large size-large wp-image-6028\" alt=\"\" srcset=\"https:\/\/filhosdaterra.org\/wp-content\/uploads\/2025\/10\/4-1024x727.png 1024w, https:\/\/filhosdaterra.org\/wp-content\/uploads\/2025\/10\/4-300x213.png 300w, https:\/\/filhosdaterra.org\/wp-content\/uploads\/2025\/10\/4-768x545.png 768w, https:\/\/filhosdaterra.org\/wp-content\/uploads\/2025\/10\/4-1536x1090.png 1536w, https:\/\/filhosdaterra.org\/wp-content\/uploads\/2025\/10\/4-2048x1453.png 2048w, https:\/\/filhosdaterra.org\/wp-content\/uploads\/2025\/10\/4-18x12.png 18w\" sizes=\"(max-width: 800px) 100vw, 800px\" \/>\t\t\t\t\t\t\t\t<\/a>\n\t\t\t\t\t\t\t\t\t\t\t<figcaption class=\"widget-image-caption wp-caption-text\">Pega de Boi no Mato - Vaqueiros Nordestinos<\/figcaption>\n\t\t\t\t\t\t\t\t\t\t<\/figure>\n\t\t\t\t\t\t\t\t\t<\/div>\n\t\t\t\t<\/div>\n\t\t\t\t<div class=\"elementor-element elementor-element-14afb9e elementor-widget__width-initial elementor-widget elementor-widget-image\" data-id=\"14afb9e\" data-element_type=\"widget\" data-widget_type=\"image.default\">\n\t\t\t\t<div class=\"elementor-widget-container\">\n\t\t\t\t\t\t\t\t\t\t\t\t<figure class=\"wp-caption\">\n\t\t\t\t\t\t\t\t\t\t\t<a href=\"https:\/\/issuu.com\/filhosdaterra\/docs\/vaqueiro_das_guas_-_comitiva_pantaneira\" target=\"_blank\">\n\t\t\t\t\t\t\t<img decoding=\"async\" loading=\"lazy\" width=\"800\" height=\"568\" src=\"https:\/\/filhosdaterra.org\/wp-content\/uploads\/2025\/10\/5-1024x727.png\" class=\"elementor-animation-shrink attachment-large size-large wp-image-6027\" alt=\"\" srcset=\"https:\/\/filhosdaterra.org\/wp-content\/uploads\/2025\/10\/5-1024x727.png 1024w, https:\/\/filhosdaterra.org\/wp-content\/uploads\/2025\/10\/5-300x213.png 300w, https:\/\/filhosdaterra.org\/wp-content\/uploads\/2025\/10\/5-768x545.png 768w, https:\/\/filhosdaterra.org\/wp-content\/uploads\/2025\/10\/5-1536x1090.png 1536w, https:\/\/filhosdaterra.org\/wp-content\/uploads\/2025\/10\/5-2048x1453.png 2048w, https:\/\/filhosdaterra.org\/wp-content\/uploads\/2025\/10\/5-18x12.png 18w\" sizes=\"(max-width: 800px) 100vw, 800px\" \/>\t\t\t\t\t\t\t\t<\/a>\n\t\t\t\t\t\t\t\t\t\t\t<figcaption class=\"widget-image-caption wp-caption-text\">Vaqueiro das \u00c1guas - Comitiva Pantaneira<\/figcaption>\n\t\t\t\t\t\t\t\t\t\t<\/figure>\n\t\t\t\t\t\t\t\t\t<\/div>\n\t\t\t\t<\/div>\n\t\t\t\t<div class=\"elementor-element elementor-element-e9a5f4f elementor-widget__width-initial elementor-widget elementor-widget-image\" data-id=\"e9a5f4f\" data-element_type=\"widget\" data-widget_type=\"image.default\">\n\t\t\t\t<div class=\"elementor-widget-container\">\n\t\t\t\t\t\t\t\t\t\t\t\t<figure class=\"wp-caption\">\n\t\t\t\t\t\t\t\t\t\t\t<a href=\"https:\/\/issuu.com\/filhosdaterra\/docs\/tropeiros_do_sul_-_semana_farroupilha\" target=\"_blank\">\n\t\t\t\t\t\t\t<img decoding=\"async\" loading=\"lazy\" width=\"800\" height=\"568\" src=\"https:\/\/filhosdaterra.org\/wp-content\/uploads\/2025\/10\/6-1024x727.png\" class=\"elementor-animation-shrink attachment-large size-large wp-image-6026\" alt=\"\" srcset=\"https:\/\/filhosdaterra.org\/wp-content\/uploads\/2025\/10\/6-1024x727.png 1024w, https:\/\/filhosdaterra.org\/wp-content\/uploads\/2025\/10\/6-300x213.png 300w, https:\/\/filhosdaterra.org\/wp-content\/uploads\/2025\/10\/6-768x545.png 768w, https:\/\/filhosdaterra.org\/wp-content\/uploads\/2025\/10\/6-1536x1090.png 1536w, https:\/\/filhosdaterra.org\/wp-content\/uploads\/2025\/10\/6-2048x1453.png 2048w, https:\/\/filhosdaterra.org\/wp-content\/uploads\/2025\/10\/6-18x12.png 18w\" sizes=\"(max-width: 800px) 100vw, 800px\" \/>\t\t\t\t\t\t\t\t<\/a>\n\t\t\t\t\t\t\t\t\t\t\t<figcaption class=\"widget-image-caption wp-caption-text\">Tropeiros do Sul - Semana Farroupilha<\/figcaption>\n\t\t\t\t\t\t\t\t\t\t<\/figure>\n\t\t\t\t\t\t\t\t\t<\/div>\n\t\t\t\t<\/div>\n\t\t\t\t\t<\/div>\n\t\t<\/div>\n\t\t\t\t\t\t\t<\/div>\n\t\t<\/section>\n\t\t\t\t<section class=\"elementor-section elementor-inner-section elementor-element elementor-element-e9f587f elementor-section-full_width elementor-section-height-default elementor-section-height-default\" data-id=\"e9f587f\" data-element_type=\"section\">\n\t\t\t\t\t\t<div class=\"elementor-container elementor-column-gap-default\">\n\t\t\t\t\t<div class=\"elementor-column elementor-col-100 elementor-inner-column elementor-element elementor-element-b12d9c5\" data-id=\"b12d9c5\" data-element_type=\"column\">\n\t\t\t<div class=\"elementor-widget-wrap elementor-element-populated\">\n\t\t\t\t\t\t\t\t<div class=\"elementor-element elementor-element-470a783 elementor-widget__width-initial elementor-widget elementor-widget-image\" data-id=\"470a783\" data-element_type=\"widget\" data-widget_type=\"image.default\">\n\t\t\t\t<div class=\"elementor-widget-container\">\n\t\t\t\t\t\t\t\t\t\t\t\t<figure class=\"wp-caption\">\n\t\t\t\t\t\t\t\t\t\t\t<a href=\"https:\/\/issuu.com\/filhosdaterra\/docs\/festa_do_carro_de_boi_-_hist_ria_no_interior_minei\" target=\"_blank\">\n\t\t\t\t\t\t\t<img decoding=\"async\" loading=\"lazy\" width=\"800\" height=\"568\" src=\"https:\/\/filhosdaterra.org\/wp-content\/uploads\/2025\/10\/7-1024x727.png\" class=\"elementor-animation-shrink attachment-large size-large wp-image-6025\" alt=\"\" srcset=\"https:\/\/filhosdaterra.org\/wp-content\/uploads\/2025\/10\/7-1024x727.png 1024w, https:\/\/filhosdaterra.org\/wp-content\/uploads\/2025\/10\/7-300x213.png 300w, https:\/\/filhosdaterra.org\/wp-content\/uploads\/2025\/10\/7-768x545.png 768w, https:\/\/filhosdaterra.org\/wp-content\/uploads\/2025\/10\/7-1536x1090.png 1536w, https:\/\/filhosdaterra.org\/wp-content\/uploads\/2025\/10\/7-2048x1453.png 2048w, https:\/\/filhosdaterra.org\/wp-content\/uploads\/2025\/10\/7-18x12.png 18w\" sizes=\"(max-width: 800px) 100vw, 800px\" \/>\t\t\t\t\t\t\t\t<\/a>\n\t\t\t\t\t\t\t\t\t\t\t<figcaption class=\"widget-image-caption wp-caption-text\">Festa do Carro de Boi - Host\u00f3ria no Interior Mineiro<\/figcaption>\n\t\t\t\t\t\t\t\t\t\t<\/figure>\n\t\t\t\t\t\t\t\t\t<\/div>\n\t\t\t\t<\/div>\n\t\t\t\t<div class=\"elementor-element elementor-element-8f72c0f elementor-widget__width-initial elementor-widget elementor-widget-image\" data-id=\"8f72c0f\" data-element_type=\"widget\" data-widget_type=\"image.default\">\n\t\t\t\t<div class=\"elementor-widget-container\">\n\t\t\t\t\t\t\t\t\t\t\t\t<figure class=\"wp-caption\">\n\t\t\t\t\t\t\t\t\t\t\t<a href=\"https:\/\/issuu.com\/filhosdaterra\/docs\/congada_-_louvor_da_nosssa_senhora_do_ros_rio\" target=\"_blank\">\n\t\t\t\t\t\t\t<img decoding=\"async\" loading=\"lazy\" width=\"800\" height=\"568\" src=\"https:\/\/filhosdaterra.org\/wp-content\/uploads\/2025\/10\/8-1024x727.png\" class=\"elementor-animation-shrink attachment-large size-large wp-image-6024\" alt=\"\" srcset=\"https:\/\/filhosdaterra.org\/wp-content\/uploads\/2025\/10\/8-1024x727.png 1024w, https:\/\/filhosdaterra.org\/wp-content\/uploads\/2025\/10\/8-300x213.png 300w, https:\/\/filhosdaterra.org\/wp-content\/uploads\/2025\/10\/8-768x545.png 768w, https:\/\/filhosdaterra.org\/wp-content\/uploads\/2025\/10\/8-1536x1090.png 1536w, https:\/\/filhosdaterra.org\/wp-content\/uploads\/2025\/10\/8-2048x1453.png 2048w, https:\/\/filhosdaterra.org\/wp-content\/uploads\/2025\/10\/8-18x12.png 18w\" sizes=\"(max-width: 800px) 100vw, 800px\" \/>\t\t\t\t\t\t\t\t<\/a>\n\t\t\t\t\t\t\t\t\t\t\t<figcaption class=\"widget-image-caption wp-caption-text\">Congada - Louvor da Nossa Senhora do Ros\u00e1rio<\/figcaption>\n\t\t\t\t\t\t\t\t\t\t<\/figure>\n\t\t\t\t\t\t\t\t\t<\/div>\n\t\t\t\t<\/div>\n\t\t\t\t<div class=\"elementor-element elementor-element-df50202 elementor-widget__width-initial elementor-widget elementor-widget-image\" data-id=\"df50202\" data-element_type=\"widget\" data-widget_type=\"image.default\">\n\t\t\t\t<div class=\"elementor-widget-container\">\n\t\t\t\t\t\t\t\t\t\t\t\t<figure class=\"wp-caption\">\n\t\t\t\t\t\t\t\t\t\t\t<a href=\"https:\/\/issuu.com\/filhosdaterra\/docs\/divino_esp_rito_santo_-_romaria_kalunga\" target=\"_blank\">\n\t\t\t\t\t\t\t<img decoding=\"async\" loading=\"lazy\" width=\"800\" height=\"568\" src=\"https:\/\/filhosdaterra.org\/wp-content\/uploads\/2025\/10\/9-1024x727.png\" class=\"elementor-animation-shrink attachment-large size-large wp-image-6023\" alt=\"\" srcset=\"https:\/\/filhosdaterra.org\/wp-content\/uploads\/2025\/10\/9-1024x727.png 1024w, https:\/\/filhosdaterra.org\/wp-content\/uploads\/2025\/10\/9-300x213.png 300w, https:\/\/filhosdaterra.org\/wp-content\/uploads\/2025\/10\/9-768x545.png 768w, https:\/\/filhosdaterra.org\/wp-content\/uploads\/2025\/10\/9-1536x1090.png 1536w, https:\/\/filhosdaterra.org\/wp-content\/uploads\/2025\/10\/9-2048x1453.png 2048w, https:\/\/filhosdaterra.org\/wp-content\/uploads\/2025\/10\/9-18x12.png 18w\" sizes=\"(max-width: 800px) 100vw, 800px\" \/>\t\t\t\t\t\t\t\t<\/a>\n\t\t\t\t\t\t\t\t\t\t\t<figcaption class=\"widget-image-caption wp-caption-text\">Divino Esp\u00edrito Santo - Romaria Kalunga<\/figcaption>\n\t\t\t\t\t\t\t\t\t\t<\/figure>\n\t\t\t\t\t\t\t\t\t<\/div>\n\t\t\t\t<\/div>\n\t\t\t\t\t<\/div>\n\t\t<\/div>\n\t\t\t\t\t\t\t<\/div>\n\t\t<\/section>\n\t\t\t\t<section class=\"elementor-section elementor-inner-section elementor-element elementor-element-10ff6d9 elementor-section-full_width elementor-section-height-default elementor-section-height-default\" data-id=\"10ff6d9\" data-element_type=\"section\">\n\t\t\t\t\t\t<div class=\"elementor-container elementor-column-gap-default\">\n\t\t\t\t\t<div class=\"elementor-column elementor-col-100 elementor-inner-column elementor-element elementor-element-4e004ec\" data-id=\"4e004ec\" data-element_type=\"column\">\n\t\t\t<div class=\"elementor-widget-wrap elementor-element-populated\">\n\t\t\t\t\t\t\t\t<div class=\"elementor-element elementor-element-1944c88 elementor-widget__width-initial elementor-widget elementor-widget-image\" data-id=\"1944c88\" data-element_type=\"widget\" data-widget_type=\"image.default\">\n\t\t\t\t<div class=\"elementor-widget-container\">\n\t\t\t\t\t\t\t\t\t\t\t\t<figure class=\"wp-caption\">\n\t\t\t\t\t\t\t\t\t\t\t<a href=\"https:\/\/issuu.com\/filhosdaterra\/docs\/wyra_uhaw_-_ritual_da_menina-mo_a\" target=\"_blank\">\n\t\t\t\t\t\t\t<img decoding=\"async\" loading=\"lazy\" width=\"800\" height=\"568\" src=\"https:\/\/filhosdaterra.org\/wp-content\/uploads\/2025\/10\/10-1024x727.png\" class=\"elementor-animation-shrink attachment-large size-large wp-image-6022\" alt=\"\" srcset=\"https:\/\/filhosdaterra.org\/wp-content\/uploads\/2025\/10\/10-1024x727.png 1024w, https:\/\/filhosdaterra.org\/wp-content\/uploads\/2025\/10\/10-300x213.png 300w, https:\/\/filhosdaterra.org\/wp-content\/uploads\/2025\/10\/10-768x545.png 768w, https:\/\/filhosdaterra.org\/wp-content\/uploads\/2025\/10\/10-1536x1090.png 1536w, https:\/\/filhosdaterra.org\/wp-content\/uploads\/2025\/10\/10-2048x1453.png 2048w, https:\/\/filhosdaterra.org\/wp-content\/uploads\/2025\/10\/10-18x12.png 18w\" sizes=\"(max-width: 800px) 100vw, 800px\" \/>\t\t\t\t\t\t\t\t<\/a>\n\t\t\t\t\t\t\t\t\t\t\t<figcaption class=\"widget-image-caption wp-caption-text\">Wyra 'Uhaw - Ritual da Menina-Mo\u00e7a<\/figcaption>\n\t\t\t\t\t\t\t\t\t\t<\/figure>\n\t\t\t\t\t\t\t\t\t<\/div>\n\t\t\t\t<\/div>\n\t\t\t\t<div class=\"elementor-element elementor-element-d197f10 elementor-widget__width-initial elementor-widget elementor-widget-image\" data-id=\"d197f10\" data-element_type=\"widget\" data-widget_type=\"image.default\">\n\t\t\t\t<div class=\"elementor-widget-container\">\n\t\t\t\t\t\t\t\t\t\t\t\t<figure class=\"wp-caption\">\n\t\t\t\t\t\t\t\t\t\t\t<a href=\"https:\/\/issuu.com\/filhosdaterra\/docs\/marujada_-_celebra_o_do_santo_preto\" target=\"_blank\">\n\t\t\t\t\t\t\t<img decoding=\"async\" loading=\"lazy\" width=\"800\" height=\"568\" src=\"https:\/\/filhosdaterra.org\/wp-content\/uploads\/2025\/10\/11-1024x727.png\" class=\"elementor-animation-shrink attachment-large size-large wp-image-6021\" alt=\"\" srcset=\"https:\/\/filhosdaterra.org\/wp-content\/uploads\/2025\/10\/11-1024x727.png 1024w, https:\/\/filhosdaterra.org\/wp-content\/uploads\/2025\/10\/11-300x213.png 300w, https:\/\/filhosdaterra.org\/wp-content\/uploads\/2025\/10\/11-768x545.png 768w, https:\/\/filhosdaterra.org\/wp-content\/uploads\/2025\/10\/11-1536x1090.png 1536w, https:\/\/filhosdaterra.org\/wp-content\/uploads\/2025\/10\/11-2048x1453.png 2048w, https:\/\/filhosdaterra.org\/wp-content\/uploads\/2025\/10\/11-18x12.png 18w\" sizes=\"(max-width: 800px) 100vw, 800px\" \/>\t\t\t\t\t\t\t\t<\/a>\n\t\t\t\t\t\t\t\t\t\t\t<figcaption class=\"widget-image-caption wp-caption-text\">Marujada - Celebra\u00e7\u00e3o do Santo Preto<\/figcaption>\n\t\t\t\t\t\t\t\t\t\t<\/figure>\n\t\t\t\t\t\t\t\t\t<\/div>\n\t\t\t\t<\/div>\n\t\t\t\t<div class=\"elementor-element elementor-element-fd078c6 elementor-widget__width-initial elementor-widget elementor-widget-image\" data-id=\"fd078c6\" data-element_type=\"widget\" data-widget_type=\"image.default\">\n\t\t\t\t<div class=\"elementor-widget-container\">\n\t\t\t\t\t\t\t\t\t\t\t\t<figure class=\"wp-caption\">\n\t\t\t\t\t\t\t\t\t\t\t<a href=\"https:\/\/issuu.com\/filhosdaterra\/docs\/santo_daime_-_festejos_de_s_o_jo_o\" target=\"_blank\">\n\t\t\t\t\t\t\t<img decoding=\"async\" loading=\"lazy\" width=\"800\" height=\"568\" src=\"https:\/\/filhosdaterra.org\/wp-content\/uploads\/2025\/10\/12-1024x727.png\" class=\"elementor-animation-shrink attachment-large size-large wp-image-6020\" alt=\"\" srcset=\"https:\/\/filhosdaterra.org\/wp-content\/uploads\/2025\/10\/12-1024x727.png 1024w, https:\/\/filhosdaterra.org\/wp-content\/uploads\/2025\/10\/12-300x213.png 300w, https:\/\/filhosdaterra.org\/wp-content\/uploads\/2025\/10\/12-768x545.png 768w, https:\/\/filhosdaterra.org\/wp-content\/uploads\/2025\/10\/12-1536x1090.png 1536w, https:\/\/filhosdaterra.org\/wp-content\/uploads\/2025\/10\/12-2048x1453.png 2048w, https:\/\/filhosdaterra.org\/wp-content\/uploads\/2025\/10\/12-18x12.png 18w\" sizes=\"(max-width: 800px) 100vw, 800px\" \/>\t\t\t\t\t\t\t\t<\/a>\n\t\t\t\t\t\t\t\t\t\t\t<figcaption class=\"widget-image-caption wp-caption-text\">Santo Daime - Festejos de S\u00e3o Jo\u00e3o<\/figcaption>\n\t\t\t\t\t\t\t\t\t\t<\/figure>\n\t\t\t\t\t\t\t\t\t<\/div>\n\t\t\t\t<\/div>\n\t\t\t\t\t<\/div>\n\t\t<\/div>\n\t\t\t\t\t\t\t<\/div>\n\t\t<\/section>\n\t\t\t\t\t<\/div>\n\t\t<\/div>\n\t\t\t\t\t\t\t<\/div>\n\t\t<\/section>\n\t\t\t\t<section class=\"elementor-section elementor-top-section elementor-element elementor-element-da414a9 elementor-section-boxed elementor-section-height-default elementor-section-height-default\" data-id=\"da414a9\" data-element_type=\"section\" data-settings=\"{&quot;background_background&quot;:&quot;slideshow&quot;,&quot;background_slideshow_gallery&quot;:[],&quot;background_slideshow_loop&quot;:&quot;yes&quot;,&quot;background_slideshow_slide_duration&quot;:5000,&quot;background_slideshow_slide_transition&quot;:&quot;fade&quot;,&quot;background_slideshow_transition_duration&quot;:500}\">\n\t\t\t\t\t\t<div class=\"elementor-container elementor-column-gap-default\">\n\t\t\t\t\t<div class=\"elementor-column elementor-col-100 elementor-top-column elementor-element elementor-element-fac69c9\" data-id=\"fac69c9\" data-element_type=\"column\" data-settings=\"{&quot;background_background&quot;:&quot;slideshow&quot;,&quot;background_slideshow_gallery&quot;:[],&quot;background_slideshow_loop&quot;:&quot;yes&quot;,&quot;background_slideshow_slide_duration&quot;:5000,&quot;background_slideshow_slide_transition&quot;:&quot;fade&quot;,&quot;background_slideshow_transition_duration&quot;:500}\">\n\t\t\t<div class=\"elementor-widget-wrap elementor-element-populated\">\n\t\t\t\t\t\t\t\t<div class=\"elementor-element elementor-element-e09bfc2 elementor-widget elementor-widget-image-carousel\" data-id=\"e09bfc2\" data-element_type=\"widget\" data-settings=\"{&quot;slides_to_show&quot;:&quot;1&quot;,&quot;navigation&quot;:&quot;none&quot;,&quot;autoplay&quot;:&quot;yes&quot;,&quot;pause_on_hover&quot;:&quot;yes&quot;,&quot;pause_on_interaction&quot;:&quot;yes&quot;,&quot;autoplay_speed&quot;:5000,&quot;infinite&quot;:&quot;yes&quot;,&quot;effect&quot;:&quot;slide&quot;,&quot;speed&quot;:500}\" data-widget_type=\"image-carousel.default\">\n\t\t\t\t<div class=\"elementor-widget-container\">\n\t\t\t\t\t<div class=\"elementor-image-carousel-wrapper swiper-container\" dir=\"ltr\">\n\t\t\t<div class=\"elementor-image-carousel swiper-wrapper swiper-image-stretch\" aria-live=\"off\">\n\t\t\t\t\t\t\t\t<div class=\"swiper-slide\" role=\"group\" aria-roledescription=\"slide\" aria-label=\"1 of 5\"><figure class=\"swiper-slide-inner\"><img decoding=\"async\" class=\"swiper-slide-image\" src=\"https:\/\/filhosdaterra.org\/wp-content\/uploads\/2023\/11\/corte-Copia-de-0a792b_0410c1d2323b4a0d9a440c60ac9ab6f9-mv2-scaled.jpg\" alt=\"Um Ga\u00facho caminha entre rebanho de ovelhos em uma fazenda durante os festejos da Semana Farroupilha em Alegrete\/RS\" \/><\/figure><\/div><div class=\"swiper-slide\" role=\"group\" aria-roledescription=\"slide\" aria-label=\"2 of 5\"><figure class=\"swiper-slide-inner\"><img decoding=\"async\" class=\"swiper-slide-image\" src=\"https:\/\/filhosdaterra.org\/wp-content\/uploads\/2023\/11\/corte-Copia-de-0a792b_8231741f5c35464b89cb35fb5e191fba-mv2-scaled.jpg\" alt=\"Crian\u00e7a com as roupas tradicionais durante as celebra\u00e7\u00f5es da Marujada em Bragan\u00e7a\/PA\" \/><\/figure><\/div><div class=\"swiper-slide\" role=\"group\" aria-roledescription=\"slide\" aria-label=\"3 of 5\"><figure class=\"swiper-slide-inner\"><img decoding=\"async\" class=\"swiper-slide-image\" src=\"https:\/\/filhosdaterra.org\/wp-content\/uploads\/2023\/11\/corte-Copia-de-0a792b_c5e9854a420a4f2da1a76eec43964bc1-mv2-scaled.jpg\" alt=\"Homem celebra na praia durante a Festa de Yemanj\u00e1 na Ilha de Itaparica\/BA\" \/><\/figure><\/div><div class=\"swiper-slide\" role=\"group\" aria-roledescription=\"slide\" aria-label=\"4 of 5\"><figure class=\"swiper-slide-inner\"><img decoding=\"async\" class=\"swiper-slide-image\" src=\"https:\/\/filhosdaterra.org\/wp-content\/uploads\/2023\/11\/corte-Copia-de-0a792b_db741eed26a34038954f1cf9fd495e7a-mv2-scaled.jpg\" alt=\"Carreiro conduz sua junta de bois durante a Romaria de Carros de Boi do Divono Pai Eterno, em Trindade\/GO\" \/><\/figure><\/div><div class=\"swiper-slide\" role=\"group\" aria-roledescription=\"slide\" aria-label=\"5 of 5\"><figure class=\"swiper-slide-inner\"><img decoding=\"async\" class=\"swiper-slide-image\" src=\"https:\/\/filhosdaterra.org\/wp-content\/uploads\/2023\/11\/CC0a792b_0363bd6d47c14e868831f04b08ff7e1e-mv2.jpg\" alt=\"Vaqueiros com suas vestes tradicionais e seus cavalos durante a Vaquejada em PE\" \/><\/figure><\/div>\t\t\t<\/div>\n\t\t\t\t\t\t\t\n\t\t\t\t\t\t\t\t\t<\/div>\n\t\t\t\t<\/div>\n\t\t\t\t<\/div>\n\t\t\t\t\t<\/div>\n\t\t<\/div>\n\t\t\t\t\t\t\t<\/div>\n\t\t<\/section>\n\t\t\t\t<section class=\"elementor-section elementor-top-section elementor-element elementor-element-7820a23e elementor-section-boxed elementor-section-height-default elementor-section-height-default\" data-id=\"7820a23e\" data-element_type=\"section\" data-settings=\"{&quot;background_background&quot;:&quot;classic&quot;}\">\n\t\t\t\t\t\t\t<div class=\"elementor-background-overlay\"><\/div>\n\t\t\t\t\t\t\t<div class=\"elementor-container elementor-column-gap-no\">\n\t\t\t\t\t<div class=\"elementor-column elementor-col-100 elementor-top-column elementor-element elementor-element-708918c6\" data-id=\"708918c6\" data-element_type=\"column\">\n\t\t\t<div class=\"elementor-widget-wrap elementor-element-populated\">\n\t\t\t\t\t\t\t\t<section class=\"elementor-section elementor-inner-section elementor-element elementor-element-e9f475b elementor-section-full_width elementor-section-height-default elementor-section-height-default\" data-id=\"e9f475b\" data-element_type=\"section\">\n\t\t\t\t\t\t<div class=\"elementor-container elementor-column-gap-default\">\n\t\t\t\t\t<div class=\"elementor-column elementor-col-50 elementor-inner-column elementor-element elementor-element-4df7ad3\" data-id=\"4df7ad3\" data-element_type=\"column\">\n\t\t\t<div class=\"elementor-widget-wrap elementor-element-populated\">\n\t\t\t\t\t\t\t\t<div class=\"elementor-element elementor-element-98856df elementor-list-item-link-inline elementor-widget-mobile__width-inherit elementor-widget__width-inherit elementor-align-left elementor-laptop-align-left elementor-mobile-align-center elementor-icon-list--layout-traditional elementor-widget elementor-widget-icon-list\" data-id=\"98856df\" data-element_type=\"widget\" data-widget_type=\"icon-list.default\">\n\t\t\t\t<div class=\"elementor-widget-container\">\n\t\t\t\t\t<ul class=\"elementor-icon-list-items\">\n\t\t\t\t\t\t\t<li class=\"elementor-icon-list-item\">\n\t\t\t\t\t\t\t\t\t\t<span class=\"elementor-icon-list-text\">Construindo Informa\u00e7\u00f5es<\/span>\n\t\t\t\t\t\t\t\t\t<\/li>\n\t\t\t\t\t\t<\/ul>\n\t\t\t\t<\/div>\n\t\t\t\t<\/div>\n\t\t\t\t<div class=\"elementor-element elementor-element-3d8d723 elementor-widget-laptop__width-initial elementor-widget-mobile_extra__width-inherit elementor-widget-tablet__width-inherit elementor-widget elementor-widget-heading\" data-id=\"3d8d723\" data-element_type=\"widget\" data-widget_type=\"heading.default\">\n\t\t\t\t<div class=\"elementor-widget-container\">\n\t\t\t<h2 class=\"elementor-heading-title elementor-size-default\">Blog<\/h2>\t\t<\/div>\n\t\t\t\t<\/div>\n\t\t\t\t<div class=\"elementor-element elementor-element-04480eb elementor-widget__width-initial elementor-invisible elementor-widget elementor-widget-text-editor\" data-id=\"04480eb\" data-element_type=\"widget\" data-settings=\"{&quot;_animation&quot;:&quot;fadeInUp&quot;}\" data-widget_type=\"text-editor.default\">\n\t\t\t\t<div class=\"elementor-widget-container\">\n\t\t\t\t\t\t\t<p>Anota\u00e7\u00f5es de Viagem + Informa\u00e7\u00f5es sobre o Patrim\u00f4nio Cultural Imaterial<\/p>\t\t\t\t\t\t<\/div>\n\t\t\t\t<\/div>\n\t\t\t\t\t<\/div>\n\t\t<\/div>\n\t\t\t\t<div class=\"elementor-column elementor-col-50 elementor-inner-column elementor-element elementor-element-6acacd0\" data-id=\"6acacd0\" data-element_type=\"column\">\n\t\t\t<div class=\"elementor-widget-wrap elementor-element-populated\">\n\t\t\t\t\t\t\t\t<div class=\"elementor-element elementor-element-17e4b0f elementor-grid-tablet_extra-2 elementor-grid-3 elementor-grid-tablet-2 elementor-grid-mobile-1 elementor-posts--thumbnail-top elementor-widget elementor-widget-posts\" data-id=\"17e4b0f\" data-element_type=\"widget\" data-settings=\"{&quot;classic_row_gap&quot;:{&quot;unit&quot;:&quot;px&quot;,&quot;size&quot;:50,&quot;sizes&quot;:[]},&quot;classic_columns_tablet_extra&quot;:&quot;2&quot;,&quot;classic_columns&quot;:&quot;3&quot;,&quot;classic_columns_tablet&quot;:&quot;2&quot;,&quot;classic_columns_mobile&quot;:&quot;1&quot;,&quot;classic_row_gap_widescreen&quot;:{&quot;unit&quot;:&quot;px&quot;,&quot;size&quot;:&quot;&quot;,&quot;sizes&quot;:[]},&quot;classic_row_gap_laptop&quot;:{&quot;unit&quot;:&quot;px&quot;,&quot;size&quot;:&quot;&quot;,&quot;sizes&quot;:[]},&quot;classic_row_gap_tablet_extra&quot;:{&quot;unit&quot;:&quot;px&quot;,&quot;size&quot;:&quot;&quot;,&quot;sizes&quot;:[]},&quot;classic_row_gap_tablet&quot;:{&quot;unit&quot;:&quot;px&quot;,&quot;size&quot;:&quot;&quot;,&quot;sizes&quot;:[]},&quot;classic_row_gap_mobile_extra&quot;:{&quot;unit&quot;:&quot;px&quot;,&quot;size&quot;:&quot;&quot;,&quot;sizes&quot;:[]},&quot;classic_row_gap_mobile&quot;:{&quot;unit&quot;:&quot;px&quot;,&quot;size&quot;:&quot;&quot;,&quot;sizes&quot;:[]}}\" data-widget_type=\"posts.classic\">\n\t\t\t\t<div class=\"elementor-widget-container\">\n\t\t\t<link rel=\"stylesheet\" href=\"https:\/\/filhosdaterra.org\/wp-content\/plugins\/elementor-pro\/assets\/css\/widget-posts.min.css\">\t\t<div class=\"elementor-posts-container elementor-posts elementor-posts--skin-classic elementor-grid\">\n\t\t\t\t<article class=\"elementor-post elementor-grid-item post-6713 post type-post status-publish format-standard has-post-thumbnail hentry category-blog tag-patrimonio-imaterial-educacao-brazlandia-cultura-popular-filhos-da-terra\">\n\t\t\t\t<a class=\"elementor-post__thumbnail__link\" href=\"https:\/\/filhosdaterra.org\/en\/brazlandia-inicia-o-circuito-de-educacao-patrimonial\/\" tabindex=\"-1\" >\n\t\t\t<div class=\"elementor-post__thumbnail\"><img decoding=\"async\" loading=\"lazy\" width=\"768\" height=\"512\" src=\"https:\/\/filhosdaterra.org\/wp-content\/uploads\/2026\/03\/55168771431_185bd03ca9_c-768x512.jpg\" class=\"attachment-medium_large size-medium_large wp-image-6696\" alt=\"\" srcset=\"https:\/\/filhosdaterra.org\/wp-content\/uploads\/2026\/03\/55168771431_185bd03ca9_c-768x512.jpg 768w, https:\/\/filhosdaterra.org\/wp-content\/uploads\/2026\/03\/55168771431_185bd03ca9_c-300x200.jpg 300w, https:\/\/filhosdaterra.org\/wp-content\/uploads\/2026\/03\/55168771431_185bd03ca9_c-18x12.jpg 18w, https:\/\/filhosdaterra.org\/wp-content\/uploads\/2026\/03\/55168771431_185bd03ca9_c.jpg 799w\" sizes=\"(max-width: 768px) 100vw, 768px\" \/><\/div>\n\t\t<\/a>\n\t\t\t\t<div class=\"elementor-post__text\">\n\t\t\t\t<h3 class=\"elementor-post__title\">\n\t\t\t<a href=\"https:\/\/filhosdaterra.org\/en\/brazlandia-inicia-o-circuito-de-educacao-patrimonial\/\" >\n\t\t\t\tBrazl\u00e2ndia inicia o Circuito de Educa\u00e7\u00e3o Patrimonial\t\t\t<\/a>\n\t\t<\/h3>\n\t\t\t\t<div class=\"elementor-post__meta-data\">\n\t\t\t\t\t<span class=\"elementor-post-date\">\n\t\t\t29 de March de 2026\t\t<\/span>\n\t\t\t\t<\/div>\n\t\t\n\t\t<a class=\"elementor-post__read-more\" href=\"https:\/\/filhosdaterra.org\/en\/brazlandia-inicia-o-circuito-de-educacao-patrimonial\/\" aria-label=\"Read more about Brazl\u00e2ndia inicia o Circuito de Educa\u00e7\u00e3o Patrimonial\" tabindex=\"-1\" >\n\t\t\tMais detalhes \u00bb\t\t<\/a>\n\n\t\t\t\t<\/div>\n\t\t\t\t<\/article>\n\t\t\t\t<article class=\"elementor-post elementor-grid-item post-6678 post type-post status-publish format-standard has-post-thumbnail hentry category-blog\">\n\t\t\t\t<a class=\"elementor-post__thumbnail__link\" href=\"https:\/\/filhosdaterra.org\/en\/cultura-popular-e-tecnologia-se-encontram-nas-escolas-do-df-com-o-projeto-filhos-da-terra-circuito-de-educacao-patrimonial\/\" tabindex=\"-1\" >\n\t\t\t<div class=\"elementor-post__thumbnail\"><img decoding=\"async\" loading=\"lazy\" width=\"768\" height=\"432\" src=\"https:\/\/filhosdaterra.org\/wp-content\/uploads\/2026\/03\/CAPA-IMG_20240411_102858-768x432.jpg\" class=\"attachment-medium_large size-medium_large wp-image-6625\" alt=\"\" srcset=\"https:\/\/filhosdaterra.org\/wp-content\/uploads\/2026\/03\/CAPA-IMG_20240411_102858-768x432.jpg 768w, https:\/\/filhosdaterra.org\/wp-content\/uploads\/2026\/03\/CAPA-IMG_20240411_102858-300x169.jpg 300w, https:\/\/filhosdaterra.org\/wp-content\/uploads\/2026\/03\/CAPA-IMG_20240411_102858-1024x576.jpg 1024w, https:\/\/filhosdaterra.org\/wp-content\/uploads\/2026\/03\/CAPA-IMG_20240411_102858-1536x864.jpg 1536w, https:\/\/filhosdaterra.org\/wp-content\/uploads\/2026\/03\/CAPA-IMG_20240411_102858-2048x1152.jpg 2048w, https:\/\/filhosdaterra.org\/wp-content\/uploads\/2026\/03\/CAPA-IMG_20240411_102858-18x10.jpg 18w\" sizes=\"(max-width: 768px) 100vw, 768px\" \/><\/div>\n\t\t<\/a>\n\t\t\t\t<div class=\"elementor-post__text\">\n\t\t\t\t<h3 class=\"elementor-post__title\">\n\t\t\t<a href=\"https:\/\/filhosdaterra.org\/en\/cultura-popular-e-tecnologia-se-encontram-nas-escolas-do-df-com-o-projeto-filhos-da-terra-circuito-de-educacao-patrimonial\/\" >\n\t\t\t\tCultura popular e tecnologia se encontram nas escolas do DF com o projeto Filhos da Terra \u2013 Circuito de Educa\u00e7\u00e3o Patrimonial\t\t\t<\/a>\n\t\t<\/h3>\n\t\t\t\t<div class=\"elementor-post__meta-data\">\n\t\t\t\t\t<span class=\"elementor-post-date\">\n\t\t\t20 de March de 2026\t\t<\/span>\n\t\t\t\t<\/div>\n\t\t\n\t\t<a class=\"elementor-post__read-more\" href=\"https:\/\/filhosdaterra.org\/en\/cultura-popular-e-tecnologia-se-encontram-nas-escolas-do-df-com-o-projeto-filhos-da-terra-circuito-de-educacao-patrimonial\/\" aria-label=\"Read more about Cultura popular e tecnologia se encontram nas escolas do DF com o projeto Filhos da Terra \u2013 Circuito de Educa\u00e7\u00e3o Patrimonial\" tabindex=\"-1\" >\n\t\t\tMais detalhes \u00bb\t\t<\/a>\n\n\t\t\t\t<\/div>\n\t\t\t\t<\/article>\n\t\t\t\t<article class=\"elementor-post elementor-grid-item post-6016 post type-post status-publish format-standard has-post-thumbnail hentry category-blog\">\n\t\t\t\t<a class=\"elementor-post__thumbnail__link\" href=\"https:\/\/filhosdaterra.org\/en\/lancamento-colecao-filhos-da-terra\/\" tabindex=\"-1\" >\n\t\t\t<div class=\"elementor-post__thumbnail\"><img decoding=\"async\" loading=\"lazy\" width=\"768\" height=\"670\" src=\"https:\/\/filhosdaterra.org\/wp-content\/uploads\/2025\/10\/Box-4-Rotas-768x670.jpg\" class=\"attachment-medium_large size-medium_large wp-image-6017\" alt=\"\" srcset=\"https:\/\/filhosdaterra.org\/wp-content\/uploads\/2025\/10\/Box-4-Rotas-768x670.jpg 768w, https:\/\/filhosdaterra.org\/wp-content\/uploads\/2025\/10\/Box-4-Rotas-300x262.jpg 300w, https:\/\/filhosdaterra.org\/wp-content\/uploads\/2025\/10\/Box-4-Rotas-1024x893.jpg 1024w, https:\/\/filhosdaterra.org\/wp-content\/uploads\/2025\/10\/Box-4-Rotas-1536x1340.jpg 1536w, https:\/\/filhosdaterra.org\/wp-content\/uploads\/2025\/10\/Box-4-Rotas-2048x1787.jpg 2048w, https:\/\/filhosdaterra.org\/wp-content\/uploads\/2025\/10\/Box-4-Rotas-14x12.jpg 14w\" sizes=\"(max-width: 768px) 100vw, 768px\" \/><\/div>\n\t\t<\/a>\n\t\t\t\t<div class=\"elementor-post__text\">\n\t\t\t\t<h3 class=\"elementor-post__title\">\n\t\t\t<a href=\"https:\/\/filhosdaterra.org\/en\/lancamento-colecao-filhos-da-terra\/\" >\n\t\t\t\tCole\u00e7\u00e3o in\u00e9dita celebra as culturas populares brasileiras no Museu Nacional da Rep\u00fablica\t\t\t<\/a>\n\t\t<\/h3>\n\t\t\t\t<div class=\"elementor-post__meta-data\">\n\t\t\t\t\t<span class=\"elementor-post-date\">\n\t\t\t17 de October de 2025\t\t<\/span>\n\t\t\t\t<\/div>\n\t\t\n\t\t<a class=\"elementor-post__read-more\" href=\"https:\/\/filhosdaterra.org\/en\/lancamento-colecao-filhos-da-terra\/\" aria-label=\"Read more about Cole\u00e7\u00e3o in\u00e9dita celebra as culturas populares brasileiras no Museu Nacional da Rep\u00fablica\" tabindex=\"-1\" >\n\t\t\tMais detalhes \u00bb\t\t<\/a>\n\n\t\t\t\t<\/div>\n\t\t\t\t<\/article>\n\t\t\t\t<article class=\"elementor-post elementor-grid-item post-5033 post type-post status-publish format-standard has-post-thumbnail hentry category-blog tag-cultura tag-cultura-popular tag-filhos-da-terra tag-jogos-digitais tag-patrimonio-cultural\">\n\t\t\t\t<a class=\"elementor-post__thumbnail__link\" href=\"https:\/\/filhosdaterra.org\/en\/filhos-da-terra-conecta-geracoes-e-patrimonio-cultural-brasileiro\/\" tabindex=\"-1\" >\n\t\t\t<div class=\"elementor-post__thumbnail\"><img decoding=\"async\" loading=\"lazy\" width=\"768\" height=\"432\" src=\"https:\/\/filhosdaterra.org\/wp-content\/uploads\/2024\/10\/Filhos-da-Terra-Rede-Cultura-Resultados-FAC-768x432.png\" class=\"attachment-medium_large size-medium_large wp-image-5034\" alt=\"Filhos da Terra: Conectando gera\u00e7\u00f5es e preservando o patrim\u00f4nio cultural brasileiro atrav\u00e9s da inova\u00e7\u00e3o digital.\" srcset=\"https:\/\/filhosdaterra.org\/wp-content\/uploads\/2024\/10\/Filhos-da-Terra-Rede-Cultura-Resultados-FAC-768x432.png 768w, https:\/\/filhosdaterra.org\/wp-content\/uploads\/2024\/10\/Filhos-da-Terra-Rede-Cultura-Resultados-FAC-300x169.png 300w, https:\/\/filhosdaterra.org\/wp-content\/uploads\/2024\/10\/Filhos-da-Terra-Rede-Cultura-Resultados-FAC-1024x576.png 1024w, https:\/\/filhosdaterra.org\/wp-content\/uploads\/2024\/10\/Filhos-da-Terra-Rede-Cultura-Resultados-FAC-1536x864.png 1536w, https:\/\/filhosdaterra.org\/wp-content\/uploads\/2024\/10\/Filhos-da-Terra-Rede-Cultura-Resultados-FAC-18x10.png 18w, https:\/\/filhosdaterra.org\/wp-content\/uploads\/2024\/10\/Filhos-da-Terra-Rede-Cultura-Resultados-FAC.png 1920w\" sizes=\"(max-width: 768px) 100vw, 768px\" \/><\/div>\n\t\t<\/a>\n\t\t\t\t<div class=\"elementor-post__text\">\n\t\t\t\t<h3 class=\"elementor-post__title\">\n\t\t\t<a href=\"https:\/\/filhosdaterra.org\/en\/filhos-da-terra-conecta-geracoes-e-patrimonio-cultural-brasileiro\/\" >\n\t\t\t\tFilhos da Terra conecta jovens \u00e0 cultura popular brasileira\t\t\t<\/a>\n\t\t<\/h3>\n\t\t\t\t<div class=\"elementor-post__meta-data\">\n\t\t\t\t\t<span class=\"elementor-post-date\">\n\t\t\t12 de October de 2024\t\t<\/span>\n\t\t\t\t<\/div>\n\t\t\n\t\t<a class=\"elementor-post__read-more\" href=\"https:\/\/filhosdaterra.org\/en\/filhos-da-terra-conecta-geracoes-e-patrimonio-cultural-brasileiro\/\" aria-label=\"Read more about Filhos da Terra conecta jovens \u00e0 cultura popular brasileira\" tabindex=\"-1\" >\n\t\t\tMais detalhes \u00bb\t\t<\/a>\n\n\t\t\t\t<\/div>\n\t\t\t\t<\/article>\n\t\t\t\t<article class=\"elementor-post elementor-grid-item post-5026 post type-post status-publish format-standard has-post-thumbnail hentry category-blog tag-brasil tag-cultura-popular tag-inovacao tag-jogo-digital tag-patrimonio-cultural\">\n\t\t\t\t<a class=\"elementor-post__thumbnail__link\" href=\"https:\/\/filhosdaterra.org\/en\/conexao-entre-tradicao-e-cultura-gamer\/\" tabindex=\"-1\" >\n\t\t\t<div class=\"elementor-post__thumbnail\"><img decoding=\"async\" loading=\"lazy\" width=\"768\" height=\"432\" src=\"https:\/\/filhosdaterra.org\/wp-content\/uploads\/2024\/10\/capa-jogos-800x450px_2-768x432.jpg\" class=\"attachment-medium_large size-medium_large wp-image-5028\" alt=\"\" srcset=\"https:\/\/filhosdaterra.org\/wp-content\/uploads\/2024\/10\/capa-jogos-800x450px_2-768x432.jpg 768w, https:\/\/filhosdaterra.org\/wp-content\/uploads\/2024\/10\/capa-jogos-800x450px_2-300x169.jpg 300w, https:\/\/filhosdaterra.org\/wp-content\/uploads\/2024\/10\/capa-jogos-800x450px_2-18x10.jpg 18w, https:\/\/filhosdaterra.org\/wp-content\/uploads\/2024\/10\/capa-jogos-800x450px_2.jpg 800w\" sizes=\"(max-width: 768px) 100vw, 768px\" \/><\/div>\n\t\t<\/a>\n\t\t\t\t<div class=\"elementor-post__text\">\n\t\t\t\t<h3 class=\"elementor-post__title\">\n\t\t\t<a href=\"https:\/\/filhosdaterra.org\/en\/conexao-entre-tradicao-e-cultura-gamer\/\" >\n\t\t\t\tProjeto Filhos da Terra conclui primeira fase: Tradi\u00e7\u00e3o e Cultura Gamer\t\t\t<\/a>\n\t\t<\/h3>\n\t\t\t\t<div class=\"elementor-post__meta-data\">\n\t\t\t\t\t<span class=\"elementor-post-date\">\n\t\t\t12 de October de 2024\t\t<\/span>\n\t\t\t\t<\/div>\n\t\t\n\t\t<a class=\"elementor-post__read-more\" href=\"https:\/\/filhosdaterra.org\/en\/conexao-entre-tradicao-e-cultura-gamer\/\" aria-label=\"Read more about Projeto Filhos da Terra conclui primeira fase: Tradi\u00e7\u00e3o e Cultura Gamer\" tabindex=\"-1\" >\n\t\t\tMais detalhes \u00bb\t\t<\/a>\n\n\t\t\t\t<\/div>\n\t\t\t\t<\/article>\n\t\t\t\t<article class=\"elementor-post elementor-grid-item post-4989 post type-post status-publish format-standard has-post-thumbnail hentry category-blog\">\n\t\t\t\t<a class=\"elementor-post__thumbnail__link\" href=\"https:\/\/filhosdaterra.org\/en\/filhos-da-terra-promove-circuito-interativo-de-educacao-patrimonial-no-df\/\" tabindex=\"-1\" >\n\t\t\t<div class=\"elementor-post__thumbnail\"><img decoding=\"async\" loading=\"lazy\" width=\"768\" height=\"355\" src=\"https:\/\/filhosdaterra.org\/wp-content\/uploads\/2024\/05\/2WhatsApp-Image-2024-05-15-at-17.35.17-768x355.jpg\" class=\"attachment-medium_large size-medium_large wp-image-4937\" alt=\"\" srcset=\"https:\/\/filhosdaterra.org\/wp-content\/uploads\/2024\/05\/2WhatsApp-Image-2024-05-15-at-17.35.17-768x355.jpg 768w, https:\/\/filhosdaterra.org\/wp-content\/uploads\/2024\/05\/2WhatsApp-Image-2024-05-15-at-17.35.17-300x139.jpg 300w, https:\/\/filhosdaterra.org\/wp-content\/uploads\/2024\/05\/2WhatsApp-Image-2024-05-15-at-17.35.17-18x8.jpg 18w, https:\/\/filhosdaterra.org\/wp-content\/uploads\/2024\/05\/2WhatsApp-Image-2024-05-15-at-17.35.17.jpg 1000w\" sizes=\"(max-width: 768px) 100vw, 768px\" \/><\/div>\n\t\t<\/a>\n\t\t\t\t<div class=\"elementor-post__text\">\n\t\t\t\t<h3 class=\"elementor-post__title\">\n\t\t\t<a href=\"https:\/\/filhosdaterra.org\/en\/filhos-da-terra-promove-circuito-interativo-de-educacao-patrimonial-no-df\/\" >\n\t\t\t\tFilhos da Terra promove Educa\u00e7\u00e3o Patrimonial no DF\t\t\t<\/a>\n\t\t<\/h3>\n\t\t\t\t<div class=\"elementor-post__meta-data\">\n\t\t\t\t\t<span class=\"elementor-post-date\">\n\t\t\t24 de July de 2024\t\t<\/span>\n\t\t\t\t<\/div>\n\t\t\n\t\t<a class=\"elementor-post__read-more\" href=\"https:\/\/filhosdaterra.org\/en\/filhos-da-terra-promove-circuito-interativo-de-educacao-patrimonial-no-df\/\" aria-label=\"Read more about Filhos da Terra promove Educa\u00e7\u00e3o Patrimonial no DF\" tabindex=\"-1\" >\n\t\t\tMais detalhes \u00bb\t\t<\/a>\n\n\t\t\t\t<\/div>\n\t\t\t\t<\/article>\n\t\t\t\t<\/div>\n\t\t\n\t\t\t\t<\/div>\n\t\t\t\t<\/div>\n\t\t\t\t\t<\/div>\n\t\t<\/div>\n\t\t\t\t\t\t\t<\/div>\n\t\t<\/section>\n\t\t\t\t<section class=\"elementor-section elementor-inner-section elementor-element elementor-element-d4374ae elementor-section-full_width elementor-section-height-default elementor-section-height-default\" data-id=\"d4374ae\" data-element_type=\"section\">\n\t\t\t\t\t\t<div class=\"elementor-container elementor-column-gap-wider\">\n\t\t\t\t\t<div class=\"elementor-column elementor-col-100 elementor-inner-column elementor-element elementor-element-20d5e850\" data-id=\"20d5e850\" data-element_type=\"column\">\n\t\t\t<div class=\"elementor-widget-wrap elementor-element-populated\">\n\t\t\t\t\t\t\t\t<div class=\"elementor-element elementor-element-7322176 elementor-mobile-align-justify elementor-tablet-align-left elementor-mobile_extra-align-left elementor-align-center elementor-widget elementor-widget-button\" data-id=\"7322176\" data-element_type=\"widget\" data-widget_type=\"button.default\">\n\t\t\t\t<div class=\"elementor-widget-container\">\n\t\t\t\t\t<div class=\"elementor-button-wrapper\">\n\t\t\t<a class=\"elementor-button elementor-button-link elementor-size-sm\" href=\"https:\/\/filhosdaterra.org\/en\/categoria\/blog\/\">\n\t\t\t\t\t\t<span class=\"elementor-button-content-wrapper\">\n\t\t\t\t\t\t<span class=\"elementor-button-text\">Todas as postagens<\/span>\n\t\t<\/span>\n\t\t\t\t\t<\/a>\n\t\t<\/div>\n\t\t\t\t<\/div>\n\t\t\t\t<\/div>\n\t\t\t\t\t<\/div>\n\t\t<\/div>\n\t\t\t\t\t\t\t<\/div>\n\t\t<\/section>\n\t\t\t\t\t<\/div>\n\t\t<\/div>\n\t\t\t\t\t\t\t<\/div>\n\t\t<\/section>\n\t\t\t\t<section class=\"elementor-section elementor-top-section elementor-element elementor-element-dff3419 elementor-hidden-widescreen elementor-hidden-desktop elementor-hidden-laptop elementor-hidden-tablet_extra elementor-hidden-tablet elementor-hidden-mobile_extra elementor-hidden-mobile elementor-section-boxed elementor-section-height-default elementor-section-height-default\" data-id=\"dff3419\" data-element_type=\"section\" data-settings=\"{&quot;background_background&quot;:&quot;classic&quot;}\">\n\t\t\t\t\t\t<div class=\"elementor-container elementor-column-gap-no\">\n\t\t\t\t\t<div class=\"elementor-column elementor-col-50 elementor-top-column elementor-element elementor-element-3473890\" data-id=\"3473890\" data-element_type=\"column\">\n\t\t\t<div class=\"elementor-widget-wrap elementor-element-populated\">\n\t\t\t\t\t\t\t\t<div class=\"elementor-element elementor-element-9bed94e elementor-widget elementor-widget-image\" data-id=\"9bed94e\" data-element_type=\"widget\" data-widget_type=\"image.default\">\n\t\t\t\t<div class=\"elementor-widget-container\">\n\t\t\t\t\t\t\t\t\t\t\t\t\t\t\t<img decoding=\"async\" loading=\"lazy\" width=\"800\" height=\"600\" src=\"https:\/\/filhosdaterra.org\/wp-content\/uploads\/2022\/09\/64744331_10219574000239570_2170168488436432896_n.jpg\" class=\"attachment-large size-large wp-image-516\" alt=\"\" srcset=\"https:\/\/filhosdaterra.org\/wp-content\/uploads\/2022\/09\/64744331_10219574000239570_2170168488436432896_n.jpg 800w, https:\/\/filhosdaterra.org\/wp-content\/uploads\/2022\/09\/64744331_10219574000239570_2170168488436432896_n-300x225.jpg 300w, https:\/\/filhosdaterra.org\/wp-content\/uploads\/2022\/09\/64744331_10219574000239570_2170168488436432896_n-768x576.jpg 768w\" sizes=\"(max-width: 800px) 100vw, 800px\" \/>\t\t\t\t\t\t\t\t\t\t\t\t\t\t\t<\/div>\n\t\t\t\t<\/div>\n\t\t\t\t\t<\/div>\n\t\t<\/div>\n\t\t\t\t<div class=\"elementor-column elementor-col-50 elementor-top-column elementor-element elementor-element-b87a182\" data-id=\"b87a182\" data-element_type=\"column\">\n\t\t\t<div class=\"elementor-widget-wrap elementor-element-populated\">\n\t\t\t\t\t\t\t\t<div class=\"elementor-element elementor-element-a0cc2f0 elementor-invisible elementor-widget elementor-widget-heading\" data-id=\"a0cc2f0\" data-element_type=\"widget\" data-settings=\"{&quot;_animation&quot;:&quot;fadeInUp&quot;}\" data-widget_type=\"heading.default\">\n\t\t\t\t<div class=\"elementor-widget-container\">\n\t\t\t<h3 class=\"elementor-heading-title elementor-size-default\">Somos um continente. Com nossas varia\u00e7\u00f5es de clima, natureza e tipografia. Com nossos diferentes costumes, jeitos e vestimentas. Somos brasileiros na diversidade e na cultura.<\/h3>\t\t<\/div>\n\t\t\t\t<\/div>\n\t\t\t\t<div class=\"elementor-element elementor-element-04d4815 elementor-widget-divider--view-line elementor-widget elementor-widget-divider\" data-id=\"04d4815\" data-element_type=\"widget\" data-widget_type=\"divider.default\">\n\t\t\t\t<div class=\"elementor-widget-container\">\n\t\t\t<style>\/*! elementor - v3.16.0 - 17-10-2023 *\/\n.elementor-widget-divider{--divider-border-style:none;--divider-border-width:1px;--divider-color:#0c0d0e;--divider-icon-size:20px;--divider-element-spacing:10px;--divider-pattern-height:24px;--divider-pattern-size:20px;--divider-pattern-url:none;--divider-pattern-repeat:repeat-x}.elementor-widget-divider .elementor-divider{display:flex}.elementor-widget-divider .elementor-divider__text{font-size:15px;line-height:1;max-width:95%}.elementor-widget-divider .elementor-divider__element{margin:0 var(--divider-element-spacing);flex-shrink:0}.elementor-widget-divider .elementor-icon{font-size:var(--divider-icon-size)}.elementor-widget-divider .elementor-divider-separator{display:flex;margin:0;direction:ltr}.elementor-widget-divider--view-line_icon .elementor-divider-separator,.elementor-widget-divider--view-line_text .elementor-divider-separator{align-items:center}.elementor-widget-divider--view-line_icon .elementor-divider-separator:after,.elementor-widget-divider--view-line_icon .elementor-divider-separator:before,.elementor-widget-divider--view-line_text .elementor-divider-separator:after,.elementor-widget-divider--view-line_text .elementor-divider-separator:before{display:block;content:\"\";border-bottom:0;flex-grow:1;border-top:var(--divider-border-width) var(--divider-border-style) var(--divider-color)}.elementor-widget-divider--element-align-left .elementor-divider .elementor-divider-separator>.elementor-divider__svg:first-of-type{flex-grow:0;flex-shrink:100}.elementor-widget-divider--element-align-left .elementor-divider-separator:before{content:none}.elementor-widget-divider--element-align-left .elementor-divider__element{margin-left:0}.elementor-widget-divider--element-align-right .elementor-divider .elementor-divider-separator>.elementor-divider__svg:last-of-type{flex-grow:0;flex-shrink:100}.elementor-widget-divider--element-align-right .elementor-divider-separator:after{content:none}.elementor-widget-divider--element-align-right .elementor-divider__element{margin-right:0}.elementor-widget-divider:not(.elementor-widget-divider--view-line_text):not(.elementor-widget-divider--view-line_icon) .elementor-divider-separator{border-top:var(--divider-border-width) var(--divider-border-style) var(--divider-color)}.elementor-widget-divider--separator-type-pattern{--divider-border-style:none}.elementor-widget-divider--separator-type-pattern.elementor-widget-divider--view-line .elementor-divider-separator,.elementor-widget-divider--separator-type-pattern:not(.elementor-widget-divider--view-line) .elementor-divider-separator:after,.elementor-widget-divider--separator-type-pattern:not(.elementor-widget-divider--view-line) .elementor-divider-separator:before,.elementor-widget-divider--separator-type-pattern:not([class*=elementor-widget-divider--view]) .elementor-divider-separator{width:100%;min-height:var(--divider-pattern-height);-webkit-mask-size:var(--divider-pattern-size) 100%;mask-size:var(--divider-pattern-size) 100%;-webkit-mask-repeat:var(--divider-pattern-repeat);mask-repeat:var(--divider-pattern-repeat);background-color:var(--divider-color);-webkit-mask-image:var(--divider-pattern-url);mask-image:var(--divider-pattern-url)}.elementor-widget-divider--no-spacing{--divider-pattern-size:auto}.elementor-widget-divider--bg-round{--divider-pattern-repeat:round}.rtl .elementor-widget-divider .elementor-divider__text{direction:rtl}.e-con-inner>.elementor-widget-divider,.e-con>.elementor-widget-divider{width:var(--container-widget-width,100%);--flex-grow:var(--container-widget-flex-grow)}<\/style>\t\t<div class=\"elementor-divider\">\n\t\t\t<span class=\"elementor-divider-separator\">\n\t\t\t\t\t\t<\/span>\n\t\t<\/div>\n\t\t\t\t<\/div>\n\t\t\t\t<\/div>\n\t\t\t\t<div class=\"elementor-element elementor-element-d650902 elementor-widget elementor-widget-icon-box\" data-id=\"d650902\" data-element_type=\"widget\" data-widget_type=\"icon-box.default\">\n\t\t\t\t<div class=\"elementor-widget-container\">\n\t\t\t\t\t<div class=\"elementor-icon-box-wrapper\">\n\t\t\t\t\t\t<div class=\"elementor-icon-box-content\">\n\t\t\t\t<h5 class=\"elementor-icon-box-title\">\n\t\t\t\t\t<span  >\n\t\t\t\t\t\tEraldo Peres\t\t\t\t\t<\/span>\n\t\t\t\t<\/h5>\n\t\t\t\t\t\t\t\t\t<p class=\"elementor-icon-box-description\">\n\t\t\t\t\t\tFot\u00f3grafo, documentarista e pesquisador | Autor e idealizador do projeto \t\t\t\t\t<\/p>\n\t\t\t\t\t\t\t<\/div>\n\t\t<\/div>\n\t\t\t\t<\/div>\n\t\t\t\t<\/div>\n\t\t\t\t\t<\/div>\n\t\t<\/div>\n\t\t\t\t\t\t\t<\/div>\n\t\t<\/section>\n\t\t\t\t<section class=\"elementor-section elementor-top-section elementor-element elementor-element-a47b1ab elementor-section-boxed elementor-section-height-default elementor-section-height-default\" data-id=\"a47b1ab\" data-element_type=\"section\">\n\t\t\t\t\t\t<div class=\"elementor-container elementor-column-gap-default\">\n\t\t\t\t\t<div class=\"elementor-column elementor-col-100 elementor-top-column elementor-element elementor-element-3981460\" data-id=\"3981460\" data-element_type=\"column\">\n\t\t\t<div class=\"elementor-widget-wrap\">\n\t\t\t\t\t\t\t\t\t<\/div>\n\t\t<\/div>\n\t\t\t\t\t\t\t<\/div>\n\t\t<\/section>\n\t\t\t\t\t\t\t<\/div>","protected":false},"excerpt":{"rendered":"<p>Cadastre-se: Professores e institui\u00e7\u00f5es Estudantes e pesquisadores Grupos Culturais Jogador Beta Um olhar sobre a diversidade cultural brasileira Fotografia Documental Rotas Culturais Um olhar sobre<\/p>","protected":false},"author":1,"featured_media":0,"parent":0,"menu_order":0,"comment_status":"closed","ping_status":"closed","template":"","meta":{"content-type":"","inline_featured_image":false,"footnotes":""},"acf":[],"yoast_head":"<!-- This site is optimized with the Yoast SEO plugin v22.2 - https:\/\/yoast.com\/wordpress\/plugins\/seo\/ -->\n<title>In\u00edcio - Filhos da Terra - Diversidade e Cultura<\/title>\n<meta name=\"robots\" content=\"index, follow, max-snippet:-1, max-image-preview:large, max-video-preview:-1\" \/>\n<link rel=\"canonical\" href=\"https:\/\/filhosdaterra.org\/en\/\" \/>\n<meta property=\"og:locale\" content=\"en_US\" \/>\n<meta property=\"og:type\" content=\"article\" \/>\n<meta property=\"og:title\" content=\"In\u00edcio - Filhos da Terra - Diversidade e Cultura\" \/>\n<meta property=\"og:description\" content=\"Cadastre-se: Professores e institui\u00e7\u00f5es Estudantes e pesquisadores Grupos Culturais Jogador Beta Um olhar sobre a diversidade cultural brasileira Fotografia Documental Rotas Culturais Um olhar sobre\" \/>\n<meta property=\"og:url\" content=\"https:\/\/filhosdaterra.org\/en\/\" \/>\n<meta property=\"og:site_name\" content=\"Filhos da Terra - Diversidade e Cultura\" \/>\n<meta property=\"article:modified_time\" content=\"2025-11-27T20:53:45+00:00\" \/>\n<meta property=\"og:image\" content=\"https:\/\/filhosdaterra.org\/wp-content\/uploads\/2023\/11\/0a792b_2b1ea3a8f3af4969a4bbf8bf4e2a6e55-mv2.jpg\" \/>\n<meta name=\"twitter:card\" content=\"summary_large_image\" \/>\n<meta name=\"twitter:label1\" content=\"Est. reading time\" \/>\n\t<meta name=\"twitter:data1\" content=\"15 minutes\" \/>\n<script type=\"application\/ld+json\" class=\"yoast-schema-graph\">{\"@context\":\"https:\/\/schema.org\",\"@graph\":[{\"@type\":\"WebPage\",\"@id\":\"https:\/\/filhosdaterra.org\/\",\"url\":\"https:\/\/filhosdaterra.org\/\",\"name\":\"In\u00edcio - Filhos da Terra - Diversidade e Cultura\",\"isPartOf\":{\"@id\":\"https:\/\/filhosdaterra.org\/#website\"},\"primaryImageOfPage\":{\"@id\":\"https:\/\/filhosdaterra.org\/#primaryimage\"},\"image\":{\"@id\":\"https:\/\/filhosdaterra.org\/#primaryimage\"},\"thumbnailUrl\":\"https:\/\/filhosdaterra.org\/wp-content\/uploads\/2023\/11\/0a792b_2b1ea3a8f3af4969a4bbf8bf4e2a6e55-mv2.jpg\",\"datePublished\":\"2022-08-17T11:55:35+00:00\",\"dateModified\":\"2025-11-27T20:53:45+00:00\",\"breadcrumb\":{\"@id\":\"https:\/\/filhosdaterra.org\/#breadcrumb\"},\"inLanguage\":\"en-US\",\"potentialAction\":[{\"@type\":\"ReadAction\",\"target\":[\"https:\/\/filhosdaterra.org\/\"]}]},{\"@type\":\"ImageObject\",\"inLanguage\":\"en-US\",\"@id\":\"https:\/\/filhosdaterra.org\/#primaryimage\",\"url\":\"https:\/\/filhosdaterra.org\/wp-content\/uploads\/2023\/11\/0a792b_2b1ea3a8f3af4969a4bbf8bf4e2a6e55-mv2.jpg\",\"contentUrl\":\"https:\/\/filhosdaterra.org\/wp-content\/uploads\/2023\/11\/0a792b_2b1ea3a8f3af4969a4bbf8bf4e2a6e55-mv2.jpg\",\"width\":1000,\"height\":666,\"caption\":\"Fotografia produzida no \u00e2mbito do Projeto Filhos da Terra - Um olhar sobre a diversidade cultural brasileira. Todos os direitos reservados. Sons of the Earth - A look at the Brazilian cultural diversity. Eraldo Peres Photographer research project and ethnographic documentation. All rights reserved.\"},{\"@type\":\"BreadcrumbList\",\"@id\":\"https:\/\/filhosdaterra.org\/#breadcrumb\",\"itemListElement\":[{\"@type\":\"ListItem\",\"position\":1,\"name\":\"In\u00edcio\",\"item\":\"https:\/\/filhosdaterra.org\/\"},{\"@type\":\"ListItem\",\"position\":2,\"name\":\"In\u00edcio\"}]},{\"@type\":\"WebSite\",\"@id\":\"https:\/\/filhosdaterra.org\/#website\",\"url\":\"https:\/\/filhosdaterra.org\/\",\"name\":\"Filhos da Terra - Diversidade e Cultura\",\"description\":\"O projeto busca documentar e mostrar ao Brasil quem \u00e9 o povo brasileiro, como s\u00e3o suas festas e celebra\u00e7\u00f5es.\",\"publisher\":{\"@id\":\"https:\/\/filhosdaterra.org\/#organization\"},\"potentialAction\":[{\"@type\":\"SearchAction\",\"target\":{\"@type\":\"EntryPoint\",\"urlTemplate\":\"https:\/\/filhosdaterra.org\/?s={search_term_string}\"},\"query-input\":\"required name=search_term_string\"}],\"inLanguage\":\"en-US\"},{\"@type\":\"Organization\",\"@id\":\"https:\/\/filhosdaterra.org\/#organization\",\"name\":\"Filhos da Terra - Diversidade e Cultura\",\"url\":\"https:\/\/filhosdaterra.org\/\",\"logo\":{\"@type\":\"ImageObject\",\"inLanguage\":\"en-US\",\"@id\":\"https:\/\/filhosdaterra.org\/#\/schema\/logo\/image\/\",\"url\":\"https:\/\/filhosdaterra.org\/wp-content\/uploads\/2022\/08\/logo-filhos-da-terra.png\",\"contentUrl\":\"https:\/\/filhosdaterra.org\/wp-content\/uploads\/2022\/08\/logo-filhos-da-terra.png\",\"width\":600,\"height\":517,\"caption\":\"Filhos da Terra - Diversidade e Cultura\"},\"image\":{\"@id\":\"https:\/\/filhosdaterra.org\/#\/schema\/logo\/image\/\"}}]}<\/script>\n<!-- \/ Yoast SEO plugin. -->","yoast_head_json":{"title":"In\u00edcio - Filhos da Terra - Diversidade e Cultura","robots":{"index":"index","follow":"follow","max-snippet":"max-snippet:-1","max-image-preview":"max-image-preview:large","max-video-preview":"max-video-preview:-1"},"canonical":"https:\/\/filhosdaterra.org\/en\/","og_locale":"en_US","og_type":"article","og_title":"In\u00edcio - Filhos da Terra - Diversidade e Cultura","og_description":"Cadastre-se: Professores e institui\u00e7\u00f5es Estudantes e pesquisadores Grupos Culturais Jogador Beta Um olhar sobre a diversidade cultural brasileira Fotografia Documental Rotas Culturais Um olhar sobre","og_url":"https:\/\/filhosdaterra.org\/en\/","og_site_name":"Filhos da Terra - Diversidade e Cultura","article_modified_time":"2025-11-27T20:53:45+00:00","og_image":[{"url":"https:\/\/filhosdaterra.org\/wp-content\/uploads\/2023\/11\/0a792b_2b1ea3a8f3af4969a4bbf8bf4e2a6e55-mv2.jpg"}],"twitter_card":"summary_large_image","twitter_misc":{"Est. reading time":"15 minutes"},"schema":{"@context":"https:\/\/schema.org","@graph":[{"@type":"WebPage","@id":"https:\/\/filhosdaterra.org\/","url":"https:\/\/filhosdaterra.org\/","name":"In\u00edcio - Filhos da Terra - Diversidade e Cultura","isPartOf":{"@id":"https:\/\/filhosdaterra.org\/#website"},"primaryImageOfPage":{"@id":"https:\/\/filhosdaterra.org\/#primaryimage"},"image":{"@id":"https:\/\/filhosdaterra.org\/#primaryimage"},"thumbnailUrl":"https:\/\/filhosdaterra.org\/wp-content\/uploads\/2023\/11\/0a792b_2b1ea3a8f3af4969a4bbf8bf4e2a6e55-mv2.jpg","datePublished":"2022-08-17T11:55:35+00:00","dateModified":"2025-11-27T20:53:45+00:00","breadcrumb":{"@id":"https:\/\/filhosdaterra.org\/#breadcrumb"},"inLanguage":"en-US","potentialAction":[{"@type":"ReadAction","target":["https:\/\/filhosdaterra.org\/"]}]},{"@type":"ImageObject","inLanguage":"en-US","@id":"https:\/\/filhosdaterra.org\/#primaryimage","url":"https:\/\/filhosdaterra.org\/wp-content\/uploads\/2023\/11\/0a792b_2b1ea3a8f3af4969a4bbf8bf4e2a6e55-mv2.jpg","contentUrl":"https:\/\/filhosdaterra.org\/wp-content\/uploads\/2023\/11\/0a792b_2b1ea3a8f3af4969a4bbf8bf4e2a6e55-mv2.jpg","width":1000,"height":666,"caption":"Fotografia produzida no \u00e2mbito do Projeto Filhos da Terra - Um olhar sobre a diversidade cultural brasileira. Todos os direitos reservados. Sons of the Earth - A look at the Brazilian cultural diversity. Eraldo Peres Photographer research project and ethnographic documentation. All rights reserved."},{"@type":"BreadcrumbList","@id":"https:\/\/filhosdaterra.org\/#breadcrumb","itemListElement":[{"@type":"ListItem","position":1,"name":"In\u00edcio","item":"https:\/\/filhosdaterra.org\/"},{"@type":"ListItem","position":2,"name":"In\u00edcio"}]},{"@type":"WebSite","@id":"https:\/\/filhosdaterra.org\/#website","url":"https:\/\/filhosdaterra.org\/","name":"Filhos da Terra - Diversidade e Cultura","description":"O projeto busca documentar e mostrar ao Brasil quem \u00e9 o povo brasileiro, como s\u00e3o suas festas e celebra\u00e7\u00f5es.","publisher":{"@id":"https:\/\/filhosdaterra.org\/#organization"},"potentialAction":[{"@type":"SearchAction","target":{"@type":"EntryPoint","urlTemplate":"https:\/\/filhosdaterra.org\/?s={search_term_string}"},"query-input":"required name=search_term_string"}],"inLanguage":"en-US"},{"@type":"Organization","@id":"https:\/\/filhosdaterra.org\/#organization","name":"Filhos da Terra - Diversidade e Cultura","url":"https:\/\/filhosdaterra.org\/","logo":{"@type":"ImageObject","inLanguage":"en-US","@id":"https:\/\/filhosdaterra.org\/#\/schema\/logo\/image\/","url":"https:\/\/filhosdaterra.org\/wp-content\/uploads\/2022\/08\/logo-filhos-da-terra.png","contentUrl":"https:\/\/filhosdaterra.org\/wp-content\/uploads\/2022\/08\/logo-filhos-da-terra.png","width":600,"height":517,"caption":"Filhos da Terra - Diversidade e Cultura"},"image":{"@id":"https:\/\/filhosdaterra.org\/#\/schema\/logo\/image\/"}}]}},"_links":{"self":[{"href":"https:\/\/filhosdaterra.org\/en\/wp-json\/wp\/v2\/pages\/9"}],"collection":[{"href":"https:\/\/filhosdaterra.org\/en\/wp-json\/wp\/v2\/pages"}],"about":[{"href":"https:\/\/filhosdaterra.org\/en\/wp-json\/wp\/v2\/types\/page"}],"author":[{"embeddable":true,"href":"https:\/\/filhosdaterra.org\/en\/wp-json\/wp\/v2\/users\/1"}],"replies":[{"embeddable":true,"href":"https:\/\/filhosdaterra.org\/en\/wp-json\/wp\/v2\/comments?post=9"}],"version-history":[{"count":766,"href":"https:\/\/filhosdaterra.org\/en\/wp-json\/wp\/v2\/pages\/9\/revisions"}],"predecessor-version":[{"id":6092,"href":"https:\/\/filhosdaterra.org\/en\/wp-json\/wp\/v2\/pages\/9\/revisions\/6092"}],"wp:attachment":[{"href":"https:\/\/filhosdaterra.org\/en\/wp-json\/wp\/v2\/media?parent=9"}],"curies":[{"name":"wp","href":"https:\/\/api.w.org\/{rel}","templated":true}]}}