{"id":356,"date":"2022-09-01T13:51:02","date_gmt":"2022-09-01T16:51:02","guid":{"rendered":"https:\/\/filhosdaterra.org\/?page_id=356"},"modified":"2025-02-13T12:03:42","modified_gmt":"2025-02-13T15:03:42","slug":"institucional","status":"publish","type":"page","link":"https:\/\/filhosdaterra.org\/en\/institucional\/","title":{"rendered":"Institucional"},"content":{"rendered":"<div data-elementor-type=\"wp-page\" data-elementor-id=\"356\" class=\"elementor elementor-356\" data-elementor-post-type=\"page\">\n\t\t\t\t\t\t\t\t\t<section class=\"elementor-section elementor-top-section elementor-element elementor-element-8a8763b elementor-section-boxed elementor-section-height-default elementor-section-height-default\" data-id=\"8a8763b\" data-element_type=\"section\" data-settings=\"{&quot;background_background&quot;:&quot;classic&quot;}\">\n\t\t\t\t\t\t\t<div class=\"elementor-background-overlay\"><\/div>\n\t\t\t\t\t\t\t<div class=\"elementor-container elementor-column-gap-no\">\n\t\t\t\t\t<div class=\"elementor-column elementor-col-100 elementor-top-column elementor-element elementor-element-390e419\" data-id=\"390e419\" data-element_type=\"column\">\n\t\t\t<div class=\"elementor-widget-wrap elementor-element-populated\">\n\t\t\t\t\t\t\t\t<section class=\"elementor-section elementor-inner-section elementor-element elementor-element-f2abbcf elementor-section-boxed elementor-section-height-default elementor-section-height-default\" data-id=\"f2abbcf\" data-element_type=\"section\">\n\t\t\t\t\t\t<div class=\"elementor-container elementor-column-gap-no\">\n\t\t\t\t\t<div class=\"elementor-column elementor-col-100 elementor-inner-column elementor-element elementor-element-110bdc9\" data-id=\"110bdc9\" data-element_type=\"column\">\n\t\t\t<div class=\"elementor-widget-wrap elementor-element-populated\">\n\t\t\t\t\t\t\t\t<div class=\"elementor-element elementor-element-d1179cd elementor-list-item-link-inline elementor-widget-mobile__width-inherit elementor-widget__width-inherit elementor-align-center elementor-mobile-align-center elementor-icon-list--layout-traditional elementor-widget elementor-widget-icon-list\" data-id=\"d1179cd\" data-element_type=\"widget\" data-widget_type=\"icon-list.default\">\n\t\t\t\t<div class=\"elementor-widget-container\">\n\t\t\t<link rel=\"stylesheet\" href=\"https:\/\/filhosdaterra.org\/wp-content\/uploads\/elementor\/css\/custom-widget-icon-list.min.css?ver=1776691859\">\t\t<ul class=\"elementor-icon-list-items\">\n\t\t\t\t\t\t\t<li class=\"elementor-icon-list-item\">\n\t\t\t\t\t\t\t\t\t\t<span class=\"elementor-icon-list-text\">Construindo cultura<\/span>\n\t\t\t\t\t\t\t\t\t<\/li>\n\t\t\t\t\t\t<\/ul>\n\t\t\t\t<\/div>\n\t\t\t\t<\/div>\n\t\t\t\t<div class=\"elementor-element elementor-element-9f385ec elementor-widget elementor-widget-heading\" data-id=\"9f385ec\" data-element_type=\"widget\" data-widget_type=\"heading.default\">\n\t\t\t\t<div class=\"elementor-widget-container\">\n\t\t\t<style>\/*! elementor - v3.16.0 - 17-10-2023 *\/\n.elementor-heading-title{padding:0;margin:0;line-height:1}.elementor-widget-heading .elementor-heading-title[class*=elementor-size-]>a{color:inherit;font-size:inherit;line-height:inherit}.elementor-widget-heading .elementor-heading-title.elementor-size-small{font-size:15px}.elementor-widget-heading .elementor-heading-title.elementor-size-medium{font-size:19px}.elementor-widget-heading .elementor-heading-title.elementor-size-large{font-size:29px}.elementor-widget-heading .elementor-heading-title.elementor-size-xl{font-size:39px}.elementor-widget-heading .elementor-heading-title.elementor-size-xxl{font-size:59px}<\/style><h1 class=\"elementor-heading-title elementor-size-default\">Brasil Profundo<\/h1>\t\t<\/div>\n\t\t\t\t<\/div>\n\t\t\t\t<div class=\"elementor-element elementor-element-96bf542 elementor-widget elementor-widget-text-editor\" data-id=\"96bf542\" data-element_type=\"widget\" data-widget_type=\"text-editor.default\">\n\t\t\t\t<div class=\"elementor-widget-container\">\n\t\t\t<style>\/*! elementor - v3.16.0 - 17-10-2023 *\/\n.elementor-widget-text-editor.elementor-drop-cap-view-stacked .elementor-drop-cap{background-color:#69727d;color:#fff}.elementor-widget-text-editor.elementor-drop-cap-view-framed .elementor-drop-cap{color:#69727d;border:3px solid;background-color:transparent}.elementor-widget-text-editor:not(.elementor-drop-cap-view-default) .elementor-drop-cap{margin-top:8px}.elementor-widget-text-editor:not(.elementor-drop-cap-view-default) .elementor-drop-cap-letter{width:1em;height:1em}.elementor-widget-text-editor .elementor-drop-cap{float:left;text-align:center;line-height:1;font-size:50px}.elementor-widget-text-editor .elementor-drop-cap-letter{display:inline-block}<\/style>\t\t\t\t<p><em>Filhos da Terra \u00e9 um projeto que busca documentar e mostrar ao Brasil quem \u00e9 o povo brasileiro, como s\u00e3o suas festas e celebra\u00e7\u00f5es. Nesse sentido, o conjunto de fotografias que nos traz Eraldo Peres soma-se a uma forte linhagem de int\u00e9rpretes que buscam nossa identidade no dom\u00ednio da cultura, mais que isso, em uma cultura tradicional que teria se formado a partir de tr\u00eas ra\u00e7as, o ind\u00edgena, o portugu\u00eas e o africano. A liberalidade dos costumes e a escassez de mulheres brancas estariam na origem de todas as grada\u00e7\u00f5es de cor, da variedade fision\u00f4mica observ\u00e1vel nos mulatos, nos mamelucos, nos cafuzos e em outras misturas \u00e9tnicas. Em suma, o processo hist\u00f3rico teria se cristalizado no fen\u00f4meno da mesti\u00e7agem que se evidencia n\u00e3o s\u00f3 nos rostos mas tamb\u00e9m na cultura que esse povo det\u00e9m.<\/em><\/p>\t\t\t\t\t\t<\/div>\n\t\t\t\t<\/div>\n\t\t\t\t<div class=\"elementor-element elementor-element-97f4e12 elementor-widget elementor-widget-heading\" data-id=\"97f4e12\" data-element_type=\"widget\" data-widget_type=\"heading.default\">\n\t\t\t\t<div class=\"elementor-widget-container\">\n\t\t\t<h2 class=\"elementor-heading-title elementor-size-default\">Ang\u00e9lica Madeira\n<\/h2>\t\t<\/div>\n\t\t\t\t<\/div>\n\t\t\t\t<div class=\"elementor-element elementor-element-5ef734b elementor-widget elementor-widget-heading\" data-id=\"5ef734b\" data-element_type=\"widget\" data-widget_type=\"heading.default\">\n\t\t\t\t<div class=\"elementor-widget-container\">\n\t\t\t<h2 class=\"elementor-heading-title elementor-size-default\">Pesquisadora<\/h2>\t\t<\/div>\n\t\t\t\t<\/div>\n\t\t\t\t\t<\/div>\n\t\t<\/div>\n\t\t\t\t\t\t\t<\/div>\n\t\t<\/section>\n\t\t\t\t\t<\/div>\n\t\t<\/div>\n\t\t\t\t\t\t\t<\/div>\n\t\t<\/section>\n\t\t\t\t<section class=\"elementor-section elementor-top-section elementor-element elementor-element-ed914e2 elementor-section-boxed elementor-section-height-default elementor-section-height-default\" data-id=\"ed914e2\" data-element_type=\"section\" data-settings=\"{&quot;background_background&quot;:&quot;slideshow&quot;,&quot;background_slideshow_gallery&quot;:[],&quot;background_slideshow_loop&quot;:&quot;yes&quot;,&quot;background_slideshow_slide_duration&quot;:5000,&quot;background_slideshow_slide_transition&quot;:&quot;fade&quot;,&quot;background_slideshow_transition_duration&quot;:500}\">\n\t\t\t\t\t\t<div class=\"elementor-container elementor-column-gap-default\">\n\t\t\t\t\t<div class=\"elementor-column elementor-col-100 elementor-top-column elementor-element elementor-element-0bfe5e2\" data-id=\"0bfe5e2\" data-element_type=\"column\" data-settings=\"{&quot;background_background&quot;:&quot;slideshow&quot;,&quot;background_slideshow_gallery&quot;:[],&quot;background_slideshow_loop&quot;:&quot;yes&quot;,&quot;background_slideshow_slide_duration&quot;:5000,&quot;background_slideshow_slide_transition&quot;:&quot;fade&quot;,&quot;background_slideshow_transition_duration&quot;:500}\">\n\t\t\t<div class=\"elementor-widget-wrap elementor-element-populated\">\n\t\t\t\t\t\t\t\t<div class=\"elementor-element elementor-element-40ce8db elementor-widget elementor-widget-image-carousel\" data-id=\"40ce8db\" data-element_type=\"widget\" data-settings=\"{&quot;slides_to_show&quot;:&quot;1&quot;,&quot;navigation&quot;:&quot;none&quot;,&quot;autoplay&quot;:&quot;yes&quot;,&quot;pause_on_hover&quot;:&quot;yes&quot;,&quot;pause_on_interaction&quot;:&quot;yes&quot;,&quot;autoplay_speed&quot;:5000,&quot;infinite&quot;:&quot;yes&quot;,&quot;effect&quot;:&quot;slide&quot;,&quot;speed&quot;:500}\" data-widget_type=\"image-carousel.default\">\n\t\t\t\t<div class=\"elementor-widget-container\">\n\t\t\t<style>\/*! elementor - v3.16.0 - 17-10-2023 *\/\n.elementor-widget-image-carousel .swiper,.elementor-widget-image-carousel .swiper-container{position:static}.elementor-widget-image-carousel .swiper-container .swiper-slide figure,.elementor-widget-image-carousel .swiper .swiper-slide figure{line-height:inherit}.elementor-widget-image-carousel .swiper-slide{text-align:center}.elementor-image-carousel-wrapper:not(.swiper-container-initialized):not(.swiper-initialized) .swiper-slide{max-width:calc(100% \/ var(--e-image-carousel-slides-to-show, 3))}<\/style>\t\t<div class=\"elementor-image-carousel-wrapper swiper-container\" dir=\"ltr\">\n\t\t\t<div class=\"elementor-image-carousel swiper-wrapper swiper-image-stretch\" aria-live=\"off\">\n\t\t\t\t\t\t\t\t<div class=\"swiper-slide\" role=\"group\" aria-roledescription=\"slide\" aria-label=\"1 of 4\"><figure class=\"swiper-slide-inner\"><img decoding=\"async\" class=\"swiper-slide-image\" src=\"https:\/\/filhosdaterra.org\/wp-content\/uploads\/2023\/11\/corte-Copia-de-0a792b_9b16191f542c4bdb9e948240049d7637-mv2-scaled.jpg\" alt=\"Fotografia produzida no \u00e2mbito do Projeto Filhos da Terra - Um olhar sobre a diversidade cultural brasileira. Todos os direitos reservados. Sons of the Earth - A look at the Brazilian cultural diversity. Eraldo Peres Photographer research project and ethnographic documentation. All rights reserved.\" \/><\/figure><\/div><div class=\"swiper-slide\" role=\"group\" aria-roledescription=\"slide\" aria-label=\"2 of 4\"><figure class=\"swiper-slide-inner\"><img decoding=\"async\" class=\"swiper-slide-image\" src=\"https:\/\/filhosdaterra.org\/wp-content\/uploads\/2023\/11\/corte-Copia-de-0a792b_d4c7d636300d431d964f18892d83e809-mv2-scaled.jpg\" alt=\"Fotografia produzida no \u00e2mbito do Projeto Filhos da Terra - Um olhar sobre a diversidade cultural brasileira. Todos os direitos reservados. Sons of the Earth - A look at the Brazilian cultural diversity. Eraldo Peres Photographer research project and ethnographic documentation. All rights reserved.\" \/><\/figure><\/div><div class=\"swiper-slide\" role=\"group\" aria-roledescription=\"slide\" aria-label=\"3 of 4\"><figure class=\"swiper-slide-inner\"><img decoding=\"async\" class=\"swiper-slide-image\" src=\"https:\/\/filhosdaterra.org\/wp-content\/uploads\/2023\/11\/corte-Copia-de-0a792b_b56bf53f4dc44e888256c3ff38d6bddc-mv2-scaled.jpg\" alt=\"Fotografia produzida no \u00e2mbito do Projeto Filhos da Terra - Um olhar sobre a diversidade cultural brasileira. Todos os direitos reservados. Sons of the Earth - A look at the Brazilian cultural diversity. Eraldo Peres Photographer research project and ethnographic documentation. All rights reserved.\" \/><\/figure><\/div><div class=\"swiper-slide\" role=\"group\" aria-roledescription=\"slide\" aria-label=\"4 of 4\"><figure class=\"swiper-slide-inner\"><img decoding=\"async\" class=\"swiper-slide-image\" src=\"https:\/\/filhosdaterra.org\/wp-content\/uploads\/2023\/11\/CC0a792b_f0b5df19038743b6a5f7538da9c348a2-mv2.jpg\" alt=\"Fotografia produzida no \u00e2mbito do Projeto Filhos da Terra - Um olhar sobre a diversidade cultural brasileira. Todos os direitos reservados. Sons of the Earth - A look at the Brazilian cultural diversity. Eraldo Peres Photographer research project and ethnographic documentation. All rights reserved.\" \/><\/figure><\/div>\t\t\t<\/div>\n\t\t\t\t\t\t\t\n\t\t\t\t\t\t\t\t\t<\/div>\n\t\t\t\t<\/div>\n\t\t\t\t<\/div>\n\t\t\t\t\t<\/div>\n\t\t<\/div>\n\t\t\t\t\t\t\t<\/div>\n\t\t<\/section>\n\t\t\t\t<section class=\"elementor-section elementor-top-section elementor-element elementor-element-3e9b3c4 elementor-section-boxed elementor-section-height-default elementor-section-height-default\" data-id=\"3e9b3c4\" data-element_type=\"section\">\n\t\t\t\t\t\t<div class=\"elementor-container elementor-column-gap-default\">\n\t\t\t\t\t<div class=\"elementor-column elementor-col-100 elementor-top-column elementor-element elementor-element-bb3c9b7\" data-id=\"bb3c9b7\" data-element_type=\"column\">\n\t\t\t<div class=\"elementor-widget-wrap elementor-element-populated\">\n\t\t\t\t\t\t\t\t<section class=\"elementor-section elementor-inner-section elementor-element elementor-element-af6128d elementor-section-boxed elementor-section-height-default elementor-section-height-default\" data-id=\"af6128d\" data-element_type=\"section\">\n\t\t\t\t\t\t<div class=\"elementor-container elementor-column-gap-no\">\n\t\t\t\t\t<div class=\"elementor-column elementor-col-50 elementor-inner-column elementor-element elementor-element-80d3fd9\" data-id=\"80d3fd9\" data-element_type=\"column\">\n\t\t\t<div class=\"elementor-widget-wrap elementor-element-populated\">\n\t\t\t\t\t\t\t\t<div class=\"elementor-element elementor-element-5b01149 elementor-widget elementor-widget-heading\" data-id=\"5b01149\" data-element_type=\"widget\" data-widget_type=\"heading.default\">\n\t\t\t\t<div class=\"elementor-widget-container\">\n\t\t\t<h2 class=\"elementor-heading-title elementor-size-default\">Filhos da Terra: roteiros para adentrar o Brasil \n\n<\/h2>\t\t<\/div>\n\t\t\t\t<\/div>\n\t\t\t\t<div class=\"elementor-element elementor-element-0beb5a4 elementor-widget elementor-widget-text-editor\" data-id=\"0beb5a4\" data-element_type=\"widget\" data-widget_type=\"text-editor.default\">\n\t\t\t\t<div class=\"elementor-widget-container\">\n\t\t\t\t\t\t\t<p>O Brasil \u00e9 um pa\u00eds de dimens\u00f5es continentais, onde cada regi\u00e3o guarda paisagens, costumes e hist\u00f3rias que formam uma identidade cultural diversa e mesti\u00e7a. Entre o Sudeste, Sul, Centro-Oeste, Norte e Nordeste, encontram-se tradi\u00e7\u00f5es que resistem ao tempo, express\u00f5es populares que contam a trajet\u00f3ria de um povo forjado pelo encontro de diferentes matrizes culturais. Mais do que um territ\u00f3rio, o Brasil \u00e9 um mosaico vivo de saberes, celebra\u00e7\u00f5es e modos de exist\u00eancia.<\/p><p>H\u00e1 mais de 20 anos, a pesquisa sobre cultura popular brasileira se transformou em um projeto cont\u00ednuo de documenta\u00e7\u00e3o etnogr\u00e1fica e fotogr\u00e1fica. Filhos da Terra busca revelar essa riqueza cultural por meio de imagens e narrativas que percorrem diferentes regi\u00f5es do pa\u00eds. Cada registro \u00e9 um convite para adentrar o Brasil profundo, onde a cultura pulsa nas festas, nos rituais, nos of\u00edcios e na mem\u00f3ria coletiva de seus povos.<\/p>\t\t\t\t\t\t<\/div>\n\t\t\t\t<\/div>\n\t\t\t\t\t<\/div>\n\t\t<\/div>\n\t\t\t\t<div class=\"elementor-column elementor-col-50 elementor-inner-column elementor-element elementor-element-013c580\" data-id=\"013c580\" data-element_type=\"column\">\n\t\t\t<div class=\"elementor-widget-wrap elementor-element-populated\">\n\t\t\t\t\t\t\t\t<div class=\"elementor-element elementor-element-c601688 elementor-widget elementor-widget-heading\" data-id=\"c601688\" data-element_type=\"widget\" data-widget_type=\"heading.default\">\n\t\t\t\t<div class=\"elementor-widget-container\">\n\t\t\t<h3 class=\"elementor-heading-title elementor-size-default\">O Desafio de Documentar a Cultura\n<\/h3>\t\t<\/div>\n\t\t\t\t<\/div>\n\t\t\t\t<div class=\"elementor-element elementor-element-e944ff4 elementor-widget elementor-widget-text-editor\" data-id=\"e944ff4\" data-element_type=\"widget\" data-widget_type=\"text-editor.default\">\n\t\t\t\t<div class=\"elementor-widget-container\">\n\t\t\t\t\t\t\t<p>Possibilitar o acesso \u00e0 informa\u00e7\u00e3o em um pa\u00eds de dimens\u00f5es continentais e com uma diversidade \u00e9tnica e cultural t\u00e3o ampla \u00e9 um dos grandes desafios para pesquisadores e documentaristas da cultura popular.<\/p><p data-start=\"208\" data-end=\"673\">O Filhos da Terra busca superar essa barreira por meio da produ\u00e7\u00e3o de conte\u00fados que aproximam o p\u00fablico das manifesta\u00e7\u00f5es culturais brasileiras, promovendo o conhecimento e o reconhecimento do patrim\u00f4nio imaterial do pa\u00eds. A cada expedi\u00e7\u00e3o, o projeto transforma suas pesquisas em diferentes formatos \u2013 <strong data-start=\"510\" data-end=\"585\">Cadernos de Viagem, Narrativas Visuais, Multim\u00eddias e Rede Cultura Game<\/strong> \u2013, reunindo imagens, relatos e viv\u00eancias que revelam a riqueza da cultura brasileira.<\/p><p>Mais do que documentar, o Filhos da Terra fortalece e valoriza as tradi\u00e7\u00f5es populares, ampliando sua visibilidade e refor\u00e7ando o sentimento de identidade e pertencimento.<\/p><p data-start=\"675\" data-end=\"909\" data-is-last-node=\"\">\u00c9 preciso conhecer e refletir, para assim poder<br \/>valorizar e preservar!<\/p>\t\t\t\t\t\t<\/div>\n\t\t\t\t<\/div>\n\t\t\t\t\t<\/div>\n\t\t<\/div>\n\t\t\t\t\t\t\t<\/div>\n\t\t<\/section>\n\t\t\t\t\t<\/div>\n\t\t<\/div>\n\t\t\t\t\t\t\t<\/div>\n\t\t<\/section>\n\t\t\t\t<section class=\"elementor-section elementor-top-section elementor-element elementor-element-6d607e3 elementor-section-boxed elementor-section-height-default elementor-section-height-default\" data-id=\"6d607e3\" data-element_type=\"section\">\n\t\t\t\t\t\t<div class=\"elementor-container elementor-column-gap-default\">\n\t\t\t\t\t<div class=\"elementor-column elementor-col-50 elementor-top-column elementor-element elementor-element-78fa067\" data-id=\"78fa067\" data-element_type=\"column\" data-settings=\"{&quot;background_background&quot;:&quot;classic&quot;}\">\n\t\t\t<div class=\"elementor-widget-wrap elementor-element-populated\">\n\t\t\t\t\t\t\t\t<div class=\"elementor-element elementor-element-926716b elementor-widget elementor-widget-image\" data-id=\"926716b\" data-element_type=\"widget\" data-widget_type=\"image.default\">\n\t\t\t\t<div class=\"elementor-widget-container\">\n\t\t\t<style>\/*! elementor - v3.16.0 - 17-10-2023 *\/\n.elementor-widget-image{text-align:center}.elementor-widget-image a{display:inline-block}.elementor-widget-image a img[src$=\".svg\"]{width:48px}.elementor-widget-image img{vertical-align:middle;display:inline-block}<\/style>\t\t\t\t\t\t\t\t\t\t\t\t<img decoding=\"async\" loading=\"lazy\" width=\"800\" height=\"533\" src=\"https:\/\/filhosdaterra.org\/wp-content\/uploads\/2023\/11\/0a792b_bc9a29a8c0a24ffb89a2f6ba33430ac2-mv2.jpg\" class=\"attachment-large size-large wp-image-3323\" alt=\"\" srcset=\"https:\/\/filhosdaterra.org\/wp-content\/uploads\/2023\/11\/0a792b_bc9a29a8c0a24ffb89a2f6ba33430ac2-mv2.jpg 1000w, https:\/\/filhosdaterra.org\/wp-content\/uploads\/2023\/11\/0a792b_bc9a29a8c0a24ffb89a2f6ba33430ac2-mv2-300x200.jpg 300w, https:\/\/filhosdaterra.org\/wp-content\/uploads\/2023\/11\/0a792b_bc9a29a8c0a24ffb89a2f6ba33430ac2-mv2-768x511.jpg 768w, https:\/\/filhosdaterra.org\/wp-content\/uploads\/2023\/11\/0a792b_bc9a29a8c0a24ffb89a2f6ba33430ac2-mv2-18x12.jpg 18w\" sizes=\"(max-width: 800px) 100vw, 800px\" \/>\t\t\t\t\t\t\t\t\t\t\t\t\t\t\t<\/div>\n\t\t\t\t<\/div>\n\t\t\t\t\t<\/div>\n\t\t<\/div>\n\t\t\t\t<div class=\"elementor-column elementor-col-50 elementor-top-column elementor-element elementor-element-b56d744\" data-id=\"b56d744\" data-element_type=\"column\" data-settings=\"{&quot;background_background&quot;:&quot;classic&quot;}\">\n\t\t\t<div class=\"elementor-widget-wrap elementor-element-populated\">\n\t\t\t\t\t\t\t\t<div class=\"elementor-element elementor-element-c7968dc elementor-widget elementor-widget-image\" data-id=\"c7968dc\" data-element_type=\"widget\" data-widget_type=\"image.default\">\n\t\t\t\t<div class=\"elementor-widget-container\">\n\t\t\t\t\t\t\t\t\t\t\t\t\t\t\t<img decoding=\"async\" loading=\"lazy\" width=\"800\" height=\"533\" src=\"https:\/\/filhosdaterra.org\/wp-content\/uploads\/2023\/11\/0a792b_597bac17db064358a25bc5512d6f4c12-mv2.jpg\" class=\"attachment-large size-large wp-image-3313\" alt=\"Homem com seu chap\u00e9u tradicional fuma durante as celebra\u00e7\u00f5es da Semana Farroupilha, Alegrete - RS\" srcset=\"https:\/\/filhosdaterra.org\/wp-content\/uploads\/2023\/11\/0a792b_597bac17db064358a25bc5512d6f4c12-mv2.jpg 1000w, https:\/\/filhosdaterra.org\/wp-content\/uploads\/2023\/11\/0a792b_597bac17db064358a25bc5512d6f4c12-mv2-300x200.jpg 300w, https:\/\/filhosdaterra.org\/wp-content\/uploads\/2023\/11\/0a792b_597bac17db064358a25bc5512d6f4c12-mv2-768x511.jpg 768w, https:\/\/filhosdaterra.org\/wp-content\/uploads\/2023\/11\/0a792b_597bac17db064358a25bc5512d6f4c12-mv2-18x12.jpg 18w\" sizes=\"(max-width: 800px) 100vw, 800px\" \/>\t\t\t\t\t\t\t\t\t\t\t\t\t\t\t<\/div>\n\t\t\t\t<\/div>\n\t\t\t\t\t<\/div>\n\t\t<\/div>\n\t\t\t\t\t\t\t<\/div>\n\t\t<\/section>\n\t\t\t\t<section class=\"elementor-section elementor-top-section elementor-element elementor-element-5043a573 elementor-section-boxed elementor-section-height-default elementor-section-height-default\" data-id=\"5043a573\" data-element_type=\"section\" data-settings=\"{&quot;background_background&quot;:&quot;classic&quot;}\">\n\t\t\t\t\t\t<div class=\"elementor-container elementor-column-gap-no\">\n\t\t\t\t\t<div class=\"elementor-column elementor-col-100 elementor-top-column elementor-element elementor-element-62ac7ad\" data-id=\"62ac7ad\" data-element_type=\"column\">\n\t\t\t<div class=\"elementor-widget-wrap elementor-element-populated\">\n\t\t\t\t\t\t\t\t<section class=\"elementor-section elementor-inner-section elementor-element elementor-element-a2c8c3b elementor-section-full_width elementor-section-content-middle elementor-section-height-default elementor-section-height-default\" data-id=\"a2c8c3b\" data-element_type=\"section\" data-settings=\"{&quot;background_background&quot;:&quot;classic&quot;}\">\n\t\t\t\t\t\t<div class=\"elementor-container elementor-column-gap-no\">\n\t\t\t\t\t<div class=\"elementor-column elementor-col-50 elementor-inner-column elementor-element elementor-element-0c36546\" data-id=\"0c36546\" data-element_type=\"column\" data-settings=\"{&quot;background_background&quot;:&quot;classic&quot;}\">\n\t\t\t<div class=\"elementor-widget-wrap elementor-element-populated\">\n\t\t\t\t\t\t\t\t<div class=\"elementor-element elementor-element-d8d8803 elementor-widget elementor-widget-heading\" data-id=\"d8d8803\" data-element_type=\"widget\" data-widget_type=\"heading.default\">\n\t\t\t\t<div class=\"elementor-widget-container\">\n\t\t\t<h2 class=\"elementor-heading-title elementor-size-default\">Salvaguarda do Patrim\u00f4nio Cultural Imaterial<\/h2>\t\t<\/div>\n\t\t\t\t<\/div>\n\t\t\t\t<div class=\"elementor-element elementor-element-b297a68 elementor-widget elementor-widget-text-editor\" data-id=\"b297a68\" data-element_type=\"widget\" data-widget_type=\"text-editor.default\">\n\t\t\t\t<div class=\"elementor-widget-container\">\n\t\t\t\t\t\t\t<p>O projeto conta com apoio expresso em carta da Unesco (BRA\/REP\/05-0863 \/ 2010), a qual destaca que o <em>\u201cm\u00e9rito da iniciativa e a afinidade entre seus prop\u00f3sitos e alguns princ\u00edpios adotados pela Unesco, tais como a preserva\u00e7\u00e3o da mem\u00f3ria e a valoriza\u00e7\u00e3o do patrim\u00f4nio imaterial, nos levam a conceder o apoio institucional&#8230;\u201d<\/em>, legitimando sua contribui\u00e7\u00e3o para a preserva\u00e7\u00e3o do patrim\u00f4nio cultural conforme as considera\u00e7\u00f5es da <span style=\"text-decoration: underline;\">Conven\u00e7\u00e3o para a Salvaguarda do Patrim\u00f4nio Cultural Imaterial<\/span>.<\/p>\t\t\t\t\t\t<\/div>\n\t\t\t\t<\/div>\n\t\t\t\t<div class=\"elementor-element elementor-element-7518224 elementor-widget elementor-widget-text-editor\" data-id=\"7518224\" data-element_type=\"widget\" data-widget_type=\"text-editor.default\">\n\t\t\t\t<div class=\"elementor-widget-container\">\n\t\t\t\t\t\t\t<ul><li>A import\u00e2ncia do patrim\u00f4nio cultural imaterial como fonte de diversidade cultural e garantia de desenvolvimento sustent\u00e1vel, conforme destacado na Recomenda\u00e7\u00e3o da UNESCO sobre a salvaguarda da cultura tradicional e popular, de 1989, bem como na Declara\u00e7\u00e3o Universal da UNESCO sobre a Diversidade Cultural, de 2001, e na Declara\u00e7\u00e3o de Istambul, de 2002, aprovada pela Terceira Mesa Redonda de Ministros da Cultura;<\/li><li>A necessidade de conscientiza\u00e7\u00e3o, especialmente entre as novas gera\u00e7\u00f5es, da import\u00e2ncia do patrim\u00f4nio cultural imaterial e de sua salvaguarda; e<\/li><li>A\u00a0inestim\u00e1vel fun\u00e7\u00e3o que cumpre o patrim\u00f4nio cultural imaterial como fator de aproxima\u00e7\u00e3o, interc\u00e2mbio e entendimento\u00a0entre os seres humanos.<\/li><\/ul>\t\t\t\t\t\t<\/div>\n\t\t\t\t<\/div>\n\t\t\t\t\t<\/div>\n\t\t<\/div>\n\t\t\t\t<div class=\"elementor-column elementor-col-50 elementor-inner-column elementor-element elementor-element-4cab93b\" data-id=\"4cab93b\" data-element_type=\"column\" data-settings=\"{&quot;background_background&quot;:&quot;classic&quot;}\">\n\t\t\t<div class=\"elementor-widget-wrap elementor-element-populated\">\n\t\t\t\t\t\t\t\t<div class=\"elementor-element elementor-element-680bce8 elementor-widget elementor-widget-heading\" data-id=\"680bce8\" data-element_type=\"widget\" data-widget_type=\"heading.default\">\n\t\t\t\t<div class=\"elementor-widget-container\">\n\t\t\t<h2 class=\"elementor-heading-title elementor-size-default\">Plano Nacional de Cultura\n\n<\/h2>\t\t<\/div>\n\t\t\t\t<\/div>\n\t\t\t\t<div class=\"elementor-element elementor-element-427ed01 elementor-widget elementor-widget-text-editor\" data-id=\"427ed01\" data-element_type=\"widget\" data-widget_type=\"text-editor.default\">\n\t\t\t\t<div class=\"elementor-widget-container\">\n\t\t\t\t\t\t\t<p>O projeto se reconhece tamb\u00e9m como canal para as Metas do <span style=\"text-decoration: underline;\">Plano Nacional de Cultura \u2013 PNC<\/span>, apresentadas durante a III Confer\u00eancia Nacional de Cultura (2013) pelo <span style=\"text-decoration: underline;\">Minist\u00e9rio da Cultura<\/span>, e as quais estabelecem diretrizes e a\u00e7\u00f5es no per\u00edodo 2010-2020 para o desenvolvimento cultura em todo territ\u00f3rio nacional.<\/p><p>A <em>Meta 4 do PNC<\/em> \u2013 <em>Pol\u00edtica nacional de prote\u00e7\u00e3o e valoriza\u00e7\u00e3o dos conhecimentos e express\u00f5es das culturas populares e tradicionais implantadas<\/em> (p. 30 PNC) \u00e9 o princ\u00edpio norteador de todo o projeto uma vez que se coloca como meio de contribui\u00e7\u00e3o para a valoriza\u00e7\u00e3o do sentimento de brasilidade, identidade e cultura nacional. Apresentando o povo brasileiro pela \u00f3tica das suas manifesta\u00e7\u00f5es e diversidade cultural, explorando os temas das festas populares, dos seus mestres, grupos e territ\u00f3rios.<\/p><p>Outro princ\u00edpio que norteia Filhos da Terra \u00e9 o da Cartografia. A divis\u00e3o em Rotas Culturais de pesquisa e documenta\u00e7\u00e3o estabelece di\u00e1logo com a <span style=\"text-decoration: underline;\">Meta 3 do PNC<\/span> &#8211; <em>\u201cCartografia da diversidade das express\u00f5es culturais em todo o territ\u00f3rio brasileiro\u201d<\/em> (p. 28 PNC).<\/p>\t\t\t\t\t\t<\/div>\n\t\t\t\t<\/div>\n\t\t\t\t\t<\/div>\n\t\t<\/div>\n\t\t\t\t\t\t\t<\/div>\n\t\t<\/section>\n\t\t\t\t<section class=\"elementor-section elementor-inner-section elementor-element elementor-element-7e31df4 elementor-section-full_width elementor-section-content-middle elementor-section-height-default elementor-section-height-default\" data-id=\"7e31df4\" data-element_type=\"section\" data-settings=\"{&quot;background_background&quot;:&quot;classic&quot;}\">\n\t\t\t\t\t\t<div class=\"elementor-container elementor-column-gap-no\">\n\t\t\t\t\t<div class=\"elementor-column elementor-col-100 elementor-inner-column elementor-element elementor-element-48dfe0e\" data-id=\"48dfe0e\" data-element_type=\"column\">\n\t\t\t<div class=\"elementor-widget-wrap elementor-element-populated\">\n\t\t\t\t\t\t\t\t<div class=\"elementor-element elementor-element-4824c8f elementor-widget elementor-widget-heading\" data-id=\"4824c8f\" data-element_type=\"widget\" data-widget_type=\"heading.default\">\n\t\t\t\t<div class=\"elementor-widget-container\">\n\t\t\t<h2 class=\"elementor-heading-title elementor-size-default\">Difus\u00e3o e Interc\u00e2mbio Cultural<\/h2>\t\t<\/div>\n\t\t\t\t<\/div>\n\t\t\t\t<div class=\"elementor-element elementor-element-5cc9b0b elementor-widget elementor-widget-text-editor\" data-id=\"5cc9b0b\" data-element_type=\"widget\" data-widget_type=\"text-editor.default\">\n\t\t\t\t<div class=\"elementor-widget-container\">\n\t\t\t\t\t\t\t<p>Os registros e pesquisas do projeto Filhos da Terra s\u00e3o compartilhados com o p\u00fablico por meio de diferentes formatos \u2013 <strong>Cadernos de Pesquisa, Narrativas Visuais, Multim\u00eddias e Rede Cultura Game<\/strong> \u2013, disponibilizados em plataformas digitais, como o site e as redes sociais. Esses conte\u00fados promovem o acesso \u00e0 cultura popular, \u00e0s artes visuais e \u00e0 fotografia, ampliando a visibilidade das manifesta\u00e7\u00f5es culturais e fortalecendo sua valoriza\u00e7\u00e3o.<\/p><p>Ao proporcionar esse interc\u00e2mbio, o projeto dialoga com a <strong>Meta 25 do Plano Nacional de Cultura (PNC)<\/strong>, que busca ampliar em 70% as atividades de difus\u00e3o cultural e interc\u00e2mbio nacional e internacional. Al\u00e9m disso, est\u00e1 alinhado aos <strong>Objetivos de Desenvolvimento Sustent\u00e1vel (ODS) da ONU<\/strong>, contribuindo para a <strong>ODS 4 \u2013 Educa\u00e7\u00e3o de Qualidade<\/strong>, ao fomentar o conhecimento sobre a diversidade cultural brasileira; para a <strong>ODS 5 \u2013 Igualdade de G\u00eanero<\/strong>, ao reconhecer e valorizar o papel das mulheres nas manifesta\u00e7\u00f5es culturais tradicionais; para a <strong>ODS 8 \u2013 Trabalho Decente e Crescimento Econ\u00f4mico<\/strong>, ao incentivar a economia criativa e o reconhecimento das atividades culturais como fonte de sustento para comunidades tradicionais; para a <strong>ODS 10 \u2013 Redu\u00e7\u00e3o das Desigualdades<\/strong>, ao valorizar express\u00f5es culturais de grupos historicamente marginalizados; e para a <strong>ODS 11 \u2013 Cidades e Comunidades Sustent\u00e1veis<\/strong>, ao fortalecer o patrim\u00f4nio cultural imaterial e promover sua preserva\u00e7\u00e3o para as futuras gera\u00e7\u00f5es.<\/p><p>Mais do que documentar, o Filhos da Terra conecta grupos, artistas e mestres da cultura popular, criando redes que atravessam fronteiras e aproximam diferentes territ\u00f3rios, garantindo que essas tradi\u00e7\u00f5es permane\u00e7am vivas e acess\u00edveis para as futuras gera\u00e7\u00f5es.<\/p>\t\t\t\t\t\t<\/div>\n\t\t\t\t<\/div>\n\t\t\t\t\t<\/div>\n\t\t<\/div>\n\t\t\t\t\t\t\t<\/div>\n\t\t<\/section>\n\t\t\t\t\t<\/div>\n\t\t<\/div>\n\t\t\t\t\t\t\t<\/div>\n\t\t<\/section>\n\t\t\t\t<section class=\"elementor-section elementor-top-section elementor-element elementor-element-9d14c8e elementor-section-boxed elementor-section-height-default elementor-section-height-default\" data-id=\"9d14c8e\" data-element_type=\"section\" data-settings=\"{&quot;background_background&quot;:&quot;classic&quot;}\">\n\t\t\t\t\t\t<div class=\"elementor-container elementor-column-gap-default\">\n\t\t\t\t\t<div class=\"elementor-column elementor-col-100 elementor-top-column elementor-element elementor-element-e0b589e\" data-id=\"e0b589e\" data-element_type=\"column\">\n\t\t\t<div class=\"elementor-widget-wrap elementor-element-populated\">\n\t\t\t\t\t\t\t\t<div class=\"elementor-element elementor-element-cd4de4f elementor-widget elementor-widget-heading\" data-id=\"cd4de4f\" data-element_type=\"widget\" data-widget_type=\"heading.default\">\n\t\t\t\t<div class=\"elementor-widget-container\">\n\t\t\t<h2 class=\"elementor-heading-title elementor-size-default\">Confira algumas fotografias\n<\/h2>\t\t<\/div>\n\t\t\t\t<\/div>\n\t\t\t\t<div class=\"elementor-element elementor-element-606b799 elementor-widget elementor-widget-text-editor\" data-id=\"606b799\" data-element_type=\"widget\" data-widget_type=\"text-editor.default\">\n\t\t\t\t<div class=\"elementor-widget-container\">\n\t\t\t\t\t\t\t<p><strong>Clique nas imagens<\/strong> para ampli\u00e1-las.<\/p>\t\t\t\t\t\t<\/div>\n\t\t\t\t<\/div>\n\t\t\t\t\t<\/div>\n\t\t<\/div>\n\t\t\t\t\t\t\t<\/div>\n\t\t<\/section>\n\t\t\t\t<section class=\"elementor-section elementor-top-section elementor-element elementor-element-b62a94f elementor-section-boxed elementor-section-height-default elementor-section-height-default\" data-id=\"b62a94f\" data-element_type=\"section\" data-settings=\"{&quot;background_background&quot;:&quot;classic&quot;}\">\n\t\t\t\t\t\t<div class=\"elementor-container elementor-column-gap-default\">\n\t\t\t\t\t<div class=\"elementor-column elementor-col-100 elementor-top-column elementor-element elementor-element-121ecf1\" data-id=\"121ecf1\" data-element_type=\"column\">\n\t\t\t<div class=\"elementor-widget-wrap elementor-element-populated\">\n\t\t\t\t\t\t\t\t<div class=\"elementor-element elementor-element-6af69bc elementor-widget elementor-widget-gallery\" data-id=\"6af69bc\" data-element_type=\"widget\" data-settings=\"{&quot;gap&quot;:{&quot;unit&quot;:&quot;px&quot;,&quot;size&quot;:0,&quot;sizes&quot;:[]},&quot;aspect_ratio&quot;:&quot;16:9&quot;,&quot;columns_tablet&quot;:3,&quot;columns_mobile_extra&quot;:3,&quot;columns_mobile&quot;:2,&quot;lazyload&quot;:&quot;yes&quot;,&quot;gallery_layout&quot;:&quot;grid&quot;,&quot;columns&quot;:4,&quot;gap_widescreen&quot;:{&quot;unit&quot;:&quot;px&quot;,&quot;size&quot;:&quot;&quot;,&quot;sizes&quot;:[]},&quot;gap_laptop&quot;:{&quot;unit&quot;:&quot;px&quot;,&quot;size&quot;:10,&quot;sizes&quot;:[]},&quot;gap_tablet_extra&quot;:{&quot;unit&quot;:&quot;px&quot;,&quot;size&quot;:10,&quot;sizes&quot;:[]},&quot;gap_tablet&quot;:{&quot;unit&quot;:&quot;px&quot;,&quot;size&quot;:10,&quot;sizes&quot;:[]},&quot;gap_mobile_extra&quot;:{&quot;unit&quot;:&quot;px&quot;,&quot;size&quot;:10,&quot;sizes&quot;:[]},&quot;gap_mobile&quot;:{&quot;unit&quot;:&quot;px&quot;,&quot;size&quot;:10,&quot;sizes&quot;:[]},&quot;link_to&quot;:&quot;file&quot;,&quot;overlay_background&quot;:&quot;yes&quot;,&quot;content_hover_animation&quot;:&quot;fade-in&quot;}\" data-widget_type=\"gallery.default\">\n\t\t\t\t<div class=\"elementor-widget-container\">\n\t\t\t<style>\/*! elementor-pro - v3.16.0 - 20-09-2023 *\/\n.elementor-gallery__container{min-height:1px}.elementor-gallery-item{position:relative;overflow:hidden;display:block;text-decoration:none;border:solid var(--image-border-width) var(--image-border-color);border-radius:var(--image-border-radius)}.elementor-gallery-item__content,.elementor-gallery-item__overlay{height:100%;width:100%;position:absolute;top:0;left:0}.elementor-gallery-item__overlay{mix-blend-mode:var(--overlay-mix-blend-mode);transition-duration:var(--overlay-transition-duration);transition-property:mix-blend-mode,transform,opacity,background-color}.elementor-gallery-item__image.e-gallery-image{transition-duration:var(--image-transition-duration);transition-property:filter,transform}.elementor-gallery-item__content{display:flex;flex-direction:column;justify-content:var(--content-justify-content,center);align-items:center;text-align:var(--content-text-align);padding:var(--content-padding)}.elementor-gallery-item__content>div{transition-duration:var(--content-transition-duration)}.elementor-gallery-item__content.elementor-gallery--sequenced-animation>div:nth-child(2){transition-delay:calc(var(--content-transition-delay) \/ 3)}.elementor-gallery-item__content.elementor-gallery--sequenced-animation>div:nth-child(3){transition-delay:calc(var(--content-transition-delay) \/ 3 * 2)}.elementor-gallery-item__content.elementor-gallery--sequenced-animation>div:nth-child(4){transition-delay:calc(var(--content-transition-delay) \/ 3 * 3)}.elementor-gallery-item__description{color:var(--description-text-color,#fff);width:100%}.elementor-gallery-item__title{color:var(--title-text-color,#fff);font-weight:700;width:100%}.elementor-gallery__titles-container{display:flex;flex-wrap:wrap;justify-content:var(--titles-container-justify-content,center);margin-bottom:20px}.elementor-gallery__titles-container:not(.e--pointer-framed) .elementor-item:after,.elementor-gallery__titles-container:not(.e--pointer-framed) .elementor-item:before{background-color:var(--galleries-pointer-bg-color-hover)}.elementor-gallery__titles-container:not(.e--pointer-framed) .elementor-item.elementor-item-active:after,.elementor-gallery__titles-container:not(.e--pointer-framed) .elementor-item.elementor-item-active:before{background-color:var(--galleries-pointer-bg-color-active)}.elementor-gallery__titles-container.e--pointer-framed .elementor-item:before{border-color:var(--galleries-pointer-bg-color-hover);border-width:var(--galleries-pointer-border-width)}.elementor-gallery__titles-container.e--pointer-framed .elementor-item:after{border-color:var(--galleries-pointer-bg-color-hover)}.elementor-gallery__titles-container.e--pointer-framed .elementor-item.elementor-item-active:after,.elementor-gallery__titles-container.e--pointer-framed .elementor-item.elementor-item-active:before{border-color:var(--galleries-pointer-bg-color-active)}.elementor-gallery__titles-container.e--pointer-framed.e--animation-draw .elementor-item:before{border-left-width:var(--galleries-pointer-border-width);border-bottom-width:var(--galleries-pointer-border-width);border-right-width:0;border-top-width:0}.elementor-gallery__titles-container.e--pointer-framed.e--animation-draw .elementor-item:after{border-left-width:0;border-bottom-width:0;border-right-width:var(--galleries-pointer-border-width);border-top-width:var(--galleries-pointer-border-width)}.elementor-gallery__titles-container.e--pointer-framed.e--animation-corners .elementor-item:before{border-left-width:var(--galleries-pointer-border-width);border-bottom-width:0;border-right-width:0;border-top-width:var(--galleries-pointer-border-width)}.elementor-gallery__titles-container.e--pointer-framed.e--animation-corners .elementor-item:after{border-left-width:0;border-bottom-width:var(--galleries-pointer-border-width);border-right-width:var(--galleries-pointer-border-width);border-top-width:0}.elementor-gallery__titles-container .e--pointer-double-line .elementor-item:after,.elementor-gallery__titles-container .e--pointer-double-line .elementor-item:before,.elementor-gallery__titles-container .e--pointer-overline .elementor-item:before,.elementor-gallery__titles-container .e--pointer-underline .elementor-item:after{height:var(--galleries-pointer-border-width)}.elementor-gallery-title{--space-between:10px;cursor:pointer;color:#6d7882;font-weight:500;position:relative;padding:7px 14px;transition:all .3s}.elementor-gallery-title--active{color:#495157}.elementor-gallery-title:not(:last-child){margin-right:var(--space-between)}.elementor-gallery-item__title+.elementor-gallery-item__description{margin-top:var(--description-margin-top)}.e-gallery-item.elementor-gallery-item{transition-property:all}.e-gallery-item.elementor-animated-content .elementor-animated-item--enter-from-bottom,.e-gallery-item.elementor-animated-content .elementor-animated-item--enter-from-left,.e-gallery-item.elementor-animated-content .elementor-animated-item--enter-from-right,.e-gallery-item.elementor-animated-content .elementor-animated-item--enter-from-top,.e-gallery-item:focus .elementor-gallery__item-overlay-bg,.e-gallery-item:focus .elementor-gallery__item-overlay-content,.e-gallery-item:focus .elementor-gallery__item-overlay-content__description,.e-gallery-item:focus .elementor-gallery__item-overlay-content__title,.e-gallery-item:hover .elementor-gallery__item-overlay-bg,.e-gallery-item:hover .elementor-gallery__item-overlay-content,.e-gallery-item:hover .elementor-gallery__item-overlay-content__description,.e-gallery-item:hover .elementor-gallery__item-overlay-content__title{opacity:1}a.elementor-item.elementor-gallery-title{color:var(--galleries-title-color-normal)}a.elementor-item.elementor-gallery-title.elementor-item-active,a.elementor-item.elementor-gallery-title.highlighted,a.elementor-item.elementor-gallery-title:focus,a.elementor-item.elementor-gallery-title:hover{color:var(--galleries-title-color-hover)}a.elementor-item.elementor-gallery-title.elementor-item-active{color:var(--gallery-title-color-active)}.e-con-inner>.elementor-widget-gallery,.e-con>.elementor-widget-gallery{width:var(--container-widget-width);--flex-grow:var(--container-widget-flex-grow)}<\/style>\t\t<div class=\"elementor-gallery__container\">\n\t\t\t\t\t\t\t<a class=\"e-gallery-item elementor-gallery-item elementor-animated-content\" href=\"https:\/\/filhosdaterra.org\/wp-content\/uploads\/2022\/11\/15.jpg\" data-elementor-open-lightbox=\"yes\" data-elementor-lightbox-slideshow=\"6af69bc\" data-elementor-lightbox-title=\"15\" data-e-action-hash=\"#elementor-action%3Aaction%3Dlightbox%26settings%3DeyJpZCI6MTA0MCwidXJsIjoiaHR0cHM6XC9cL2ZpbGhvc2RhdGVycmEub3JnXC93cC1jb250ZW50XC91cGxvYWRzXC8yMDIyXC8xMVwvMTUuanBnIiwic2xpZGVzaG93IjoiNmFmNjliYyJ9\">\n\t\t\t\t\t<div class=\"e-gallery-image elementor-gallery-item__image\" data-thumbnail=\"https:\/\/filhosdaterra.org\/wp-content\/uploads\/2022\/11\/15.jpg\" data-width=\"1772\" data-height=\"639\" aria-label=\"\" role=\"img\" ><\/div>\n\t\t\t\t\t\t\t\t\t\t\t<div class=\"elementor-gallery-item__overlay\"><\/div>\n\t\t\t\t\t\t\t\t\t\t\t\t\t\t<\/a>\n\t\t\t\t\t\t\t<a class=\"e-gallery-item elementor-gallery-item elementor-animated-content\" href=\"https:\/\/filhosdaterra.org\/wp-content\/uploads\/2022\/11\/16.jpg\" data-elementor-open-lightbox=\"yes\" data-elementor-lightbox-slideshow=\"6af69bc\" data-elementor-lightbox-title=\"16\" data-e-action-hash=\"#elementor-action%3Aaction%3Dlightbox%26settings%3DeyJpZCI6MTAzOSwidXJsIjoiaHR0cHM6XC9cL2ZpbGhvc2RhdGVycmEub3JnXC93cC1jb250ZW50XC91cGxvYWRzXC8yMDIyXC8xMVwvMTYuanBnIiwic2xpZGVzaG93IjoiNmFmNjliYyJ9\">\n\t\t\t\t\t<div class=\"e-gallery-image elementor-gallery-item__image\" data-thumbnail=\"https:\/\/filhosdaterra.org\/wp-content\/uploads\/2022\/11\/16.jpg\" data-width=\"1772\" data-height=\"639\" aria-label=\"\" role=\"img\" ><\/div>\n\t\t\t\t\t\t\t\t\t\t\t<div class=\"elementor-gallery-item__overlay\"><\/div>\n\t\t\t\t\t\t\t\t\t\t\t\t\t\t<\/a>\n\t\t\t\t\t\t\t<a class=\"e-gallery-item elementor-gallery-item elementor-animated-content\" href=\"https:\/\/filhosdaterra.org\/wp-content\/uploads\/2022\/11\/19.jpg\" data-elementor-open-lightbox=\"yes\" data-elementor-lightbox-slideshow=\"6af69bc\" data-elementor-lightbox-title=\"19\" data-e-action-hash=\"#elementor-action%3Aaction%3Dlightbox%26settings%3DeyJpZCI6MTAzNiwidXJsIjoiaHR0cHM6XC9cL2ZpbGhvc2RhdGVycmEub3JnXC93cC1jb250ZW50XC91cGxvYWRzXC8yMDIyXC8xMVwvMTkuanBnIiwic2xpZGVzaG93IjoiNmFmNjliYyJ9\">\n\t\t\t\t\t<div class=\"e-gallery-image elementor-gallery-item__image\" data-thumbnail=\"https:\/\/filhosdaterra.org\/wp-content\/uploads\/2022\/11\/19.jpg\" data-width=\"1772\" data-height=\"639\" aria-label=\"\" role=\"img\" ><\/div>\n\t\t\t\t\t\t\t\t\t\t\t<div class=\"elementor-gallery-item__overlay\"><\/div>\n\t\t\t\t\t\t\t\t\t\t\t\t\t\t<\/a>\n\t\t\t\t\t\t\t<a class=\"e-gallery-item elementor-gallery-item elementor-animated-content\" href=\"https:\/\/filhosdaterra.org\/wp-content\/uploads\/2022\/11\/28.jpg\" data-elementor-open-lightbox=\"yes\" data-elementor-lightbox-slideshow=\"6af69bc\" data-elementor-lightbox-title=\"28\" data-e-action-hash=\"#elementor-action%3Aaction%3Dlightbox%26settings%3DeyJpZCI6MTAyNywidXJsIjoiaHR0cHM6XC9cL2ZpbGhvc2RhdGVycmEub3JnXC93cC1jb250ZW50XC91cGxvYWRzXC8yMDIyXC8xMVwvMjguanBnIiwic2xpZGVzaG93IjoiNmFmNjliYyJ9\">\n\t\t\t\t\t<div class=\"e-gallery-image elementor-gallery-item__image\" data-thumbnail=\"https:\/\/filhosdaterra.org\/wp-content\/uploads\/2022\/11\/28.jpg\" data-width=\"1772\" data-height=\"639\" aria-label=\"\" role=\"img\" ><\/div>\n\t\t\t\t\t\t\t\t\t\t\t<div class=\"elementor-gallery-item__overlay\"><\/div>\n\t\t\t\t\t\t\t\t\t\t\t\t\t\t<\/a>\n\t\t\t\t\t\t\t<a class=\"e-gallery-item elementor-gallery-item elementor-animated-content\" href=\"https:\/\/filhosdaterra.org\/wp-content\/uploads\/2022\/11\/26.jpg\" data-elementor-open-lightbox=\"yes\" data-elementor-lightbox-slideshow=\"6af69bc\" data-elementor-lightbox-title=\"26\" data-e-action-hash=\"#elementor-action%3Aaction%3Dlightbox%26settings%3DeyJpZCI6MTAyOSwidXJsIjoiaHR0cHM6XC9cL2ZpbGhvc2RhdGVycmEub3JnXC93cC1jb250ZW50XC91cGxvYWRzXC8yMDIyXC8xMVwvMjYuanBnIiwic2xpZGVzaG93IjoiNmFmNjliYyJ9\">\n\t\t\t\t\t<div class=\"e-gallery-image elementor-gallery-item__image\" data-thumbnail=\"https:\/\/filhosdaterra.org\/wp-content\/uploads\/2022\/11\/26.jpg\" data-width=\"1772\" data-height=\"639\" aria-label=\"\" role=\"img\" ><\/div>\n\t\t\t\t\t\t\t\t\t\t\t<div class=\"elementor-gallery-item__overlay\"><\/div>\n\t\t\t\t\t\t\t\t\t\t\t\t\t\t<\/a>\n\t\t\t\t\t\t\t<a class=\"e-gallery-item elementor-gallery-item elementor-animated-content\" href=\"https:\/\/filhosdaterra.org\/wp-content\/uploads\/2022\/11\/7.jpg\" data-elementor-open-lightbox=\"yes\" data-elementor-lightbox-slideshow=\"6af69bc\" data-elementor-lightbox-title=\"7\" data-e-action-hash=\"#elementor-action%3Aaction%3Dlightbox%26settings%3DeyJpZCI6MTAxOCwidXJsIjoiaHR0cHM6XC9cL2ZpbGhvc2RhdGVycmEub3JnXC93cC1jb250ZW50XC91cGxvYWRzXC8yMDIyXC8xMVwvNy5qcGciLCJzbGlkZXNob3ciOiI2YWY2OWJjIn0%3D\">\n\t\t\t\t\t<div class=\"e-gallery-image elementor-gallery-item__image\" data-thumbnail=\"https:\/\/filhosdaterra.org\/wp-content\/uploads\/2022\/11\/7.jpg\" data-width=\"1772\" data-height=\"639\" aria-label=\"\" role=\"img\" ><\/div>\n\t\t\t\t\t\t\t\t\t\t\t<div class=\"elementor-gallery-item__overlay\"><\/div>\n\t\t\t\t\t\t\t\t\t\t\t\t\t\t<\/a>\n\t\t\t\t\t\t\t<a class=\"e-gallery-item elementor-gallery-item elementor-animated-content\" href=\"https:\/\/filhosdaterra.org\/wp-content\/uploads\/2022\/11\/6.jpg\" data-elementor-open-lightbox=\"yes\" data-elementor-lightbox-slideshow=\"6af69bc\" data-elementor-lightbox-title=\"6\" data-e-action-hash=\"#elementor-action%3Aaction%3Dlightbox%26settings%3DeyJpZCI6MTAxOSwidXJsIjoiaHR0cHM6XC9cL2ZpbGhvc2RhdGVycmEub3JnXC93cC1jb250ZW50XC91cGxvYWRzXC8yMDIyXC8xMVwvNi5qcGciLCJzbGlkZXNob3ciOiI2YWY2OWJjIn0%3D\">\n\t\t\t\t\t<div class=\"e-gallery-image elementor-gallery-item__image\" data-thumbnail=\"https:\/\/filhosdaterra.org\/wp-content\/uploads\/2022\/11\/6.jpg\" data-width=\"1772\" data-height=\"639\" aria-label=\"\" role=\"img\" ><\/div>\n\t\t\t\t\t\t\t\t\t\t\t<div class=\"elementor-gallery-item__overlay\"><\/div>\n\t\t\t\t\t\t\t\t\t\t\t\t\t\t<\/a>\n\t\t\t\t\t\t\t<a class=\"e-gallery-item elementor-gallery-item elementor-animated-content\" href=\"https:\/\/filhosdaterra.org\/wp-content\/uploads\/2022\/11\/30.jpg\" data-elementor-open-lightbox=\"yes\" data-elementor-lightbox-slideshow=\"6af69bc\" data-elementor-lightbox-title=\"30\" data-e-action-hash=\"#elementor-action%3Aaction%3Dlightbox%26settings%3DeyJpZCI6MTAyNSwidXJsIjoiaHR0cHM6XC9cL2ZpbGhvc2RhdGVycmEub3JnXC93cC1jb250ZW50XC91cGxvYWRzXC8yMDIyXC8xMVwvMzAuanBnIiwic2xpZGVzaG93IjoiNmFmNjliYyJ9\">\n\t\t\t\t\t<div class=\"e-gallery-image elementor-gallery-item__image\" data-thumbnail=\"https:\/\/filhosdaterra.org\/wp-content\/uploads\/2022\/11\/30.jpg\" data-width=\"1772\" data-height=\"639\" aria-label=\"\" role=\"img\" ><\/div>\n\t\t\t\t\t\t\t\t\t\t\t<div class=\"elementor-gallery-item__overlay\"><\/div>\n\t\t\t\t\t\t\t\t\t\t\t\t\t\t<\/a>\n\t\t\t\t\t\t\t<a class=\"e-gallery-item elementor-gallery-item elementor-animated-content\" href=\"https:\/\/filhosdaterra.org\/wp-content\/uploads\/2022\/11\/8.jpg\" data-elementor-open-lightbox=\"yes\" data-elementor-lightbox-slideshow=\"6af69bc\" data-elementor-lightbox-title=\"8\" data-e-action-hash=\"#elementor-action%3Aaction%3Dlightbox%26settings%3DeyJpZCI6MTAxNywidXJsIjoiaHR0cHM6XC9cL2ZpbGhvc2RhdGVycmEub3JnXC93cC1jb250ZW50XC91cGxvYWRzXC8yMDIyXC8xMVwvOC5qcGciLCJzbGlkZXNob3ciOiI2YWY2OWJjIn0%3D\">\n\t\t\t\t\t<div class=\"e-gallery-image elementor-gallery-item__image\" data-thumbnail=\"https:\/\/filhosdaterra.org\/wp-content\/uploads\/2022\/11\/8.jpg\" data-width=\"1772\" data-height=\"639\" aria-label=\"\" role=\"img\" ><\/div>\n\t\t\t\t\t\t\t\t\t\t\t<div class=\"elementor-gallery-item__overlay\"><\/div>\n\t\t\t\t\t\t\t\t\t\t\t\t\t\t<\/a>\n\t\t\t\t\t\t\t<a class=\"e-gallery-item elementor-gallery-item elementor-animated-content\" href=\"https:\/\/filhosdaterra.org\/wp-content\/uploads\/2022\/08\/ft3.jpg\" data-elementor-open-lightbox=\"yes\" data-elementor-lightbox-slideshow=\"6af69bc\" data-elementor-lightbox-title=\"ft3\" data-e-action-hash=\"#elementor-action%3Aaction%3Dlightbox%26settings%3DeyJpZCI6MTc4LCJ1cmwiOiJodHRwczpcL1wvZmlsaG9zZGF0ZXJyYS5vcmdcL3dwLWNvbnRlbnRcL3VwbG9hZHNcLzIwMjJcLzA4XC9mdDMuanBnIiwic2xpZGVzaG93IjoiNmFmNjliYyJ9\">\n\t\t\t\t\t<div class=\"e-gallery-image elementor-gallery-item__image\" data-thumbnail=\"https:\/\/filhosdaterra.org\/wp-content\/uploads\/2022\/08\/ft3.jpg\" data-width=\"718\" data-height=\"479\" aria-label=\"\" role=\"img\" ><\/div>\n\t\t\t\t\t\t\t\t\t\t\t<div class=\"elementor-gallery-item__overlay\"><\/div>\n\t\t\t\t\t\t\t\t\t\t\t\t\t\t<\/a>\n\t\t\t\t\t\t\t<a class=\"e-gallery-item elementor-gallery-item elementor-animated-content\" href=\"https:\/\/filhosdaterra.org\/wp-content\/uploads\/2022\/08\/ft4.jpg\" data-elementor-open-lightbox=\"yes\" data-elementor-lightbox-slideshow=\"6af69bc\" data-elementor-lightbox-title=\"ft4\" data-e-action-hash=\"#elementor-action%3Aaction%3Dlightbox%26settings%3DeyJpZCI6MTc3LCJ1cmwiOiJodHRwczpcL1wvZmlsaG9zZGF0ZXJyYS5vcmdcL3dwLWNvbnRlbnRcL3VwbG9hZHNcLzIwMjJcLzA4XC9mdDQuanBnIiwic2xpZGVzaG93IjoiNmFmNjliYyJ9\">\n\t\t\t\t\t<div class=\"e-gallery-image elementor-gallery-item__image\" data-thumbnail=\"https:\/\/filhosdaterra.org\/wp-content\/uploads\/2022\/08\/ft4.jpg\" data-width=\"718\" data-height=\"479\" aria-label=\"\" role=\"img\" ><\/div>\n\t\t\t\t\t\t\t\t\t\t\t<div class=\"elementor-gallery-item__overlay\"><\/div>\n\t\t\t\t\t\t\t\t\t\t\t\t\t\t<\/a>\n\t\t\t\t\t\t\t<a class=\"e-gallery-item elementor-gallery-item elementor-animated-content\" href=\"https:\/\/filhosdaterra.org\/wp-content\/uploads\/2022\/08\/ft5.jpg\" data-elementor-open-lightbox=\"yes\" data-elementor-lightbox-slideshow=\"6af69bc\" data-elementor-lightbox-title=\"ft5\" data-e-action-hash=\"#elementor-action%3Aaction%3Dlightbox%26settings%3DeyJpZCI6MTc2LCJ1cmwiOiJodHRwczpcL1wvZmlsaG9zZGF0ZXJyYS5vcmdcL3dwLWNvbnRlbnRcL3VwbG9hZHNcLzIwMjJcLzA4XC9mdDUuanBnIiwic2xpZGVzaG93IjoiNmFmNjliYyJ9\">\n\t\t\t\t\t<div class=\"e-gallery-image elementor-gallery-item__image\" data-thumbnail=\"https:\/\/filhosdaterra.org\/wp-content\/uploads\/2022\/08\/ft5.jpg\" data-width=\"718\" data-height=\"479\" aria-label=\"\" role=\"img\" ><\/div>\n\t\t\t\t\t\t\t\t\t\t\t<div class=\"elementor-gallery-item__overlay\"><\/div>\n\t\t\t\t\t\t\t\t\t\t\t\t\t\t<\/a>\n\t\t\t\t\t<\/div>\n\t\t\t<\/div>\n\t\t\t\t<\/div>\n\t\t\t\t\t<\/div>\n\t\t<\/div>\n\t\t\t\t\t\t\t<\/div>\n\t\t<\/section>\n\t\t\t\t\t\t\t<\/div>","protected":false},"excerpt":{"rendered":"<p>Construindo cultura Brasil Profundo Filhos da Terra \u00e9 um projeto que busca documentar e mostrar ao Brasil quem \u00e9 o povo brasileiro, como s\u00e3o suas festas e celebra\u00e7\u00f5es. Nesse sentido, o conjunto de fotografias que nos traz Eraldo Peres soma-se a uma forte linhagem de int\u00e9rpretes que buscam nossa identidade no dom\u00ednio da cultura, mais [&hellip;]<\/p>","protected":false},"author":1,"featured_media":0,"parent":0,"menu_order":0,"comment_status":"closed","ping_status":"closed","template":"elementor_header_footer","meta":{"content-type":"","inline_featured_image":false,"footnotes":""},"acf":[],"yoast_head":"<!-- This site is optimized with the Yoast SEO plugin v22.2 - https:\/\/yoast.com\/wordpress\/plugins\/seo\/ -->\n<title>Institucional - Filhos da Terra - Diversidade e Cultura<\/title>\n<meta name=\"robots\" content=\"index, follow, max-snippet:-1, max-image-preview:large, max-video-preview:-1\" \/>\n<link rel=\"canonical\" href=\"https:\/\/filhosdaterra.org\/en\/institucional\/\" \/>\n<meta property=\"og:locale\" content=\"en_US\" \/>\n<meta property=\"og:type\" content=\"article\" \/>\n<meta property=\"og:title\" content=\"Institucional - Filhos da Terra - Diversidade e Cultura\" \/>\n<meta property=\"og:description\" content=\"Construindo cultura Brasil Profundo Filhos da Terra \u00e9 um projeto que busca documentar e mostrar ao Brasil quem \u00e9 o povo brasileiro, como s\u00e3o suas festas e celebra\u00e7\u00f5es. Nesse sentido, o conjunto de fotografias que nos traz Eraldo Peres soma-se a uma forte linhagem de int\u00e9rpretes que buscam nossa identidade no dom\u00ednio da cultura, mais [&hellip;]\" \/>\n<meta property=\"og:url\" content=\"https:\/\/filhosdaterra.org\/en\/institucional\/\" \/>\n<meta property=\"og:site_name\" content=\"Filhos da Terra - Diversidade e Cultura\" \/>\n<meta property=\"article:modified_time\" content=\"2025-02-13T15:03:42+00:00\" \/>\n<meta property=\"og:image\" content=\"https:\/\/filhosdaterra.org\/wp-content\/uploads\/2023\/11\/corte-Copia-de-0a792b_9b16191f542c4bdb9e948240049d7637-mv2-scaled.jpg\" \/>\n<meta name=\"twitter:card\" content=\"summary_large_image\" \/>\n<meta name=\"twitter:label1\" content=\"Est. reading time\" \/>\n\t<meta name=\"twitter:data1\" content=\"8 minutes\" \/>\n<script type=\"application\/ld+json\" class=\"yoast-schema-graph\">{\"@context\":\"https:\/\/schema.org\",\"@graph\":[{\"@type\":\"WebPage\",\"@id\":\"https:\/\/filhosdaterra.org\/institucional\/\",\"url\":\"https:\/\/filhosdaterra.org\/institucional\/\",\"name\":\"Institucional - Filhos da Terra - Diversidade e Cultura\",\"isPartOf\":{\"@id\":\"https:\/\/filhosdaterra.org\/#website\"},\"primaryImageOfPage\":{\"@id\":\"https:\/\/filhosdaterra.org\/institucional\/#primaryimage\"},\"image\":{\"@id\":\"https:\/\/filhosdaterra.org\/institucional\/#primaryimage\"},\"thumbnailUrl\":\"https:\/\/filhosdaterra.org\/wp-content\/uploads\/2023\/11\/corte-Copia-de-0a792b_9b16191f542c4bdb9e948240049d7637-mv2-scaled.jpg\",\"datePublished\":\"2022-09-01T16:51:02+00:00\",\"dateModified\":\"2025-02-13T15:03:42+00:00\",\"breadcrumb\":{\"@id\":\"https:\/\/filhosdaterra.org\/institucional\/#breadcrumb\"},\"inLanguage\":\"en-US\",\"potentialAction\":[{\"@type\":\"ReadAction\",\"target\":[\"https:\/\/filhosdaterra.org\/institucional\/\"]}]},{\"@type\":\"ImageObject\",\"inLanguage\":\"en-US\",\"@id\":\"https:\/\/filhosdaterra.org\/institucional\/#primaryimage\",\"url\":\"https:\/\/filhosdaterra.org\/wp-content\/uploads\/2023\/11\/corte-Copia-de-0a792b_9b16191f542c4bdb9e948240049d7637-mv2-scaled.jpg\",\"contentUrl\":\"https:\/\/filhosdaterra.org\/wp-content\/uploads\/2023\/11\/corte-Copia-de-0a792b_9b16191f542c4bdb9e948240049d7637-mv2-scaled.jpg\",\"width\":2560,\"height\":924,\"caption\":\"Fotografia produzida no \u00e2mbito do Projeto Filhos da Terra - Um olhar sobre a diversidade cultural brasileira. Todos os direitos reservados. Sons of the Earth - A look at the Brazilian cultural diversity. Eraldo Peres Photographer research project and ethnographic documentation. All rights reserved.\"},{\"@type\":\"BreadcrumbList\",\"@id\":\"https:\/\/filhosdaterra.org\/institucional\/#breadcrumb\",\"itemListElement\":[{\"@type\":\"ListItem\",\"position\":1,\"name\":\"In\u00edcio\",\"item\":\"https:\/\/filhosdaterra.org\/\"},{\"@type\":\"ListItem\",\"position\":2,\"name\":\"Institucional\"}]},{\"@type\":\"WebSite\",\"@id\":\"https:\/\/filhosdaterra.org\/#website\",\"url\":\"https:\/\/filhosdaterra.org\/\",\"name\":\"Filhos da Terra - Diversidade e Cultura\",\"description\":\"O projeto busca documentar e mostrar ao Brasil quem \u00e9 o povo brasileiro, como s\u00e3o suas festas e celebra\u00e7\u00f5es.\",\"publisher\":{\"@id\":\"https:\/\/filhosdaterra.org\/#organization\"},\"potentialAction\":[{\"@type\":\"SearchAction\",\"target\":{\"@type\":\"EntryPoint\",\"urlTemplate\":\"https:\/\/filhosdaterra.org\/?s={search_term_string}\"},\"query-input\":\"required name=search_term_string\"}],\"inLanguage\":\"en-US\"},{\"@type\":\"Organization\",\"@id\":\"https:\/\/filhosdaterra.org\/#organization\",\"name\":\"Filhos da Terra - Diversidade e Cultura\",\"url\":\"https:\/\/filhosdaterra.org\/\",\"logo\":{\"@type\":\"ImageObject\",\"inLanguage\":\"en-US\",\"@id\":\"https:\/\/filhosdaterra.org\/#\/schema\/logo\/image\/\",\"url\":\"https:\/\/filhosdaterra.org\/wp-content\/uploads\/2022\/08\/logo-filhos-da-terra.png\",\"contentUrl\":\"https:\/\/filhosdaterra.org\/wp-content\/uploads\/2022\/08\/logo-filhos-da-terra.png\",\"width\":600,\"height\":517,\"caption\":\"Filhos da Terra - Diversidade e Cultura\"},\"image\":{\"@id\":\"https:\/\/filhosdaterra.org\/#\/schema\/logo\/image\/\"}}]}<\/script>\n<!-- \/ Yoast SEO plugin. -->","yoast_head_json":{"title":"Institucional - Filhos da Terra - Diversidade e Cultura","robots":{"index":"index","follow":"follow","max-snippet":"max-snippet:-1","max-image-preview":"max-image-preview:large","max-video-preview":"max-video-preview:-1"},"canonical":"https:\/\/filhosdaterra.org\/en\/institucional\/","og_locale":"en_US","og_type":"article","og_title":"Institucional - Filhos da Terra - Diversidade e Cultura","og_description":"Construindo cultura Brasil Profundo Filhos da Terra \u00e9 um projeto que busca documentar e mostrar ao Brasil quem \u00e9 o povo brasileiro, como s\u00e3o suas festas e celebra\u00e7\u00f5es. Nesse sentido, o conjunto de fotografias que nos traz Eraldo Peres soma-se a uma forte linhagem de int\u00e9rpretes que buscam nossa identidade no dom\u00ednio da cultura, mais [&hellip;]","og_url":"https:\/\/filhosdaterra.org\/en\/institucional\/","og_site_name":"Filhos da Terra - Diversidade e Cultura","article_modified_time":"2025-02-13T15:03:42+00:00","og_image":[{"url":"https:\/\/filhosdaterra.org\/wp-content\/uploads\/2023\/11\/corte-Copia-de-0a792b_9b16191f542c4bdb9e948240049d7637-mv2-scaled.jpg"}],"twitter_card":"summary_large_image","twitter_misc":{"Est. reading time":"8 minutes"},"schema":{"@context":"https:\/\/schema.org","@graph":[{"@type":"WebPage","@id":"https:\/\/filhosdaterra.org\/institucional\/","url":"https:\/\/filhosdaterra.org\/institucional\/","name":"Institucional - Filhos da Terra - Diversidade e Cultura","isPartOf":{"@id":"https:\/\/filhosdaterra.org\/#website"},"primaryImageOfPage":{"@id":"https:\/\/filhosdaterra.org\/institucional\/#primaryimage"},"image":{"@id":"https:\/\/filhosdaterra.org\/institucional\/#primaryimage"},"thumbnailUrl":"https:\/\/filhosdaterra.org\/wp-content\/uploads\/2023\/11\/corte-Copia-de-0a792b_9b16191f542c4bdb9e948240049d7637-mv2-scaled.jpg","datePublished":"2022-09-01T16:51:02+00:00","dateModified":"2025-02-13T15:03:42+00:00","breadcrumb":{"@id":"https:\/\/filhosdaterra.org\/institucional\/#breadcrumb"},"inLanguage":"en-US","potentialAction":[{"@type":"ReadAction","target":["https:\/\/filhosdaterra.org\/institucional\/"]}]},{"@type":"ImageObject","inLanguage":"en-US","@id":"https:\/\/filhosdaterra.org\/institucional\/#primaryimage","url":"https:\/\/filhosdaterra.org\/wp-content\/uploads\/2023\/11\/corte-Copia-de-0a792b_9b16191f542c4bdb9e948240049d7637-mv2-scaled.jpg","contentUrl":"https:\/\/filhosdaterra.org\/wp-content\/uploads\/2023\/11\/corte-Copia-de-0a792b_9b16191f542c4bdb9e948240049d7637-mv2-scaled.jpg","width":2560,"height":924,"caption":"Fotografia produzida no \u00e2mbito do Projeto Filhos da Terra - Um olhar sobre a diversidade cultural brasileira. Todos os direitos reservados. Sons of the Earth - A look at the Brazilian cultural diversity. Eraldo Peres Photographer research project and ethnographic documentation. All rights reserved."},{"@type":"BreadcrumbList","@id":"https:\/\/filhosdaterra.org\/institucional\/#breadcrumb","itemListElement":[{"@type":"ListItem","position":1,"name":"In\u00edcio","item":"https:\/\/filhosdaterra.org\/"},{"@type":"ListItem","position":2,"name":"Institucional"}]},{"@type":"WebSite","@id":"https:\/\/filhosdaterra.org\/#website","url":"https:\/\/filhosdaterra.org\/","name":"Filhos da Terra - Diversidade e Cultura","description":"O projeto busca documentar e mostrar ao Brasil quem \u00e9 o povo brasileiro, como s\u00e3o suas festas e celebra\u00e7\u00f5es.","publisher":{"@id":"https:\/\/filhosdaterra.org\/#organization"},"potentialAction":[{"@type":"SearchAction","target":{"@type":"EntryPoint","urlTemplate":"https:\/\/filhosdaterra.org\/?s={search_term_string}"},"query-input":"required name=search_term_string"}],"inLanguage":"en-US"},{"@type":"Organization","@id":"https:\/\/filhosdaterra.org\/#organization","name":"Filhos da Terra - Diversidade e Cultura","url":"https:\/\/filhosdaterra.org\/","logo":{"@type":"ImageObject","inLanguage":"en-US","@id":"https:\/\/filhosdaterra.org\/#\/schema\/logo\/image\/","url":"https:\/\/filhosdaterra.org\/wp-content\/uploads\/2022\/08\/logo-filhos-da-terra.png","contentUrl":"https:\/\/filhosdaterra.org\/wp-content\/uploads\/2022\/08\/logo-filhos-da-terra.png","width":600,"height":517,"caption":"Filhos da Terra - Diversidade e Cultura"},"image":{"@id":"https:\/\/filhosdaterra.org\/#\/schema\/logo\/image\/"}}]}},"_links":{"self":[{"href":"https:\/\/filhosdaterra.org\/en\/wp-json\/wp\/v2\/pages\/356"}],"collection":[{"href":"https:\/\/filhosdaterra.org\/en\/wp-json\/wp\/v2\/pages"}],"about":[{"href":"https:\/\/filhosdaterra.org\/en\/wp-json\/wp\/v2\/types\/page"}],"author":[{"embeddable":true,"href":"https:\/\/filhosdaterra.org\/en\/wp-json\/wp\/v2\/users\/1"}],"replies":[{"embeddable":true,"href":"https:\/\/filhosdaterra.org\/en\/wp-json\/wp\/v2\/comments?post=356"}],"version-history":[{"count":142,"href":"https:\/\/filhosdaterra.org\/en\/wp-json\/wp\/v2\/pages\/356\/revisions"}],"predecessor-version":[{"id":5062,"href":"https:\/\/filhosdaterra.org\/en\/wp-json\/wp\/v2\/pages\/356\/revisions\/5062"}],"wp:attachment":[{"href":"https:\/\/filhosdaterra.org\/en\/wp-json\/wp\/v2\/media?parent=356"}],"curies":[{"name":"wp","href":"https:\/\/api.w.org\/{rel}","templated":true}]}}