{"id":12,"date":"2022-08-17T08:56:06","date_gmt":"2022-08-17T11:56:06","guid":{"rendered":"https:\/\/filhosdaterra.org\/?page_id=12"},"modified":"2025-11-27T17:54:45","modified_gmt":"2025-11-27T20:54:45","slug":"cadernos","status":"publish","type":"page","link":"https:\/\/filhosdaterra.org\/en\/cadernos\/","title":{"rendered":"Cadernos"},"content":{"rendered":"<div data-elementor-type=\"wp-page\" data-elementor-id=\"12\" class=\"elementor elementor-12\" data-elementor-post-type=\"page\">\n\t\t\t\t\t\t\t\t\t<section class=\"elementor-section elementor-top-section elementor-element elementor-element-57bd9b3 elementor-section-boxed elementor-section-height-default elementor-section-height-default\" data-id=\"57bd9b3\" data-element_type=\"section\" data-settings=\"{&quot;background_background&quot;:&quot;classic&quot;}\">\n\t\t\t\t\t\t\t<div class=\"elementor-background-overlay\"><\/div>\n\t\t\t\t\t\t\t<div class=\"elementor-container elementor-column-gap-no\">\n\t\t\t\t\t<div class=\"elementor-column elementor-col-100 elementor-top-column elementor-element elementor-element-a672edd\" data-id=\"a672edd\" data-element_type=\"column\">\n\t\t\t<div class=\"elementor-widget-wrap elementor-element-populated\">\n\t\t\t\t\t\t\t\t<section class=\"elementor-section elementor-inner-section elementor-element elementor-element-69881b3 elementor-section-boxed elementor-section-height-default elementor-section-height-default\" data-id=\"69881b3\" data-element_type=\"section\">\n\t\t\t\t\t\t<div class=\"elementor-container elementor-column-gap-no\">\n\t\t\t\t\t<div class=\"elementor-column elementor-col-100 elementor-inner-column elementor-element elementor-element-cf89dc0\" data-id=\"cf89dc0\" data-element_type=\"column\">\n\t\t\t<div class=\"elementor-widget-wrap elementor-element-populated\">\n\t\t\t\t\t\t\t\t<div class=\"elementor-element elementor-element-0758774 elementor-list-item-link-inline elementor-widget-mobile__width-inherit elementor-widget__width-inherit elementor-align-center elementor-icon-list--layout-traditional elementor-widget elementor-widget-icon-list\" data-id=\"0758774\" data-element_type=\"widget\" data-widget_type=\"icon-list.default\">\n\t\t\t\t<div class=\"elementor-widget-container\">\n\t\t\t<link rel=\"stylesheet\" href=\"https:\/\/filhosdaterra.org\/wp-content\/uploads\/elementor\/css\/custom-widget-icon-list.min.css?ver=1776691859\">\t\t<ul class=\"elementor-icon-list-items\">\n\t\t\t\t\t\t\t<li class=\"elementor-icon-list-item\">\n\t\t\t\t\t\t\t\t\t\t<span class=\"elementor-icon-list-text\">Construindo saberes<\/span>\n\t\t\t\t\t\t\t\t\t<\/li>\n\t\t\t\t\t\t<\/ul>\n\t\t\t\t<\/div>\n\t\t\t\t<\/div>\n\t\t\t\t<div class=\"elementor-element elementor-element-606b655 elementor-widget elementor-widget-heading\" data-id=\"606b655\" data-element_type=\"widget\" data-widget_type=\"heading.default\">\n\t\t\t\t<div class=\"elementor-widget-container\">\n\t\t\t<style>\/*! elementor - v3.16.0 - 17-10-2023 *\/\n.elementor-heading-title{padding:0;margin:0;line-height:1}.elementor-widget-heading .elementor-heading-title[class*=elementor-size-]>a{color:inherit;font-size:inherit;line-height:inherit}.elementor-widget-heading .elementor-heading-title.elementor-size-small{font-size:15px}.elementor-widget-heading .elementor-heading-title.elementor-size-medium{font-size:19px}.elementor-widget-heading .elementor-heading-title.elementor-size-large{font-size:29px}.elementor-widget-heading .elementor-heading-title.elementor-size-xl{font-size:39px}.elementor-widget-heading .elementor-heading-title.elementor-size-xxl{font-size:59px}<\/style><h1 class=\"elementor-heading-title elementor-size-default\">Anota\u00e7\u00f5es de viagens<\/h1>\t\t<\/div>\n\t\t\t\t<\/div>\n\t\t\t\t<div class=\"elementor-element elementor-element-2f63209 elementor-widget elementor-widget-text-editor\" data-id=\"2f63209\" data-element_type=\"widget\" data-widget_type=\"text-editor.default\">\n\t\t\t\t<div class=\"elementor-widget-container\">\n\t\t\t<style>\/*! elementor - v3.16.0 - 17-10-2023 *\/\n.elementor-widget-text-editor.elementor-drop-cap-view-stacked .elementor-drop-cap{background-color:#69727d;color:#fff}.elementor-widget-text-editor.elementor-drop-cap-view-framed .elementor-drop-cap{color:#69727d;border:3px solid;background-color:transparent}.elementor-widget-text-editor:not(.elementor-drop-cap-view-default) .elementor-drop-cap{margin-top:8px}.elementor-widget-text-editor:not(.elementor-drop-cap-view-default) .elementor-drop-cap-letter{width:1em;height:1em}.elementor-widget-text-editor .elementor-drop-cap{float:left;text-align:center;line-height:1;font-size:50px}.elementor-widget-text-editor .elementor-drop-cap-letter{display:inline-block}<\/style>\t\t\t\t<p>Os Cadernos de Viagem do projeto Filhos da Terra s\u00e3o narrativas visuais e textuais que documentam a riqueza da cultura popular brasileira. Atrav\u00e9s de imagens, relatos e reflex\u00f5es, esses registros oferecem um panorama sens\u00edvel e profundo sobre as manifesta\u00e7\u00f5es culturais, os territ\u00f3rios e os povos que mant\u00eam vivas as tradi\u00e7\u00f5es ao longo das gera\u00e7\u00f5es.<\/p><p data-start=\"408\" data-end=\"896\" data-is-last-node=\"\">Mais do que simples anota\u00e7\u00f5es de viagem, os Cadernos s\u00e3o instrumentos de valoriza\u00e7\u00e3o do patrim\u00f4nio cultural imaterial, contribuindo para a amplia\u00e7\u00e3o da visibilidade dessas express\u00f5es e fortalecendo o sentimento de identidade e pertencimento. Cada p\u00e1gina revela fragmentos de um Brasil diverso e mesti\u00e7o, conectando o passado ao presente e reafirmando a import\u00e2ncia de preservar e difundir os saberes e fazeres que moldam nossa hist\u00f3ria.<\/p><p>Juntos, os doze Cadernos formam a <strong data-start=\"684\" data-end=\"746\">Cole\u00e7\u00e3o dos Cadernos de Cultura do Projeto Filhos da Terra<\/strong>, um conjunto \u00fanico que conecta o passado ao presente e reafirma a import\u00e2ncia de preservar e difundir os saberes e fazeres que moldam nossa hist\u00f3ria.<\/p>\t\t\t\t\t\t<\/div>\n\t\t\t\t<\/div>\n\t\t\t\t\t<\/div>\n\t\t<\/div>\n\t\t\t\t\t\t\t<\/div>\n\t\t<\/section>\n\t\t\t\t<div class=\"elementor-element elementor-element-15dc466 elementor-widget elementor-widget-text-editor\" data-id=\"15dc466\" data-element_type=\"widget\" data-widget_type=\"text-editor.default\">\n\t\t\t\t<div class=\"elementor-widget-container\">\n\t\t\t\t\t\t\t<p><strong>Clique nas imagens<\/strong> para visualizar os cadernos completos (formato <strong>PDF<\/strong>).<\/p>\t\t\t\t\t\t<\/div>\n\t\t\t\t<\/div>\n\t\t\t\t\t<\/div>\n\t\t<\/div>\n\t\t\t\t\t\t\t<\/div>\n\t\t<\/section>\n\t\t\t\t<section class=\"elementor-section elementor-top-section elementor-element elementor-element-300155a elementor-section-boxed elementor-section-height-default elementor-section-height-default\" data-id=\"300155a\" data-element_type=\"section\" data-settings=\"{&quot;background_background&quot;:&quot;classic&quot;}\">\n\t\t\t\t\t\t\t<div class=\"elementor-background-overlay\"><\/div>\n\t\t\t\t\t\t\t<div class=\"elementor-container elementor-column-gap-no\">\n\t\t\t\t\t<div class=\"elementor-column elementor-col-100 elementor-top-column elementor-element elementor-element-71fee04\" data-id=\"71fee04\" data-element_type=\"column\">\n\t\t\t<div class=\"elementor-widget-wrap elementor-element-populated\">\n\t\t\t\t\t\t\t\t<section class=\"elementor-section elementor-inner-section elementor-element elementor-element-ad2ec36 elementor-section-full_width elementor-section-height-default elementor-section-height-default\" data-id=\"ad2ec36\" data-element_type=\"section\">\n\t\t\t\t\t\t<div class=\"elementor-container elementor-column-gap-default\">\n\t\t\t\t\t<div class=\"elementor-column elementor-col-100 elementor-inner-column elementor-element elementor-element-7996903\" data-id=\"7996903\" data-element_type=\"column\">\n\t\t\t<div class=\"elementor-widget-wrap elementor-element-populated\">\n\t\t\t\t\t\t\t\t<div class=\"elementor-element elementor-element-99350e9 elementor-widget__width-initial elementor-widget elementor-widget-image\" data-id=\"99350e9\" data-element_type=\"widget\" data-widget_type=\"image.default\">\n\t\t\t\t<div class=\"elementor-widget-container\">\n\t\t\t<style>\/*! elementor - v3.16.0 - 17-10-2023 *\/\n.elementor-widget-image{text-align:center}.elementor-widget-image a{display:inline-block}.elementor-widget-image a img[src$=\".svg\"]{width:48px}.elementor-widget-image img{vertical-align:middle;display:inline-block}<\/style>\t\t\t\t\t\t\t\t\t<figure class=\"wp-caption\">\n\t\t\t\t\t\t\t\t\t\t\t<a href=\"https:\/\/issuu.com\/filhosdaterra\/docs\/festa_de_yemanj_-_rainha_do_mar\" target=\"_blank\">\n\t\t\t\t\t\t\t<img decoding=\"async\" loading=\"lazy\" width=\"2413\" height=\"1712\" src=\"https:\/\/filhosdaterra.org\/wp-content\/uploads\/2025\/10\/1.png\" class=\"elementor-animation-shrink attachment-full size-full wp-image-6031\" alt=\"\" srcset=\"https:\/\/filhosdaterra.org\/wp-content\/uploads\/2025\/10\/1.png 2413w, https:\/\/filhosdaterra.org\/wp-content\/uploads\/2025\/10\/1-300x213.png 300w, https:\/\/filhosdaterra.org\/wp-content\/uploads\/2025\/10\/1-1024x727.png 1024w, https:\/\/filhosdaterra.org\/wp-content\/uploads\/2025\/10\/1-768x545.png 768w, https:\/\/filhosdaterra.org\/wp-content\/uploads\/2025\/10\/1-1536x1090.png 1536w, https:\/\/filhosdaterra.org\/wp-content\/uploads\/2025\/10\/1-2048x1453.png 2048w, https:\/\/filhosdaterra.org\/wp-content\/uploads\/2025\/10\/1-18x12.png 18w\" sizes=\"(max-width: 2413px) 100vw, 2413px\" \/>\t\t\t\t\t\t\t\t<\/a>\n\t\t\t\t\t\t\t\t\t\t\t<figcaption class=\"widget-image-caption wp-caption-text\">Festa de Yemanj\u00e1 - Rainha do Mar<\/figcaption>\n\t\t\t\t\t\t\t\t\t\t<\/figure>\n\t\t\t\t\t\t\t\t\t<\/div>\n\t\t\t\t<\/div>\n\t\t\t\t<div class=\"elementor-element elementor-element-aeb8089 elementor-widget__width-initial elementor-widget-laptop__width-initial elementor-widget elementor-widget-image\" data-id=\"aeb8089\" data-element_type=\"widget\" data-widget_type=\"image.default\">\n\t\t\t\t<div class=\"elementor-widget-container\">\n\t\t\t\t\t\t\t\t\t\t\t\t<figure class=\"wp-caption\">\n\t\t\t\t\t\t\t\t\t\t\t<a href=\"https:\/\/issuu.com\/filhosdaterra\/docs\/maracatu_rural_-_dan_a_dos_canaviais\" target=\"_blank\">\n\t\t\t\t\t\t\t<img decoding=\"async\" loading=\"lazy\" width=\"800\" height=\"568\" src=\"https:\/\/filhosdaterra.org\/wp-content\/uploads\/2025\/10\/2-1024x727.png\" class=\"elementor-animation-shrink attachment-large size-large wp-image-6030\" alt=\"\" srcset=\"https:\/\/filhosdaterra.org\/wp-content\/uploads\/2025\/10\/2-1024x727.png 1024w, https:\/\/filhosdaterra.org\/wp-content\/uploads\/2025\/10\/2-300x213.png 300w, https:\/\/filhosdaterra.org\/wp-content\/uploads\/2025\/10\/2-768x545.png 768w, https:\/\/filhosdaterra.org\/wp-content\/uploads\/2025\/10\/2-1536x1090.png 1536w, https:\/\/filhosdaterra.org\/wp-content\/uploads\/2025\/10\/2-2048x1453.png 2048w, https:\/\/filhosdaterra.org\/wp-content\/uploads\/2025\/10\/2-18x12.png 18w\" sizes=\"(max-width: 800px) 100vw, 800px\" \/>\t\t\t\t\t\t\t\t<\/a>\n\t\t\t\t\t\t\t\t\t\t\t<figcaption class=\"widget-image-caption wp-caption-text\">Maracatu Rural - Dan\u00e7a dos Canaviais<\/figcaption>\n\t\t\t\t\t\t\t\t\t\t<\/figure>\n\t\t\t\t\t\t\t\t\t<\/div>\n\t\t\t\t<\/div>\n\t\t\t\t<div class=\"elementor-element elementor-element-e8b037b elementor-widget__width-initial elementor-widget elementor-widget-image\" data-id=\"e8b037b\" data-element_type=\"widget\" data-widget_type=\"image.default\">\n\t\t\t\t<div class=\"elementor-widget-container\">\n\t\t\t\t\t\t\t\t\t\t\t\t<figure class=\"wp-caption\">\n\t\t\t\t\t\t\t\t\t\t\t<a href=\"https:\/\/issuu.com\/filhosdaterra\/docs\/cultura_a_oriana_-_tradi_o_na_enseada_de_brito\" target=\"_blank\">\n\t\t\t\t\t\t\t<img decoding=\"async\" loading=\"lazy\" width=\"800\" height=\"568\" src=\"https:\/\/filhosdaterra.org\/wp-content\/uploads\/2025\/10\/3-1024x727.png\" class=\"elementor-animation-shrink attachment-large size-large wp-image-6029\" alt=\"\" srcset=\"https:\/\/filhosdaterra.org\/wp-content\/uploads\/2025\/10\/3-1024x727.png 1024w, https:\/\/filhosdaterra.org\/wp-content\/uploads\/2025\/10\/3-300x213.png 300w, https:\/\/filhosdaterra.org\/wp-content\/uploads\/2025\/10\/3-768x545.png 768w, https:\/\/filhosdaterra.org\/wp-content\/uploads\/2025\/10\/3-1536x1090.png 1536w, https:\/\/filhosdaterra.org\/wp-content\/uploads\/2025\/10\/3-2048x1453.png 2048w, https:\/\/filhosdaterra.org\/wp-content\/uploads\/2025\/10\/3-18x12.png 18w\" sizes=\"(max-width: 800px) 100vw, 800px\" \/>\t\t\t\t\t\t\t\t<\/a>\n\t\t\t\t\t\t\t\t\t\t\t<figcaption class=\"widget-image-caption wp-caption-text\">Cultura A\u00e7oriana - Tradi\u00e7\u00e3o na Enseada de Brito<\/figcaption>\n\t\t\t\t\t\t\t\t\t\t<\/figure>\n\t\t\t\t\t\t\t\t\t<\/div>\n\t\t\t\t<\/div>\n\t\t\t\t\t<\/div>\n\t\t<\/div>\n\t\t\t\t\t\t\t<\/div>\n\t\t<\/section>\n\t\t\t\t<section class=\"elementor-section elementor-inner-section elementor-element elementor-element-b3e9b19 elementor-section-full_width elementor-section-height-default elementor-section-height-default\" data-id=\"b3e9b19\" data-element_type=\"section\">\n\t\t\t\t\t\t<div class=\"elementor-container elementor-column-gap-default\">\n\t\t\t\t\t<div class=\"elementor-column elementor-col-100 elementor-inner-column elementor-element elementor-element-29508c4\" data-id=\"29508c4\" data-element_type=\"column\">\n\t\t\t<div class=\"elementor-widget-wrap elementor-element-populated\">\n\t\t\t\t\t\t\t\t<div class=\"elementor-element elementor-element-56f9f19 elementor-widget__width-initial elementor-widget elementor-widget-image\" data-id=\"56f9f19\" data-element_type=\"widget\" data-widget_type=\"image.default\">\n\t\t\t\t<div class=\"elementor-widget-container\">\n\t\t\t\t\t\t\t\t\t\t\t\t<figure class=\"wp-caption\">\n\t\t\t\t\t\t\t\t\t\t\t<a href=\"https:\/\/issuu.com\/filhosdaterra\/docs\/pega_de_boi_no_mato_-_vaqueiros_nordestinos\" target=\"_blank\">\n\t\t\t\t\t\t\t<img decoding=\"async\" loading=\"lazy\" width=\"800\" height=\"568\" src=\"https:\/\/filhosdaterra.org\/wp-content\/uploads\/2025\/10\/4-1024x727.png\" class=\"elementor-animation-shrink attachment-large size-large wp-image-6028\" alt=\"\" srcset=\"https:\/\/filhosdaterra.org\/wp-content\/uploads\/2025\/10\/4-1024x727.png 1024w, https:\/\/filhosdaterra.org\/wp-content\/uploads\/2025\/10\/4-300x213.png 300w, https:\/\/filhosdaterra.org\/wp-content\/uploads\/2025\/10\/4-768x545.png 768w, https:\/\/filhosdaterra.org\/wp-content\/uploads\/2025\/10\/4-1536x1090.png 1536w, https:\/\/filhosdaterra.org\/wp-content\/uploads\/2025\/10\/4-2048x1453.png 2048w, https:\/\/filhosdaterra.org\/wp-content\/uploads\/2025\/10\/4-18x12.png 18w\" sizes=\"(max-width: 800px) 100vw, 800px\" \/>\t\t\t\t\t\t\t\t<\/a>\n\t\t\t\t\t\t\t\t\t\t\t<figcaption class=\"widget-image-caption wp-caption-text\">Pega de Boi no Mato - Vaqueiros Nordestinos<\/figcaption>\n\t\t\t\t\t\t\t\t\t\t<\/figure>\n\t\t\t\t\t\t\t\t\t<\/div>\n\t\t\t\t<\/div>\n\t\t\t\t<div class=\"elementor-element elementor-element-a6a9e3b elementor-widget__width-initial elementor-widget elementor-widget-image\" data-id=\"a6a9e3b\" data-element_type=\"widget\" data-widget_type=\"image.default\">\n\t\t\t\t<div class=\"elementor-widget-container\">\n\t\t\t\t\t\t\t\t\t\t\t\t<figure class=\"wp-caption\">\n\t\t\t\t\t\t\t\t\t\t\t<a href=\"https:\/\/issuu.com\/filhosdaterra\/docs\/vaqueiro_das_guas_-_comitiva_pantaneira\" target=\"_blank\">\n\t\t\t\t\t\t\t<img decoding=\"async\" loading=\"lazy\" width=\"800\" height=\"568\" src=\"https:\/\/filhosdaterra.org\/wp-content\/uploads\/2025\/10\/5-1024x727.png\" class=\"elementor-animation-shrink attachment-large size-large wp-image-6027\" alt=\"\" srcset=\"https:\/\/filhosdaterra.org\/wp-content\/uploads\/2025\/10\/5-1024x727.png 1024w, https:\/\/filhosdaterra.org\/wp-content\/uploads\/2025\/10\/5-300x213.png 300w, https:\/\/filhosdaterra.org\/wp-content\/uploads\/2025\/10\/5-768x545.png 768w, https:\/\/filhosdaterra.org\/wp-content\/uploads\/2025\/10\/5-1536x1090.png 1536w, https:\/\/filhosdaterra.org\/wp-content\/uploads\/2025\/10\/5-2048x1453.png 2048w, https:\/\/filhosdaterra.org\/wp-content\/uploads\/2025\/10\/5-18x12.png 18w\" sizes=\"(max-width: 800px) 100vw, 800px\" \/>\t\t\t\t\t\t\t\t<\/a>\n\t\t\t\t\t\t\t\t\t\t\t<figcaption class=\"widget-image-caption wp-caption-text\">Vaqueiro das \u00c1guas - Comitiva Pantaneira<\/figcaption>\n\t\t\t\t\t\t\t\t\t\t<\/figure>\n\t\t\t\t\t\t\t\t\t<\/div>\n\t\t\t\t<\/div>\n\t\t\t\t<div class=\"elementor-element elementor-element-e62c3c2 elementor-widget__width-initial elementor-widget elementor-widget-image\" data-id=\"e62c3c2\" data-element_type=\"widget\" data-widget_type=\"image.default\">\n\t\t\t\t<div class=\"elementor-widget-container\">\n\t\t\t\t\t\t\t\t\t\t\t\t<figure class=\"wp-caption\">\n\t\t\t\t\t\t\t\t\t\t\t<a href=\"https:\/\/issuu.com\/filhosdaterra\/docs\/tropeiros_do_sul_-_semana_farroupilha\" target=\"_blank\">\n\t\t\t\t\t\t\t<img decoding=\"async\" loading=\"lazy\" width=\"800\" height=\"568\" src=\"https:\/\/filhosdaterra.org\/wp-content\/uploads\/2025\/10\/6-1024x727.png\" class=\"elementor-animation-shrink attachment-large size-large wp-image-6026\" alt=\"\" srcset=\"https:\/\/filhosdaterra.org\/wp-content\/uploads\/2025\/10\/6-1024x727.png 1024w, https:\/\/filhosdaterra.org\/wp-content\/uploads\/2025\/10\/6-300x213.png 300w, https:\/\/filhosdaterra.org\/wp-content\/uploads\/2025\/10\/6-768x545.png 768w, https:\/\/filhosdaterra.org\/wp-content\/uploads\/2025\/10\/6-1536x1090.png 1536w, https:\/\/filhosdaterra.org\/wp-content\/uploads\/2025\/10\/6-2048x1453.png 2048w, https:\/\/filhosdaterra.org\/wp-content\/uploads\/2025\/10\/6-18x12.png 18w\" sizes=\"(max-width: 800px) 100vw, 800px\" \/>\t\t\t\t\t\t\t\t<\/a>\n\t\t\t\t\t\t\t\t\t\t\t<figcaption class=\"widget-image-caption wp-caption-text\">Tropeiros do Sul - Semana Farroupilha<\/figcaption>\n\t\t\t\t\t\t\t\t\t\t<\/figure>\n\t\t\t\t\t\t\t\t\t<\/div>\n\t\t\t\t<\/div>\n\t\t\t\t\t<\/div>\n\t\t<\/div>\n\t\t\t\t\t\t\t<\/div>\n\t\t<\/section>\n\t\t\t\t<section class=\"elementor-section elementor-inner-section elementor-element elementor-element-ea62000 elementor-section-full_width elementor-section-height-default elementor-section-height-default\" data-id=\"ea62000\" data-element_type=\"section\">\n\t\t\t\t\t\t<div class=\"elementor-container elementor-column-gap-default\">\n\t\t\t\t\t<div class=\"elementor-column elementor-col-100 elementor-inner-column elementor-element elementor-element-8776d9f\" data-id=\"8776d9f\" data-element_type=\"column\">\n\t\t\t<div class=\"elementor-widget-wrap elementor-element-populated\">\n\t\t\t\t\t\t\t\t<div class=\"elementor-element elementor-element-a182059 elementor-widget__width-initial elementor-widget elementor-widget-image\" data-id=\"a182059\" data-element_type=\"widget\" data-widget_type=\"image.default\">\n\t\t\t\t<div class=\"elementor-widget-container\">\n\t\t\t\t\t\t\t\t\t\t\t\t<figure class=\"wp-caption\">\n\t\t\t\t\t\t\t\t\t\t\t<a href=\"https:\/\/issuu.com\/filhosdaterra\/docs\/festa_do_carro_de_boi_-_hist_ria_no_interior_minei\" target=\"_blank\">\n\t\t\t\t\t\t\t<img decoding=\"async\" loading=\"lazy\" width=\"800\" height=\"568\" src=\"https:\/\/filhosdaterra.org\/wp-content\/uploads\/2025\/10\/7-1024x727.png\" class=\"elementor-animation-shrink attachment-large size-large wp-image-6025\" alt=\"\" srcset=\"https:\/\/filhosdaterra.org\/wp-content\/uploads\/2025\/10\/7-1024x727.png 1024w, https:\/\/filhosdaterra.org\/wp-content\/uploads\/2025\/10\/7-300x213.png 300w, https:\/\/filhosdaterra.org\/wp-content\/uploads\/2025\/10\/7-768x545.png 768w, https:\/\/filhosdaterra.org\/wp-content\/uploads\/2025\/10\/7-1536x1090.png 1536w, https:\/\/filhosdaterra.org\/wp-content\/uploads\/2025\/10\/7-2048x1453.png 2048w, https:\/\/filhosdaterra.org\/wp-content\/uploads\/2025\/10\/7-18x12.png 18w\" sizes=\"(max-width: 800px) 100vw, 800px\" \/>\t\t\t\t\t\t\t\t<\/a>\n\t\t\t\t\t\t\t\t\t\t\t<figcaption class=\"widget-image-caption wp-caption-text\">Festa do Carro de Boi - Host\u00f3ria no Interior Mineiro<\/figcaption>\n\t\t\t\t\t\t\t\t\t\t<\/figure>\n\t\t\t\t\t\t\t\t\t<\/div>\n\t\t\t\t<\/div>\n\t\t\t\t<div class=\"elementor-element elementor-element-d38411e elementor-widget__width-initial elementor-widget elementor-widget-image\" data-id=\"d38411e\" data-element_type=\"widget\" data-widget_type=\"image.default\">\n\t\t\t\t<div class=\"elementor-widget-container\">\n\t\t\t\t\t\t\t\t\t\t\t\t<figure class=\"wp-caption\">\n\t\t\t\t\t\t\t\t\t\t\t<a href=\"https:\/\/issuu.com\/filhosdaterra\/docs\/congada_-_louvor_da_nosssa_senhora_do_ros_rio\" target=\"_blank\">\n\t\t\t\t\t\t\t<img decoding=\"async\" loading=\"lazy\" width=\"800\" height=\"568\" src=\"https:\/\/filhosdaterra.org\/wp-content\/uploads\/2025\/10\/8-1024x727.png\" class=\"elementor-animation-shrink attachment-large size-large wp-image-6024\" alt=\"\" srcset=\"https:\/\/filhosdaterra.org\/wp-content\/uploads\/2025\/10\/8-1024x727.png 1024w, https:\/\/filhosdaterra.org\/wp-content\/uploads\/2025\/10\/8-300x213.png 300w, https:\/\/filhosdaterra.org\/wp-content\/uploads\/2025\/10\/8-768x545.png 768w, https:\/\/filhosdaterra.org\/wp-content\/uploads\/2025\/10\/8-1536x1090.png 1536w, https:\/\/filhosdaterra.org\/wp-content\/uploads\/2025\/10\/8-2048x1453.png 2048w, https:\/\/filhosdaterra.org\/wp-content\/uploads\/2025\/10\/8-18x12.png 18w\" sizes=\"(max-width: 800px) 100vw, 800px\" \/>\t\t\t\t\t\t\t\t<\/a>\n\t\t\t\t\t\t\t\t\t\t\t<figcaption class=\"widget-image-caption wp-caption-text\">Congada - Louvor da Nossa Senhora do Ros\u00e1rio<\/figcaption>\n\t\t\t\t\t\t\t\t\t\t<\/figure>\n\t\t\t\t\t\t\t\t\t<\/div>\n\t\t\t\t<\/div>\n\t\t\t\t<div class=\"elementor-element elementor-element-44874a6 elementor-widget__width-initial elementor-widget elementor-widget-image\" data-id=\"44874a6\" data-element_type=\"widget\" data-widget_type=\"image.default\">\n\t\t\t\t<div class=\"elementor-widget-container\">\n\t\t\t\t\t\t\t\t\t\t\t\t<figure class=\"wp-caption\">\n\t\t\t\t\t\t\t\t\t\t\t<a href=\"https:\/\/issuu.com\/filhosdaterra\/docs\/divino_esp_rito_santo_-_romaria_kalunga\" target=\"_blank\">\n\t\t\t\t\t\t\t<img decoding=\"async\" loading=\"lazy\" width=\"800\" height=\"568\" src=\"https:\/\/filhosdaterra.org\/wp-content\/uploads\/2025\/10\/9-1024x727.png\" class=\"elementor-animation-shrink attachment-large size-large wp-image-6023\" alt=\"\" srcset=\"https:\/\/filhosdaterra.org\/wp-content\/uploads\/2025\/10\/9-1024x727.png 1024w, https:\/\/filhosdaterra.org\/wp-content\/uploads\/2025\/10\/9-300x213.png 300w, https:\/\/filhosdaterra.org\/wp-content\/uploads\/2025\/10\/9-768x545.png 768w, https:\/\/filhosdaterra.org\/wp-content\/uploads\/2025\/10\/9-1536x1090.png 1536w, https:\/\/filhosdaterra.org\/wp-content\/uploads\/2025\/10\/9-2048x1453.png 2048w, https:\/\/filhosdaterra.org\/wp-content\/uploads\/2025\/10\/9-18x12.png 18w\" sizes=\"(max-width: 800px) 100vw, 800px\" \/>\t\t\t\t\t\t\t\t<\/a>\n\t\t\t\t\t\t\t\t\t\t\t<figcaption class=\"widget-image-caption wp-caption-text\">Divino Esp\u00edrito Santo - Romaria Kalunga<\/figcaption>\n\t\t\t\t\t\t\t\t\t\t<\/figure>\n\t\t\t\t\t\t\t\t\t<\/div>\n\t\t\t\t<\/div>\n\t\t\t\t\t<\/div>\n\t\t<\/div>\n\t\t\t\t\t\t\t<\/div>\n\t\t<\/section>\n\t\t\t\t<section class=\"elementor-section elementor-inner-section elementor-element elementor-element-7d7ba12 elementor-section-full_width elementor-section-height-default elementor-section-height-default\" data-id=\"7d7ba12\" data-element_type=\"section\">\n\t\t\t\t\t\t<div class=\"elementor-container elementor-column-gap-default\">\n\t\t\t\t\t<div class=\"elementor-column elementor-col-100 elementor-inner-column elementor-element elementor-element-ab137ed\" data-id=\"ab137ed\" data-element_type=\"column\">\n\t\t\t<div class=\"elementor-widget-wrap elementor-element-populated\">\n\t\t\t\t\t\t\t\t<div class=\"elementor-element elementor-element-49fdcd3 elementor-widget__width-initial elementor-widget elementor-widget-image\" data-id=\"49fdcd3\" data-element_type=\"widget\" data-widget_type=\"image.default\">\n\t\t\t\t<div class=\"elementor-widget-container\">\n\t\t\t\t\t\t\t\t\t\t\t\t<figure class=\"wp-caption\">\n\t\t\t\t\t\t\t\t\t\t\t<a href=\"https:\/\/issuu.com\/filhosdaterra\/docs\/wyra_uhaw_-_ritual_da_menina-mo_a\" target=\"_blank\">\n\t\t\t\t\t\t\t<img decoding=\"async\" loading=\"lazy\" width=\"800\" height=\"568\" src=\"https:\/\/filhosdaterra.org\/wp-content\/uploads\/2025\/10\/10-1024x727.png\" class=\"elementor-animation-shrink attachment-large size-large wp-image-6022\" alt=\"\" srcset=\"https:\/\/filhosdaterra.org\/wp-content\/uploads\/2025\/10\/10-1024x727.png 1024w, https:\/\/filhosdaterra.org\/wp-content\/uploads\/2025\/10\/10-300x213.png 300w, https:\/\/filhosdaterra.org\/wp-content\/uploads\/2025\/10\/10-768x545.png 768w, https:\/\/filhosdaterra.org\/wp-content\/uploads\/2025\/10\/10-1536x1090.png 1536w, https:\/\/filhosdaterra.org\/wp-content\/uploads\/2025\/10\/10-2048x1453.png 2048w, https:\/\/filhosdaterra.org\/wp-content\/uploads\/2025\/10\/10-18x12.png 18w\" sizes=\"(max-width: 800px) 100vw, 800px\" \/>\t\t\t\t\t\t\t\t<\/a>\n\t\t\t\t\t\t\t\t\t\t\t<figcaption class=\"widget-image-caption wp-caption-text\">Wyra 'Uhaw - Ritual da Menina-Mo\u00e7a<\/figcaption>\n\t\t\t\t\t\t\t\t\t\t<\/figure>\n\t\t\t\t\t\t\t\t\t<\/div>\n\t\t\t\t<\/div>\n\t\t\t\t<div class=\"elementor-element elementor-element-5595ab6 elementor-widget__width-initial elementor-widget elementor-widget-image\" data-id=\"5595ab6\" data-element_type=\"widget\" data-widget_type=\"image.default\">\n\t\t\t\t<div class=\"elementor-widget-container\">\n\t\t\t\t\t\t\t\t\t\t\t\t<figure class=\"wp-caption\">\n\t\t\t\t\t\t\t\t\t\t\t<a href=\"https:\/\/issuu.com\/filhosdaterra\/docs\/marujada_-_celebra_o_do_santo_preto\" target=\"_blank\">\n\t\t\t\t\t\t\t<img decoding=\"async\" loading=\"lazy\" width=\"800\" height=\"568\" src=\"https:\/\/filhosdaterra.org\/wp-content\/uploads\/2025\/10\/11-1024x727.png\" class=\"elementor-animation-shrink attachment-large size-large wp-image-6021\" alt=\"\" srcset=\"https:\/\/filhosdaterra.org\/wp-content\/uploads\/2025\/10\/11-1024x727.png 1024w, https:\/\/filhosdaterra.org\/wp-content\/uploads\/2025\/10\/11-300x213.png 300w, https:\/\/filhosdaterra.org\/wp-content\/uploads\/2025\/10\/11-768x545.png 768w, https:\/\/filhosdaterra.org\/wp-content\/uploads\/2025\/10\/11-1536x1090.png 1536w, https:\/\/filhosdaterra.org\/wp-content\/uploads\/2025\/10\/11-2048x1453.png 2048w, https:\/\/filhosdaterra.org\/wp-content\/uploads\/2025\/10\/11-18x12.png 18w\" sizes=\"(max-width: 800px) 100vw, 800px\" \/>\t\t\t\t\t\t\t\t<\/a>\n\t\t\t\t\t\t\t\t\t\t\t<figcaption class=\"widget-image-caption wp-caption-text\">Marujada - Celebra\u00e7\u00e3o do Santo Preto<\/figcaption>\n\t\t\t\t\t\t\t\t\t\t<\/figure>\n\t\t\t\t\t\t\t\t\t<\/div>\n\t\t\t\t<\/div>\n\t\t\t\t<div class=\"elementor-element elementor-element-9af4d10 elementor-widget__width-initial elementor-widget elementor-widget-image\" data-id=\"9af4d10\" data-element_type=\"widget\" data-widget_type=\"image.default\">\n\t\t\t\t<div class=\"elementor-widget-container\">\n\t\t\t\t\t\t\t\t\t\t\t\t<figure class=\"wp-caption\">\n\t\t\t\t\t\t\t\t\t\t\t<a href=\"https:\/\/issuu.com\/filhosdaterra\/docs\/santo_daime_-_festejos_de_s_o_jo_o\" target=\"_blank\">\n\t\t\t\t\t\t\t<img decoding=\"async\" loading=\"lazy\" width=\"800\" height=\"568\" src=\"https:\/\/filhosdaterra.org\/wp-content\/uploads\/2025\/10\/12-1024x727.png\" class=\"elementor-animation-shrink attachment-large size-large wp-image-6020\" alt=\"\" srcset=\"https:\/\/filhosdaterra.org\/wp-content\/uploads\/2025\/10\/12-1024x727.png 1024w, https:\/\/filhosdaterra.org\/wp-content\/uploads\/2025\/10\/12-300x213.png 300w, https:\/\/filhosdaterra.org\/wp-content\/uploads\/2025\/10\/12-768x545.png 768w, https:\/\/filhosdaterra.org\/wp-content\/uploads\/2025\/10\/12-1536x1090.png 1536w, https:\/\/filhosdaterra.org\/wp-content\/uploads\/2025\/10\/12-2048x1453.png 2048w, https:\/\/filhosdaterra.org\/wp-content\/uploads\/2025\/10\/12-18x12.png 18w\" sizes=\"(max-width: 800px) 100vw, 800px\" \/>\t\t\t\t\t\t\t\t<\/a>\n\t\t\t\t\t\t\t\t\t\t\t<figcaption class=\"widget-image-caption wp-caption-text\">Santo Daime - Festejos de S\u00e3o Jo\u00e3o<\/figcaption>\n\t\t\t\t\t\t\t\t\t\t<\/figure>\n\t\t\t\t\t\t\t\t\t<\/div>\n\t\t\t\t<\/div>\n\t\t\t\t\t<\/div>\n\t\t<\/div>\n\t\t\t\t\t\t\t<\/div>\n\t\t<\/section>\n\t\t\t\t<section class=\"elementor-section elementor-inner-section elementor-element elementor-element-653189e elementor-section-boxed elementor-section-height-default elementor-section-height-default\" data-id=\"653189e\" data-element_type=\"section\">\n\t\t\t\t\t\t<div class=\"elementor-container elementor-column-gap-default\">\n\t\t\t\t\t<div class=\"elementor-column elementor-col-100 elementor-inner-column elementor-element elementor-element-1c76bac\" data-id=\"1c76bac\" data-element_type=\"column\" data-settings=\"{&quot;background_background&quot;:&quot;classic&quot;}\">\n\t\t\t<div class=\"elementor-widget-wrap elementor-element-populated\">\n\t\t\t\t\t\t\t\t<div class=\"elementor-element elementor-element-d3460a0 elementor-view-default elementor-widget elementor-widget-icon\" data-id=\"d3460a0\" data-element_type=\"widget\" data-widget_type=\"icon.default\">\n\t\t\t\t<div class=\"elementor-widget-container\">\n\t\t\t\t\t<div class=\"elementor-icon-wrapper\">\n\t\t\t<div class=\"elementor-icon\">\n\t\t\t<i aria-hidden=\"true\" class=\"far fa-file-archive\"><\/i>\t\t\t<\/div>\n\t\t<\/div>\n\t\t\t\t<\/div>\n\t\t\t\t<\/div>\n\t\t\t\t<div class=\"elementor-element elementor-element-2af852c elementor-widget__width-initial elementor-invisible elementor-widget elementor-widget-heading\" data-id=\"2af852c\" data-element_type=\"widget\" data-settings=\"{&quot;_animation&quot;:&quot;fadeInUp&quot;}\" data-widget_type=\"heading.default\">\n\t\t\t\t<div class=\"elementor-widget-container\">\n\t\t\t<h3 class=\"elementor-heading-title elementor-size-default\"><a href=\"\" target=\"_blank\">Clique aqui<\/a> para receber a Colet\u00e2nea de Cadernos de Pesquisa<\/h3>\t\t<\/div>\n\t\t\t\t<\/div>\n\t\t\t\t<div class=\"elementor-element elementor-element-8ca4bdc elementor-widget elementor-widget-text-editor\" data-id=\"8ca4bdc\" data-element_type=\"widget\" data-widget_type=\"text-editor.default\">\n\t\t\t\t<div class=\"elementor-widget-container\">\n\t\t\t\t\t\t\t<p>** Dispon\u00edvel para estudantes e escolas p\u00fablicas **<\/p>\t\t\t\t\t\t<\/div>\n\t\t\t\t<\/div>\n\t\t\t\t\t<\/div>\n\t\t<\/div>\n\t\t\t\t\t\t\t<\/div>\n\t\t<\/section>\n\t\t\t\t<section class=\"elementor-section elementor-inner-section elementor-element elementor-element-014e817 elementor-section-boxed elementor-section-height-default elementor-section-height-default\" data-id=\"014e817\" data-element_type=\"section\">\n\t\t\t\t\t\t<div class=\"elementor-container elementor-column-gap-default\">\n\t\t\t\t\t<div class=\"elementor-column elementor-col-100 elementor-inner-column elementor-element elementor-element-3a3db6a\" data-id=\"3a3db6a\" data-element_type=\"column\">\n\t\t\t<div class=\"elementor-widget-wrap elementor-element-populated\">\n\t\t\t\t\t\t\t\t<div class=\"elementor-element elementor-element-416e0cf elementor-widget elementor-widget-text-editor\" data-id=\"416e0cf\" data-element_type=\"widget\" data-widget_type=\"text-editor.default\">\n\t\t\t\t<div class=\"elementor-widget-container\">\n\t\t\t\t\t\t\tEste conte\u00fado\u00a0est\u00e1 disponibilizado com uma\u00a0Licen\u00e7a Creative Commons &#8211; Atribui\u00e7\u00e3o n\u00e3o comercial e sem deriva\u00e7\u00f5es 4.0 Internacional,\u00a0podendo ser visualizado e compartilhado para fins educacionais e de pesquisa. N\u00e3o \u00e9 permitida altera\u00e7\u00f5es, impress\u00f5es e\/ou comercializa\u00e7\u00f5es.\t\t\t\t\t\t<\/div>\n\t\t\t\t<\/div>\n\t\t\t\t\t<\/div>\n\t\t<\/div>\n\t\t\t\t\t\t\t<\/div>\n\t\t<\/section>\n\t\t\t\t\t<\/div>\n\t\t<\/div>\n\t\t\t\t\t\t\t<\/div>\n\t\t<\/section>\n\t\t\t\t<section class=\"elementor-section elementor-top-section elementor-element elementor-element-3f6bd49 elementor-section-boxed elementor-section-height-default elementor-section-height-default\" data-id=\"3f6bd49\" data-element_type=\"section\" data-settings=\"{&quot;background_background&quot;:&quot;classic&quot;}\">\n\t\t\t\t\t\t<div class=\"elementor-container elementor-column-gap-no\">\n\t\t\t\t\t<div class=\"elementor-column elementor-col-100 elementor-top-column elementor-element elementor-element-75ffa41\" data-id=\"75ffa41\" data-element_type=\"column\">\n\t\t\t<div class=\"elementor-widget-wrap elementor-element-populated\">\n\t\t\t\t\t\t\t\t<div class=\"elementor-element elementor-element-2ea508c elementor-invisible elementor-widget elementor-widget-heading\" data-id=\"2ea508c\" data-element_type=\"widget\" data-settings=\"{&quot;_animation&quot;:&quot;fadeInUp&quot;}\" data-widget_type=\"heading.default\">\n\t\t\t\t<div class=\"elementor-widget-container\">\n\t\t\t<h3 class=\"elementor-heading-title elementor-size-default\">\"Os Cadernos de Viagem (ora publicados em formato digital) tornam acess\u00edvel ao grande p\u00fablico o resultado de uma pesquisa que registra e interpreta, por meio de fotografias, textos e m\u00fasica, festas e celebra\u00e7\u00f5es enraizadas em um Brasil profundo, o Brasil freq\u00fcentado por uma parte do povo brasileiro, pouco conhecida pelas popula\u00e7\u00f5es urbanas.\"<\/h3>\t\t<\/div>\n\t\t\t\t<\/div>\n\t\t\t\t<div class=\"elementor-element elementor-element-7180a05 elementor-widget elementor-widget-icon-box\" data-id=\"7180a05\" data-element_type=\"widget\" data-widget_type=\"icon-box.default\">\n\t\t\t\t<div class=\"elementor-widget-container\">\n\t\t\t<link rel=\"stylesheet\" href=\"https:\/\/filhosdaterra.org\/wp-content\/uploads\/elementor\/css\/custom-widget-icon-box.min.css?ver=1776691859\">\t\t<div class=\"elementor-icon-box-wrapper\">\n\t\t\t\t\t\t<div class=\"elementor-icon-box-content\">\n\t\t\t\t<h5 class=\"elementor-icon-box-title\">\n\t\t\t\t\t<span  >\n\t\t\t\t\t\tAng\u00e9lica Madeira\u200b\t\t\t\t\t<\/span>\n\t\t\t\t<\/h5>\n\t\t\t\t\t\t\t\t\t<p class=\"elementor-icon-box-description\">\n\t\t\t\t\t\tPesquisadora\t\t\t\t\t<\/p>\n\t\t\t\t\t\t\t<\/div>\n\t\t<\/div>\n\t\t\t\t<\/div>\n\t\t\t\t<\/div>\n\t\t\t\t\t<\/div>\n\t\t<\/div>\n\t\t\t\t\t\t\t<\/div>\n\t\t<\/section>\n\t\t\t\t\t\t\t<\/div>","protected":false},"excerpt":{"rendered":"<p>Construindo saberes Anota\u00e7\u00f5es de viagens Os Cadernos de Viagem do projeto Filhos da Terra s\u00e3o narrativas visuais e textuais que documentam a riqueza da cultura popular brasileira. Atrav\u00e9s de imagens, relatos e reflex\u00f5es, esses registros oferecem um panorama sens\u00edvel e profundo sobre as manifesta\u00e7\u00f5es culturais, os territ\u00f3rios e os povos que mant\u00eam vivas as tradi\u00e7\u00f5es [&hellip;]<\/p>","protected":false},"author":1,"featured_media":0,"parent":0,"menu_order":0,"comment_status":"closed","ping_status":"closed","template":"elementor_header_footer","meta":{"content-type":"","inline_featured_image":false,"footnotes":""},"acf":[],"yoast_head":"<!-- This site is optimized with the Yoast SEO plugin v22.2 - https:\/\/yoast.com\/wordpress\/plugins\/seo\/ -->\n<title>Cadernos - Filhos da Terra - Diversidade e Cultura<\/title>\n<meta name=\"robots\" content=\"index, follow, max-snippet:-1, max-image-preview:large, max-video-preview:-1\" \/>\n<link rel=\"canonical\" href=\"https:\/\/filhosdaterra.org\/en\/cadernos\/\" \/>\n<meta property=\"og:locale\" content=\"en_US\" \/>\n<meta property=\"og:type\" content=\"article\" \/>\n<meta property=\"og:title\" content=\"Cadernos - Filhos da Terra - Diversidade e Cultura\" \/>\n<meta property=\"og:description\" content=\"Construindo saberes Anota\u00e7\u00f5es de viagens Os Cadernos de Viagem do projeto Filhos da Terra s\u00e3o narrativas visuais e textuais que documentam a riqueza da cultura popular brasileira. Atrav\u00e9s de imagens, relatos e reflex\u00f5es, esses registros oferecem um panorama sens\u00edvel e profundo sobre as manifesta\u00e7\u00f5es culturais, os territ\u00f3rios e os povos que mant\u00eam vivas as tradi\u00e7\u00f5es [&hellip;]\" \/>\n<meta property=\"og:url\" content=\"https:\/\/filhosdaterra.org\/en\/cadernos\/\" \/>\n<meta property=\"og:site_name\" content=\"Filhos da Terra - Diversidade e Cultura\" \/>\n<meta property=\"article:modified_time\" content=\"2025-11-27T20:54:45+00:00\" \/>\n<meta property=\"og:image\" content=\"https:\/\/filhosdaterra.org\/wp-content\/uploads\/2025\/10\/1.png\" \/>\n<meta name=\"twitter:card\" content=\"summary_large_image\" \/>\n<meta name=\"twitter:label1\" content=\"Est. reading time\" \/>\n\t<meta name=\"twitter:data1\" content=\"5 minutes\" \/>\n<script type=\"application\/ld+json\" class=\"yoast-schema-graph\">{\"@context\":\"https:\/\/schema.org\",\"@graph\":[{\"@type\":\"WebPage\",\"@id\":\"https:\/\/filhosdaterra.org\/cadernos\/\",\"url\":\"https:\/\/filhosdaterra.org\/cadernos\/\",\"name\":\"Cadernos - Filhos da Terra - Diversidade e Cultura\",\"isPartOf\":{\"@id\":\"https:\/\/filhosdaterra.org\/#website\"},\"primaryImageOfPage\":{\"@id\":\"https:\/\/filhosdaterra.org\/cadernos\/#primaryimage\"},\"image\":{\"@id\":\"https:\/\/filhosdaterra.org\/cadernos\/#primaryimage\"},\"thumbnailUrl\":\"https:\/\/filhosdaterra.org\/wp-content\/uploads\/2025\/10\/1.png\",\"datePublished\":\"2022-08-17T11:56:06+00:00\",\"dateModified\":\"2025-11-27T20:54:45+00:00\",\"breadcrumb\":{\"@id\":\"https:\/\/filhosdaterra.org\/cadernos\/#breadcrumb\"},\"inLanguage\":\"en-US\",\"potentialAction\":[{\"@type\":\"ReadAction\",\"target\":[\"https:\/\/filhosdaterra.org\/cadernos\/\"]}]},{\"@type\":\"ImageObject\",\"inLanguage\":\"en-US\",\"@id\":\"https:\/\/filhosdaterra.org\/cadernos\/#primaryimage\",\"url\":\"https:\/\/filhosdaterra.org\/wp-content\/uploads\/2025\/10\/1.png\",\"contentUrl\":\"https:\/\/filhosdaterra.org\/wp-content\/uploads\/2025\/10\/1.png\",\"width\":2413,\"height\":1712},{\"@type\":\"BreadcrumbList\",\"@id\":\"https:\/\/filhosdaterra.org\/cadernos\/#breadcrumb\",\"itemListElement\":[{\"@type\":\"ListItem\",\"position\":1,\"name\":\"In\u00edcio\",\"item\":\"https:\/\/filhosdaterra.org\/\"},{\"@type\":\"ListItem\",\"position\":2,\"name\":\"Cadernos\"}]},{\"@type\":\"WebSite\",\"@id\":\"https:\/\/filhosdaterra.org\/#website\",\"url\":\"https:\/\/filhosdaterra.org\/\",\"name\":\"Filhos da Terra - Diversidade e Cultura\",\"description\":\"O projeto busca documentar e mostrar ao Brasil quem \u00e9 o povo brasileiro, como s\u00e3o suas festas e celebra\u00e7\u00f5es.\",\"publisher\":{\"@id\":\"https:\/\/filhosdaterra.org\/#organization\"},\"potentialAction\":[{\"@type\":\"SearchAction\",\"target\":{\"@type\":\"EntryPoint\",\"urlTemplate\":\"https:\/\/filhosdaterra.org\/?s={search_term_string}\"},\"query-input\":\"required name=search_term_string\"}],\"inLanguage\":\"en-US\"},{\"@type\":\"Organization\",\"@id\":\"https:\/\/filhosdaterra.org\/#organization\",\"name\":\"Filhos da Terra - Diversidade e Cultura\",\"url\":\"https:\/\/filhosdaterra.org\/\",\"logo\":{\"@type\":\"ImageObject\",\"inLanguage\":\"en-US\",\"@id\":\"https:\/\/filhosdaterra.org\/#\/schema\/logo\/image\/\",\"url\":\"https:\/\/filhosdaterra.org\/wp-content\/uploads\/2022\/08\/logo-filhos-da-terra.png\",\"contentUrl\":\"https:\/\/filhosdaterra.org\/wp-content\/uploads\/2022\/08\/logo-filhos-da-terra.png\",\"width\":600,\"height\":517,\"caption\":\"Filhos da Terra - Diversidade e Cultura\"},\"image\":{\"@id\":\"https:\/\/filhosdaterra.org\/#\/schema\/logo\/image\/\"}}]}<\/script>\n<!-- \/ Yoast SEO plugin. -->","yoast_head_json":{"title":"Cadernos - Filhos da Terra - Diversidade e Cultura","robots":{"index":"index","follow":"follow","max-snippet":"max-snippet:-1","max-image-preview":"max-image-preview:large","max-video-preview":"max-video-preview:-1"},"canonical":"https:\/\/filhosdaterra.org\/en\/cadernos\/","og_locale":"en_US","og_type":"article","og_title":"Cadernos - Filhos da Terra - Diversidade e Cultura","og_description":"Construindo saberes Anota\u00e7\u00f5es de viagens Os Cadernos de Viagem do projeto Filhos da Terra s\u00e3o narrativas visuais e textuais que documentam a riqueza da cultura popular brasileira. Atrav\u00e9s de imagens, relatos e reflex\u00f5es, esses registros oferecem um panorama sens\u00edvel e profundo sobre as manifesta\u00e7\u00f5es culturais, os territ\u00f3rios e os povos que mant\u00eam vivas as tradi\u00e7\u00f5es [&hellip;]","og_url":"https:\/\/filhosdaterra.org\/en\/cadernos\/","og_site_name":"Filhos da Terra - Diversidade e Cultura","article_modified_time":"2025-11-27T20:54:45+00:00","og_image":[{"url":"https:\/\/filhosdaterra.org\/wp-content\/uploads\/2025\/10\/1.png"}],"twitter_card":"summary_large_image","twitter_misc":{"Est. reading time":"5 minutes"},"schema":{"@context":"https:\/\/schema.org","@graph":[{"@type":"WebPage","@id":"https:\/\/filhosdaterra.org\/cadernos\/","url":"https:\/\/filhosdaterra.org\/cadernos\/","name":"Cadernos - Filhos da Terra - Diversidade e Cultura","isPartOf":{"@id":"https:\/\/filhosdaterra.org\/#website"},"primaryImageOfPage":{"@id":"https:\/\/filhosdaterra.org\/cadernos\/#primaryimage"},"image":{"@id":"https:\/\/filhosdaterra.org\/cadernos\/#primaryimage"},"thumbnailUrl":"https:\/\/filhosdaterra.org\/wp-content\/uploads\/2025\/10\/1.png","datePublished":"2022-08-17T11:56:06+00:00","dateModified":"2025-11-27T20:54:45+00:00","breadcrumb":{"@id":"https:\/\/filhosdaterra.org\/cadernos\/#breadcrumb"},"inLanguage":"en-US","potentialAction":[{"@type":"ReadAction","target":["https:\/\/filhosdaterra.org\/cadernos\/"]}]},{"@type":"ImageObject","inLanguage":"en-US","@id":"https:\/\/filhosdaterra.org\/cadernos\/#primaryimage","url":"https:\/\/filhosdaterra.org\/wp-content\/uploads\/2025\/10\/1.png","contentUrl":"https:\/\/filhosdaterra.org\/wp-content\/uploads\/2025\/10\/1.png","width":2413,"height":1712},{"@type":"BreadcrumbList","@id":"https:\/\/filhosdaterra.org\/cadernos\/#breadcrumb","itemListElement":[{"@type":"ListItem","position":1,"name":"In\u00edcio","item":"https:\/\/filhosdaterra.org\/"},{"@type":"ListItem","position":2,"name":"Cadernos"}]},{"@type":"WebSite","@id":"https:\/\/filhosdaterra.org\/#website","url":"https:\/\/filhosdaterra.org\/","name":"Filhos da Terra - Diversidade e Cultura","description":"O projeto busca documentar e mostrar ao Brasil quem \u00e9 o povo brasileiro, como s\u00e3o suas festas e celebra\u00e7\u00f5es.","publisher":{"@id":"https:\/\/filhosdaterra.org\/#organization"},"potentialAction":[{"@type":"SearchAction","target":{"@type":"EntryPoint","urlTemplate":"https:\/\/filhosdaterra.org\/?s={search_term_string}"},"query-input":"required name=search_term_string"}],"inLanguage":"en-US"},{"@type":"Organization","@id":"https:\/\/filhosdaterra.org\/#organization","name":"Filhos da Terra - Diversidade e Cultura","url":"https:\/\/filhosdaterra.org\/","logo":{"@type":"ImageObject","inLanguage":"en-US","@id":"https:\/\/filhosdaterra.org\/#\/schema\/logo\/image\/","url":"https:\/\/filhosdaterra.org\/wp-content\/uploads\/2022\/08\/logo-filhos-da-terra.png","contentUrl":"https:\/\/filhosdaterra.org\/wp-content\/uploads\/2022\/08\/logo-filhos-da-terra.png","width":600,"height":517,"caption":"Filhos da Terra - Diversidade e Cultura"},"image":{"@id":"https:\/\/filhosdaterra.org\/#\/schema\/logo\/image\/"}}]}},"_links":{"self":[{"href":"https:\/\/filhosdaterra.org\/en\/wp-json\/wp\/v2\/pages\/12"}],"collection":[{"href":"https:\/\/filhosdaterra.org\/en\/wp-json\/wp\/v2\/pages"}],"about":[{"href":"https:\/\/filhosdaterra.org\/en\/wp-json\/wp\/v2\/types\/page"}],"author":[{"embeddable":true,"href":"https:\/\/filhosdaterra.org\/en\/wp-json\/wp\/v2\/users\/1"}],"replies":[{"embeddable":true,"href":"https:\/\/filhosdaterra.org\/en\/wp-json\/wp\/v2\/comments?post=12"}],"version-history":[{"count":136,"href":"https:\/\/filhosdaterra.org\/en\/wp-json\/wp\/v2\/pages\/12\/revisions"}],"predecessor-version":[{"id":6095,"href":"https:\/\/filhosdaterra.org\/en\/wp-json\/wp\/v2\/pages\/12\/revisions\/6095"}],"wp:attachment":[{"href":"https:\/\/filhosdaterra.org\/en\/wp-json\/wp\/v2\/media?parent=12"}],"curies":[{"name":"wp","href":"https:\/\/api.w.org\/{rel}","templated":true}]}}